{"id":974,"date":"2010-10-25T19:21:47","date_gmt":"2010-10-25T18:21:47","guid":{"rendered":"http:\/\/smdesevilla.com\/principal\/?page_id=974"},"modified":"2026-03-16T22:06:55","modified_gmt":"2026-03-16T21:06:55","slug":"2010-2011","status":"publish","type":"page","link":"https:\/\/smdesevilla.com\/principal\/trayectori\/2010-2011\/","title":{"rendered":"2010-2011"},"content":{"rendered":"<h3><a href=\"?page_id=982\" target=\"_self\" rel=\"noopener\">La m\u00fasica barroca para coro conservada en los libros de la Catedral de Sevilla<\/a><\/h3>\n<p>Coro de la Sociedad Musical de Sevilla<br \/>\nMiguel \u00c1ngel Garc\u00eda, \u00f3rgano<br \/>\nLixsania Fern\u00e1ndez, viola da gamba<br \/>\nM\u00aa Carmen Jim\u00e9nez Molina, tiorba<br \/>\nLuis Castillo, baj\u00f3n<\/p>\n<p>Israel S\u00e1nchez L\u00f3pez, director<\/p>\n<p>Conciertos 4 y 19 de noviembre de 2010<\/p>\n<p>Iglesia de la Anunciaci\u00f3n (Sevilla)<br \/>\nIglesia de Montilla (C\u00f3rdoba)<\/p>\n<h3><a href=\"?page_id=966\" target=\"_self\" rel=\"noopener\">EL MES\u00cdAS PARTICIPATIVO 2010<\/a><\/h3>\n<p>Real Orquesta Sinf\u00f3nica de Sevilla<br \/>\nThe King&#8217;s Consort<\/p>\n<p>Claire Debono, soprano<br \/>\nHilary Summers, contralto<br \/>\nJoshua Ellicott, tenor<br \/>\nDavid Wilson-Johnson, bajo<\/p>\n<p>Camerata Vocal Concertante<br \/>\nCoro del Ateneo de Sevilla<br \/>\nCoro de la Universidad de Huelva<br \/>\nOrfe\u00f3n Portuense de C\u00e1diz<br \/>\nSociedad Musical de Sevilla \u2013 Participantes individuales<\/p>\n<p>Robert King, director<\/p>\n<p>Conciertos 22 y 23 de diciembre de 2010<\/p>\n<p>Teatro de la Maestranza de Sevilla<\/p>\n<h3><a href=\"?page_id=5688\" target=\"_self\" rel=\"noopener\">VICTORIA \u00b7 OFFICIUM DEFUNCTORUM<\/a><\/h3>\n<p>Coro de la Sociedad Musical de Sevilla<br \/>\nIsrael S\u00e1nchez L\u00f3pez, director<\/p>\n<p>Conciertos<\/p>\n<p>5 de marzo de 2011 \u00b7 Iglesia de San Mart\u00edn (Hermandad de La Lanzada)<br \/>\n16 de marzo de 2011 \u00b7 Conferencia-Concierto \u00b7 Iglesia de San Alberto Magno<br \/>\n20 de marzo de 2011 \u00b7 FeMas 2011 \u00b7 Iglesia de San Alberto Magno<br \/>\n15 de junio de 2011 \u00b7 II Festival Coral del Coro Manuel de Falla \u00b7 Claustro del Conservatorio Superior de M\u00fasica de Sevilla<\/p>\n","protected":false},"excerpt":{"rendered":"<p>La m\u00fasica barroca para coro conservada en los libros de la Catedral de Sevilla Coro de la Sociedad Musical de Sevilla Miguel \u00c1ngel Garc\u00eda, \u00f3rgano Lixsania Fern\u00e1ndez, viola da gamba M\u00aa Carmen Jim\u00e9nez Molina, tiorba Luis Castillo, baj\u00f3n Israel S\u00e1nchez L\u00f3pez, director Conciertos 4 y 19 de noviembre de 2010 Iglesia de la Anunciaci\u00f3n (Sevilla) [&hellip;]<\/p>\n","protected":false},"author":1,"featured_media":6198,"parent":33,"menu_order":10,"comment_status":"closed","ping_status":"open","template":"page-3-2","meta":{"_price":"","_stock":"","_tribe_ticket_header":"","_tribe_default_ticket_provider":"TEC\\Tickets\\Commerce\\Module","_tribe_ticket_capacity":"0","_ticket_start_date":"","_ticket_end_date":"","_tribe_ticket_show_description":"","_tribe_ticket_show_not_going":false,"_tribe_ticket_use_global_stock":"","_tribe_ticket_global_stock_level":"","_global_stock_mode":"","_global_stock_cap":"","_tribe_rsvp_for_event":"","_tribe_ticket_going_count":"","_tribe_ticket_not_going_count":"","_tribe_tickets_list":"[]","_tribe_ticket_has_attendee_info_fields":false,"footnotes":"","_tec_slr_enabled":"","_tec_slr_layout":""},"class_list":["post-974","page","type-page","status-publish","has-post-thumbnail","hentry"],"aioseo_notices":[],"ticketed":false,"_links":{"self":[{"href":"https:\/\/smdesevilla.com\/principal\/wp-json\/wp\/v2\/pages\/974","targetHints":{"allow":["GET"]}}],"collection":[{"href":"https:\/\/smdesevilla.com\/principal\/wp-json\/wp\/v2\/pages"}],"about":[{"href":"https:\/\/smdesevilla.com\/principal\/wp-json\/wp\/v2\/types\/page"}],"author":[{"embeddable":true,"href":"https:\/\/smdesevilla.com\/principal\/wp-json\/wp\/v2\/users\/1"}],"replies":[{"embeddable":true,"href":"https:\/\/smdesevilla.com\/principal\/wp-json\/wp\/v2\/comments?post=974"}],"version-history":[{"count":2,"href":"https:\/\/smdesevilla.com\/principal\/wp-json\/wp\/v2\/pages\/974\/revisions"}],"predecessor-version":[{"id":13019,"href":"https:\/\/smdesevilla.com\/principal\/wp-json\/wp\/v2\/pages\/974\/revisions\/13019"}],"up":[{"embeddable":true,"href":"https:\/\/smdesevilla.com\/principal\/wp-json\/wp\/v2\/pages\/33"}],"wp:featuredmedia":[{"embeddable":true,"href":"https:\/\/smdesevilla.com\/principal\/wp-json\/wp\/v2\/media\/6198"}],"wp:attachment":[{"href":"https:\/\/smdesevilla.com\/principal\/wp-json\/wp\/v2\/media?parent=974"}],"curies":[{"name":"wp","href":"https:\/\/api.w.org\/{rel}","templated":true}]}}