{"id":941,"date":"2010-10-24T23:04:17","date_gmt":"2010-10-24T22:04:17","guid":{"rendered":"http:\/\/smdesevilla.com\/principal\/?page_id=941"},"modified":"2026-03-16T22:06:54","modified_gmt":"2026-03-16T21:06:54","slug":"la-musica-barroca-para-coro-conservada-en-los-libros-de-la-catedral-de-sevilla","status":"publish","type":"page","link":"https:\/\/smdesevilla.com\/principal\/trayectori\/2009-2010\/la-musica-barroca-para-coro-conservada-en-los-libros-de-la-catedral-de-sevilla\/","title":{"rendered":"Sevilla y el barroco"},"content":{"rendered":"<h3>La m\u00fasica barroca para coro conservada en los libros de la Catedral de Sevilla<\/h3>\n<p>Coro de la Sociedad Musical de Sevilla<br \/>\nDirector Israel S\u00e1nchez L\u00f3pez<\/p>\n<p>18 de diciembre de 2009 \u00b7 Iglesia de Nuestra Se\u00f1ora de Gracia, Gelves (Sevilla)<br \/>\n19 de diciembre de 2009\u00b7 Iglesia de Santiago, Utrera (Sevilla)<br \/>\n20 de diciembre de 2009 \u00b7 Parroquia Mayor de Santa Cruz, \u00c9cija (Sevilla)<br \/>\n13 de febrero de 2010 \u00b7 Palacio de Congresos, La L\u00ednea de la Concepci\u00f3n (C\u00e1diz)<br \/>\n21 de marzo de 2010 \u00b7 FeMAS 2010 \u00b7 Monasterio de San Clemente (Sevilla)<\/p>\n<p>Con la colaboraci\u00f3n de Miguel \u00c1ngel Garc\u00eda, \u00f3rgano, Lixsania Fern\u00e1ndez, viola da gamba, M\u00aa Carmen Jim\u00e9nez Molina, tiorba, y Luis Castillo, baj\u00f3n.<\/p>\n<p>I<\/p>\n<p>Alonso Lobo (c.1555-1617) [1604-1617]\nHimno a San Hermenegildo<\/p>\n<p>Gaspar de \u00dabeda [1719-1724]\nHimno a San Jos\u00e9<\/p>\n<p>Alonso Lobo<br \/>\nHimno a las Santas Justa y Rufina<\/p>\n<p>Francisco de Peraza (1564-1598)<br \/>\nObra de medio registro alto de primer tono, para \u00f3rgano<\/p>\n<p>Pedro Rabassa (1683-1767) [1724-1767]\nHimno a Santa Isabel, reina de Portugal<\/p>\n<p>Francisco de Santiago [1617-1643]\nHimno para la fiesta de la corona de espinas <span style=\"background-color: #182068;\"><span style=\"color: #ffffff;\">\u00a0AUDIO\u00a0<\/span><\/span><\/p>\n<p>Gabriel de Villarreal [1666-1684]\nStabat Mater<\/p>\n<p>II<\/p>\n<p>Jos\u00e9 de Nebra y Blasco (1702-1768)<br \/>\nBatalla de clarines, para \u00f3rgano<\/p>\n<p>Alonso Xu\u00e1rez [1657-1684]\nTranseunte Domino (ant\u00edfona)<br \/>\nExiit qui seminat (motete)<br \/>\nIte et vos (ant\u00edfona)<\/p>\n<p>Francisco Correa de Arauxo (1584-1654)<br \/>\nTiento de quinto tono n\u00ba5 (Alcal\u00e1, 1626), para \u00f3rgano<\/p>\n<p>Diego Jos\u00e9 de Salazar (1659-1709) [1685-1709]\nGaude Maria Virgo (motete a la Encarnaci\u00f3n)<br \/>\nIn ferventis olei (motete a San Juan)<br \/>\nFactum est praelium (motete al arc\u00e1ngel San Miguel)<\/p>\n[Los versos de \u00f3rgano que se interpretan en los himnos son de Antonio de Cabez\u00f3n (1510-1566)]\n[Entre corchetes figuran las fechas en que los compositores trabajaron para la S. I. Catedral de Sevilla]\n","protected":false},"excerpt":{"rendered":"<p>La m\u00fasica barroca para coro conservada en los libros de la Catedral de Sevilla Coro de la Sociedad Musical de Sevilla Director Israel S\u00e1nchez L\u00f3pez 18 de diciembre de 2009 \u00b7 Iglesia de Nuestra Se\u00f1ora de Gracia, Gelves (Sevilla) 19 de diciembre de 2009\u00b7 Iglesia de Santiago, Utrera (Sevilla) 20 de diciembre de 2009 \u00b7 [&hellip;]<\/p>\n","protected":false},"author":1,"featured_media":6013,"parent":686,"menu_order":0,"comment_status":"closed","ping_status":"open","template":"page-3-2","meta":{"_price":"","_stock":"","_tribe_ticket_header":"","_tribe_default_ticket_provider":"TEC\\Tickets\\Commerce\\Module","_tribe_ticket_capacity":"0","_ticket_start_date":"","_ticket_end_date":"","_tribe_ticket_show_description":"","_tribe_ticket_show_not_going":false,"_tribe_ticket_use_global_stock":"","_tribe_ticket_global_stock_level":"","_global_stock_mode":"","_global_stock_cap":"","_tribe_rsvp_for_event":"","_tribe_ticket_going_count":"","_tribe_ticket_not_going_count":"","_tribe_tickets_list":"[]","_tribe_ticket_has_attendee_info_fields":false,"footnotes":"","_tec_slr_enabled":"","_tec_slr_layout":""},"class_list":["post-941","page","type-page","status-publish","has-post-thumbnail","hentry"],"aioseo_notices":[],"ticketed":false,"_links":{"self":[{"href":"https:\/\/smdesevilla.com\/principal\/wp-json\/wp\/v2\/pages\/941","targetHints":{"allow":["GET"]}}],"collection":[{"href":"https:\/\/smdesevilla.com\/principal\/wp-json\/wp\/v2\/pages"}],"about":[{"href":"https:\/\/smdesevilla.com\/principal\/wp-json\/wp\/v2\/types\/page"}],"author":[{"embeddable":true,"href":"https:\/\/smdesevilla.com\/principal\/wp-json\/wp\/v2\/users\/1"}],"replies":[{"embeddable":true,"href":"https:\/\/smdesevilla.com\/principal\/wp-json\/wp\/v2\/comments?post=941"}],"version-history":[{"count":2,"href":"https:\/\/smdesevilla.com\/principal\/wp-json\/wp\/v2\/pages\/941\/revisions"}],"predecessor-version":[{"id":12988,"href":"https:\/\/smdesevilla.com\/principal\/wp-json\/wp\/v2\/pages\/941\/revisions\/12988"}],"up":[{"embeddable":true,"href":"https:\/\/smdesevilla.com\/principal\/wp-json\/wp\/v2\/pages\/686"}],"wp:featuredmedia":[{"embeddable":true,"href":"https:\/\/smdesevilla.com\/principal\/wp-json\/wp\/v2\/media\/6013"}],"wp:attachment":[{"href":"https:\/\/smdesevilla.com\/principal\/wp-json\/wp\/v2\/media?parent=941"}],"curies":[{"name":"wp","href":"https:\/\/api.w.org\/{rel}","templated":true}]}}