{"id":7653,"date":"2017-01-27T19:39:56","date_gmt":"2017-01-27T18:39:56","guid":{"rendered":"http:\/\/smdesevilla.com\/principal\/?page_id=7653"},"modified":"2026-03-16T22:06:57","modified_gmt":"2026-03-16T21:06:57","slug":"kristnasko","status":"publish","type":"page","link":"https:\/\/smdesevilla.com\/principal\/trayectori\/2014-2015\/kristnasko\/","title":{"rendered":"Kristnasko"},"content":{"rendered":"<p>Domingo 21 de junio de 2015<br \/>\n12.30 horas<br \/>\nSala Joaqu\u00edn Turina (Calle Lara\u00f1a n\u00ba 4).<\/p>\n<p>Concierto D\u00eda de la M\u00fasica<\/p>\n<p>Coro de la Sociedad Musical de Sevilla<br \/>\nGabriel D\u00edaz, director<\/p>\n<h5><strong>PROGRAMA<\/strong><\/h5>\n<p><strong>Lucas Osiander<\/strong> (1534-1604) <em>Christum wir sollen loben schon<\/em><br \/>\n<strong>Zolt\u00e1n Kodaly<\/strong> (1882-1967) <em>Adventi Enek<\/em>: <em>Veni, veni, Emmanuel<\/em><br \/>\n<strong>Igor Stravinski<\/strong> (1882-1971)<em> Pater Noster<\/em><br \/>\n<strong>John Tavener<\/strong> (1944-2013)<em> The Lamb<\/em><br \/>\n<strong>Morten Lauridsen<\/strong> (1943-) <em>O Magnum Mysterium<\/em> + <em>O Nata Lux<\/em><br \/>\n<strong>Franz Biebl<\/strong> (1906-2001) <em>Ave Maria<\/em><br \/>\n<strong>Eric Whitacre<\/strong> (1970-) <em>Lux Aurumque<\/em><br \/>\n<strong>Arvo P\u00e4rt<\/strong> (1935-)<em> Morning Star<\/em><br \/>\n<strong>Ola Gjeilo<\/strong> (1978-)<em> Northern Lights<\/em><br \/>\n<strong>Michael Praetorius<\/strong> (1571-1621) <em>Es ist ein Ros entsprungen<\/em><\/p>\n","protected":false},"excerpt":{"rendered":"<p>Domingo 21 de junio de 2015 12.30 horas Sala Joaqu\u00edn Turina (Calle Lara\u00f1a n\u00ba 4). Concierto D\u00eda de la M\u00fasica Coro de la Sociedad Musical de Sevilla Gabriel D\u00edaz, director PROGRAMA Lucas Osiander (1534-1604) Christum wir sollen loben schon Zolt\u00e1n Kodaly (1882-1967) Adventi Enek: Veni, veni, Emmanuel Igor Stravinski (1882-1971) Pater Noster John Tavener (1944-2013) [&hellip;]<\/p>\n","protected":false},"author":1,"featured_media":6808,"parent":5895,"menu_order":40,"comment_status":"closed","ping_status":"closed","template":"page-3-2","meta":{"_price":"","_stock":"","_tribe_ticket_header":"","_tribe_default_ticket_provider":"","_tribe_ticket_capacity":"0","_ticket_start_date":"","_ticket_end_date":"","_tribe_ticket_show_description":"","_tribe_ticket_show_not_going":false,"_tribe_ticket_use_global_stock":"","_tribe_ticket_global_stock_level":"","_global_stock_mode":"","_global_stock_cap":"","_tribe_rsvp_for_event":"","_tribe_ticket_going_count":"","_tribe_ticket_not_going_count":"","_tribe_tickets_list":"[]","_tribe_ticket_has_attendee_info_fields":false,"footnotes":"","_tec_slr_enabled":"","_tec_slr_layout":""},"class_list":["post-7653","page","type-page","status-publish","has-post-thumbnail","hentry"],"aioseo_notices":[],"ticketed":false,"_links":{"self":[{"href":"https:\/\/smdesevilla.com\/principal\/wp-json\/wp\/v2\/pages\/7653","targetHints":{"allow":["GET"]}}],"collection":[{"href":"https:\/\/smdesevilla.com\/principal\/wp-json\/wp\/v2\/pages"}],"about":[{"href":"https:\/\/smdesevilla.com\/principal\/wp-json\/wp\/v2\/types\/page"}],"author":[{"embeddable":true,"href":"https:\/\/smdesevilla.com\/principal\/wp-json\/wp\/v2\/users\/1"}],"replies":[{"embeddable":true,"href":"https:\/\/smdesevilla.com\/principal\/wp-json\/wp\/v2\/comments?post=7653"}],"version-history":[{"count":1,"href":"https:\/\/smdesevilla.com\/principal\/wp-json\/wp\/v2\/pages\/7653\/revisions"}],"predecessor-version":[{"id":14344,"href":"https:\/\/smdesevilla.com\/principal\/wp-json\/wp\/v2\/pages\/7653\/revisions\/14344"}],"up":[{"embeddable":true,"href":"https:\/\/smdesevilla.com\/principal\/wp-json\/wp\/v2\/pages\/5895"}],"wp:featuredmedia":[{"embeddable":true,"href":"https:\/\/smdesevilla.com\/principal\/wp-json\/wp\/v2\/media\/6808"}],"wp:attachment":[{"href":"https:\/\/smdesevilla.com\/principal\/wp-json\/wp\/v2\/media?parent=7653"}],"curies":[{"name":"wp","href":"https:\/\/api.w.org\/{rel}","templated":true}]}}