{"id":7638,"date":"2017-01-20T13:56:15","date_gmt":"2017-01-20T12:56:15","guid":{"rendered":"http:\/\/smdesevilla.com\/principal\/?page_id=7638"},"modified":"2026-03-16T22:06:57","modified_gmt":"2026-03-16T21:06:57","slug":"2015-2016","status":"publish","type":"page","link":"https:\/\/smdesevilla.com\/principal\/trayectori\/2015-2016\/","title":{"rendered":"2015-2016"},"content":{"rendered":"<h3><a href=\"?page_id=7662\" target=\"_self\" rel=\"noopener\">ENSALADAS DE MATEO FLECHA<\/a><\/h3>\n<p>Daniel Bernaza<br \/>\nManuel Pascual<br \/>\nArnau Rod\u00f3n<br \/>\n<em>Cornetas y flautas de pico<\/em><\/p>\n<p>Francisco Blay<br \/>\nCarmelo Sosa<br \/>\nRam\u00f3n Pe\u00f1aranda<br \/>\n<em>Sacabuches<\/em><\/p>\n<p>B\u00e1rbara Sela<br \/>\n<em>Baj\u00f3n<\/em><\/p>\n<p>Miguel Hern\u00e1ndez<br \/>\n<em>Violone<\/em><\/p>\n<p>Marc Clos<br \/>\n<em>Percusi\u00f3n<\/em><\/p>\n<p>Coro de la Sociedad Musical de Sevilla<\/p>\n<p>Gabriel D\u00edaz Cuesta<br \/>\n<em>Direcci\u00f3n<\/em><\/p>\n<p style=\"text-align: justify;\">Conciertos<\/p>\n<p>S\u00e1bado, 14 de noviembre de 2015 \u00b7 Bas\u00edlica del Sant\u00edsimo Cristo de la Expiraci\u00f3n (El Cachorro)<br \/>\nDomingo, 15 de noviembre de 2015 \u00b7 Iglesia de San Alberto (Padres Filipenses)<\/p>\n<h3><a href=\"?page_id=7666\" target=\"_self\" rel=\"noopener\">EL MES\u00cdAS PARTICIPATIVO<\/a><\/h3>\n<p>Real Orquesta Sinf\u00f3nica de Sevilla<\/p>\n<p>Dunedin Consort<\/p>\n<p>Camerata Vocal Concertante<br \/>\nCoral \u00c1ngel de Urcelay<br \/>\nCoro An Die Musik<br \/>\nCoro de la Sociedad Musical de Sevilla<br \/>\nCoro de la Universidad de Huelva<br \/>\nCoro del Ateneo de Sevilla<br \/>\nCoro Manuel de Falla<br \/>\nOrfe\u00f3n Portuense<br \/>\nOrfe\u00f3n Virgen de la Escalera de Rota<\/p>\n<p>Mhairi Lawson, <em>soprano<br \/>\n<\/em>Rowan Hellier, <em>alto<br \/>\n<\/em>Matthew Long, <em>tenor<br \/>\n<\/em>Jacques Imbrailo, <em>bajo<\/em><\/p>\n<p>John Butt, Director<\/p>\n<p>Conciertos<\/p>\n<p>17 y 18 de diciembre de 2015<br \/>\nTeatro de la Maestranza<\/p>\n<h3><a href=\"?page_id=7669\" target=\"_self\" rel=\"noopener\">PASSIO<\/a><\/h3>\n<p>Raquel Batalloso, viol\u00edn<br \/>\nM\u00aa Pilar S\u00e1nchez, oboe<br \/>\nSasha Louise Crisan, violonchelo<br \/>\nJos\u00e9 Arsenio Rueda, fagot<br \/>\nAlfonso Sebasti\u00e1n, \u00f3rgano<\/p>\n<p>Javier Cuevas, bajo<br \/>\nIsrael Moreno, tenor<\/p>\n<p>Coro de la Sociedad Musical de Sevilla<\/p>\n<p>Pedro Teixeira, director<\/p>\n<p>Conciertos<\/p>\n<p>12 y 13 de marzo de 2016 \u00b7 Parroquia de San Carlos Borromeo<br \/>\n13 de marzo de 2016 \u00b7 Iglesia de San Alberto de los PP. Filipenses<\/p>\n<h3><a href=\"?page_id=7672\" target=\"_self\" rel=\"noopener\">TALLER CON RA\u00daL MALLAVIBARRENA<\/a><\/h3>\n<p>7 y 8, 14 y 15 de mayo de 2016<br \/>\nCentro C\u00edvico \u00abTejar del Mellizo\u00bb<\/p>\n","protected":false},"excerpt":{"rendered":"<p>ENSALADAS DE MATEO FLECHA Daniel Bernaza Manuel Pascual Arnau Rod\u00f3n Cornetas y flautas de pico Francisco Blay Carmelo Sosa Ram\u00f3n Pe\u00f1aranda Sacabuches B\u00e1rbara Sela Baj\u00f3n Miguel Hern\u00e1ndez Violone Marc Clos Percusi\u00f3n Coro de la Sociedad Musical de Sevilla Gabriel D\u00edaz Cuesta Direcci\u00f3n Conciertos S\u00e1bado, 14 de noviembre de 2015 \u00b7 Bas\u00edlica del Sant\u00edsimo Cristo de [&hellip;]<\/p>\n","protected":false},"author":1,"featured_media":7639,"parent":33,"menu_order":1516,"comment_status":"closed","ping_status":"closed","template":"page-3-2","meta":{"_price":"","_stock":"","_tribe_ticket_header":"","_tribe_default_ticket_provider":"TEC\\Tickets\\Commerce\\Module","_tribe_ticket_capacity":"0","_ticket_start_date":"","_ticket_end_date":"","_tribe_ticket_show_description":"","_tribe_ticket_show_not_going":false,"_tribe_ticket_use_global_stock":"","_tribe_ticket_global_stock_level":"","_global_stock_mode":"","_global_stock_cap":"","_tribe_rsvp_for_event":"","_tribe_ticket_going_count":"","_tribe_ticket_not_going_count":"","_tribe_tickets_list":"[]","_tribe_ticket_has_attendee_info_fields":false,"footnotes":"","_tec_slr_enabled":"","_tec_slr_layout":""},"class_list":["post-7638","page","type-page","status-publish","has-post-thumbnail","hentry"],"aioseo_notices":[],"ticketed":false,"_links":{"self":[{"href":"https:\/\/smdesevilla.com\/principal\/wp-json\/wp\/v2\/pages\/7638","targetHints":{"allow":["GET"]}}],"collection":[{"href":"https:\/\/smdesevilla.com\/principal\/wp-json\/wp\/v2\/pages"}],"about":[{"href":"https:\/\/smdesevilla.com\/principal\/wp-json\/wp\/v2\/types\/page"}],"author":[{"embeddable":true,"href":"https:\/\/smdesevilla.com\/principal\/wp-json\/wp\/v2\/users\/1"}],"replies":[{"embeddable":true,"href":"https:\/\/smdesevilla.com\/principal\/wp-json\/wp\/v2\/comments?post=7638"}],"version-history":[{"count":2,"href":"https:\/\/smdesevilla.com\/principal\/wp-json\/wp\/v2\/pages\/7638\/revisions"}],"predecessor-version":[{"id":13060,"href":"https:\/\/smdesevilla.com\/principal\/wp-json\/wp\/v2\/pages\/7638\/revisions\/13060"}],"up":[{"embeddable":true,"href":"https:\/\/smdesevilla.com\/principal\/wp-json\/wp\/v2\/pages\/33"}],"wp:featuredmedia":[{"embeddable":true,"href":"https:\/\/smdesevilla.com\/principal\/wp-json\/wp\/v2\/media\/7639"}],"wp:attachment":[{"href":"https:\/\/smdesevilla.com\/principal\/wp-json\/wp\/v2\/media?parent=7638"}],"curies":[{"name":"wp","href":"https:\/\/api.w.org\/{rel}","templated":true}]}}