{"id":7551,"date":"2017-01-13T14:44:14","date_gmt":"2017-01-13T13:44:14","guid":{"rendered":"http:\/\/smdesevilla.com\/principal\/?p=7551"},"modified":"2026-03-16T22:06:58","modified_gmt":"2026-03-16T21:06:58","slug":"taller-con-lionel-meunier","status":"publish","type":"page","link":"https:\/\/smdesevilla.com\/principal\/trayectori\/2016-2017\/taller-con-lionel-meunier\/","title":{"rendered":"Taller con Lionel Meunier"},"content":{"rendered":"<p style=\"text-align: justify;\">La Sociedad Musical de Sevilla prosigue sus actividades formativas y did\u00e1cticas de car\u00e1cter abierto, como continuaci\u00f3n a los Ciclos de Conferencias (cursos de libre configuraci\u00f3n de la Universidad de Sevilla) de 2010 y 2011, a los Cursos de Direcci\u00f3n Coral realizados en a\u00f1os precedentes y al Ciclo de Talleres iniciado en 2011, con Alonso G\u00f3mez Gallego, los dos realizados en 2012 con Jorge Enrique Garc\u00eda y Martin Schmidt, en 2013 y 2015 con Gabriel D\u00edaz, en 2014 con Israel Moreno y en 2016 con Ra\u00fal Mallavibarrena.<\/p>\n<p style=\"text-align: justify;\">En esta ocasi\u00f3n, el director ser\u00e1 el prestigioso director franc\u00e9s <strong>Lionel Meunier,<\/strong> fundador y director del grupo <em>Vox Luminis<\/em>.<\/p>\n<p style=\"text-align: justify;\">La Sociedad Musical de Sevilla invita a todos los interesados en el canto coral a participar en el presente taller y a disfrutar de la fant\u00e1stica experiencia coral que sin duda viviremos.<\/p>\n<p style=\"text-align: justify;\">Este taller est\u00e1 dirigido y pensado para cantantes de coro, directores, estudiantes y en general para cualquier amante del canto coral, con unos m\u00ednimos conocimientos de lenguaje musical. No obstante, el estudio previo de las partituras posibilitar\u00e1 una mayor profundizaci\u00f3n en las mismas, y por tanto, un mayor disfrute para todos.<\/p>\n<p style=\"text-align: justify;\">Debido al aforo limitado y al necesario equilibrio de cuerdas para el conveniente desarrollo de los trabajos, la SMS se reserva el derecho de selecci\u00f3n de participantes, atendiendo a criterios de formaci\u00f3n, curr\u00edculos y equilibrio de voces.<\/p>\n<p style=\"text-align: justify;\">La Sociedad Musical de Sevilla facilitar\u00e1 las partituras correspondientes tras la formalizaci\u00f3n de la matr\u00edcula, y se expedir\u00e1 un certificado de asistencia, tras la realizaci\u00f3n del Taller.<\/p>\n<hr \/>\n<div class=\"su-row\">\n<div class=\"su-column su-column-size-1-2\"><div class=\"su-column-inner su-u-clearfix su-u-trim\"><strong>LUGAR, FECHAS Y HORARIOS<\/strong><\/p>\n<p>4 y 5, 10, 11 y 12 de febrero de 2017<\/p>\n<p><strong>Centro C\u00edvico \u00abTejar del Mellizo\u00bb<\/strong><br \/>\nCalle Santa Fe, s\/n<\/p>\n<p><strong>Horario<\/strong><br \/>\ns\u00e1bados de 17.00 a 21.30 horas<br \/>\ndomingos de 10.30 a 14.00 horas<\/p>\n<p><strong>Duraci\u00f3n<\/strong><br \/>\n25 horas<\/p>\n<p><strong>Precio<\/strong><br \/>\nActivos: 80 \u20ac<br \/>\nOyentes: 25 \u20ac<br \/>\n<\/div><\/div>\n<div class=\"su-column su-column-size-1-2\"><div class=\"su-column-inner su-u-clearfix su-u-trim\"><strong>REPERTORIO<\/strong><\/p>\n<p><strong>Robert White <\/strong>(c. 1538-1574)<strong><br \/>\n<\/strong><em>Lamentations 5 vv.<\/em><\/p>\n<p><strong>Thomas Tallis <\/strong>(c. 1505 \u2013 1585)<strong><br \/>\n<\/strong><em>If Ye love me<\/em><br \/>\n<em> O Nata Lux<\/em><br \/>\n<strong><br \/>\nJohann Sebastian Bach <\/strong>(1685 \u2013 1750)<br \/>\nJesu, Meine Freude, Corales 1-3<\/p>\n<\/div><\/div>\n<\/div>\n<hr \/>\n<p><strong>Lionel Meunier<\/strong> naci\u00f3 en Clamecy, Francia, donde a muy temprana edad comenz\u00f3 su educaci\u00f3n musical estudiando solfeo, flauta dulce y trompeta. Continu\u00f3 m\u00e1s tarde en el Instituto Superior de M\u00fasica y Pedagog\u00eda de Namur, gradu\u00e1ndose en flauta dulce con las m\u00e1s altas calificaciones en el a\u00f1o 2004. Durante este tiempo fue alumno de Tatiana Babut du Maresm al tiempo que recibi\u00f3 clases magistrales de Jean Tub\u00e9ry y Hugo Reyne. Tras graduarse, estudi\u00f3 canto con Rita Dams y Peter Kooij en el Real Conservatorio de La Haya.<\/p>\n<p>Desde entonces, Lionel Meunier ha cantado con los principales ensembles europeos, tales como el <em>Collegium Vocale Gent<\/em> (P. Herreweghe), el <em>World Youth Choir<\/em>, el Coro Barroco de Amsterdam (T. Koopman), el Coro de C\u00e1mara de Namur y <em>Ex Tempore<\/em>, as\u00ed como con <em>Capella Pratensis<\/em> o el ensemble de solistas de la <em>Nederlandse Bachvereeniging<\/em>. Todas estas experiencias dieron a Meunier la oportunidad de trabajar con grandes directores como Christophe Rousset, Tonu Kaljuste, Gustav Leonhardt, Roberto Gini, Jean\u2013Claude Malgoire, Paul Dombrecht, Florian Heyerick, Rinaldo Alessandrini y Richard Egarr. Lionel Meunier contin\u00faa activo como solista, interpretando obras como la Misa en la menor de Schubert, la Pasi\u00f3n seg\u00fan San Juan de Bach, el Stabat Mater de Haydn o la Misa en do menor de Mozart, entre otras.<\/p>\n<p>Vali\u00e9ndose de su experiencia vocal, en 2004 funda el aclamado ensemble vocal <em>Vox Luminis<\/em>, que m\u00e1s adelante se convertir\u00eda en su principal proyecto musical. Desde su concepci\u00f3n, el ensemble ha sido elogiado en cada uno de sus conciertos y grabaciones, ganando n\u00fameros y prestigiosos premios tales como el <em>Diapason d\u2019Or<\/em>, el <em>Preis der Deutschen Schallplattenkritik<\/em>, el <em>CHOC<\/em> <em>de Classica<\/em> y el <em>Gramophone Editor\u2019s Choice<\/em>. Sin embargo, fue la grabaci\u00f3n de las <em>Musikalische Exequien<\/em> de Sch\u00fctz (hoy en d\u00eda considerada una referencia dentro del repertorio) la que los puso al frente del mundo coral y de la m\u00fasica antigua. En 2012, el disco gan\u00f3 el que es indiscutiblemente el premio m\u00e1s codiciado, el <em>Gramophone Recording of the Year<\/em>, junto con el \u00a0<em>Gramophone Baroque Vocal Award<\/em> y el <em>International Classical Music Award<\/em>.<\/p>\n<p>En los \u00faltimos a\u00f1os, Lionel Meunier ha sido cada vez m\u00e1s demandado por distintos ensembles europeos como prepador y director. Su acercamiento reflexivo y su pasi\u00f3n por el repertorio hist\u00f3rico y a cappella, unidos a su respeto y conocimiento de los cantantes, le permiten obtener el m\u00e1ximo de sus colaboradores. <em>Vox Luminis<\/em> es constantemente elogiado por el empaste de sus voces individuales, su exquisita afinaci\u00f3n y su claridad de sonido, que Meunier es capaz de emular con otros grupos vocales gracias a unas instintivas dotes de comunicaci\u00f3n que le permiten establecer una relaci\u00f3n de confianza con cada m\u00fasico.<\/p>\n<p>Apasionado por la pedagog\u00eda, Lionel Meunier y <em>Vox Luminis<\/em> imparten regularmente clases magistrales sobre el repertorio del Renacimiento tard\u00edo y Barroco.<\/p>\n<hr \/>\n","protected":false},"excerpt":{"rendered":"<p>La Sociedad Musical de Sevilla prosigue sus actividades formativas y did\u00e1cticas de car\u00e1cter abierto, como continuaci\u00f3n a los Ciclos de Conferencias (cursos de libre configuraci\u00f3n de la Universidad de Sevilla) de 2010 y 2011, a los Cursos de Direcci\u00f3n Coral realizados en a\u00f1os precedentes y al Ciclo de Talleres iniciado en 2011, con Alonso G\u00f3mez [&hellip;]<\/p>\n","protected":false},"author":1,"featured_media":7554,"parent":7641,"menu_order":4,"comment_status":"closed","ping_status":"open","template":"page-3-2","meta":{"_price":"","_stock":"","_tribe_ticket_header":"","_tribe_default_ticket_provider":"TEC\\Tickets\\Commerce\\Module","_tribe_ticket_capacity":"0","_ticket_start_date":"","_ticket_end_date":"","_tribe_ticket_show_description":"","_tribe_ticket_show_not_going":false,"_tribe_ticket_use_global_stock":"","_tribe_ticket_global_stock_level":"","_global_stock_mode":"","_global_stock_cap":"","_tribe_rsvp_for_event":"","_tribe_ticket_going_count":"","_tribe_ticket_not_going_count":"","_tribe_tickets_list":"[]","_tribe_ticket_has_attendee_info_fields":false,"footnotes":"","_tec_slr_enabled":"","_tec_slr_layout":""},"class_list":["post-7551","page","type-page","status-publish","has-post-thumbnail","hentry"],"aioseo_notices":[],"ticketed":false,"_links":{"self":[{"href":"https:\/\/smdesevilla.com\/principal\/wp-json\/wp\/v2\/pages\/7551","targetHints":{"allow":["GET"]}}],"collection":[{"href":"https:\/\/smdesevilla.com\/principal\/wp-json\/wp\/v2\/pages"}],"about":[{"href":"https:\/\/smdesevilla.com\/principal\/wp-json\/wp\/v2\/types\/page"}],"author":[{"embeddable":true,"href":"https:\/\/smdesevilla.com\/principal\/wp-json\/wp\/v2\/users\/1"}],"replies":[{"embeddable":true,"href":"https:\/\/smdesevilla.com\/principal\/wp-json\/wp\/v2\/comments?post=7551"}],"version-history":[{"count":6,"href":"https:\/\/smdesevilla.com\/principal\/wp-json\/wp\/v2\/pages\/7551\/revisions"}],"predecessor-version":[{"id":13064,"href":"https:\/\/smdesevilla.com\/principal\/wp-json\/wp\/v2\/pages\/7551\/revisions\/13064"}],"up":[{"embeddable":true,"href":"https:\/\/smdesevilla.com\/principal\/wp-json\/wp\/v2\/pages\/7641"}],"wp:featuredmedia":[{"embeddable":true,"href":"https:\/\/smdesevilla.com\/principal\/wp-json\/wp\/v2\/media\/7554"}],"wp:attachment":[{"href":"https:\/\/smdesevilla.com\/principal\/wp-json\/wp\/v2\/media?parent=7551"}],"curies":[{"name":"wp","href":"https:\/\/api.w.org\/{rel}","templated":true}]}}