{"id":69,"date":"2008-06-27T02:25:25","date_gmt":"2008-06-27T00:25:25","guid":{"rendered":"http:\/\/localhost\/wordpress\/?page_id=146"},"modified":"2026-03-16T22:06:53","modified_gmt":"2026-03-16T21:06:53","slug":"un-barril-de-canciones","status":"publish","type":"page","link":"https:\/\/smdesevilla.com\/principal\/trayectori\/2005-2\/un-barril-de-canciones\/","title":{"rendered":"Un barril de canciones"},"content":{"rendered":"<p>Coro de la Sociedad Musical de Sevilla<br \/>\nFrancisco P\u00e9rez, Rapsoda<\/p>\n<p>Director Alfred Ca\u00f1amero<\/p>\n<h3>Conciertos<\/h3>\n<p>11 de junio de 2006<br \/>\nSala Joaqu\u00edn Turina, Fundaci\u00f3n El Monte<\/p>\n<p>Coro de la Sociedad Musical de Sevilla<br \/>\nFrancisco P\u00e9rez, Rapsoda<br \/>\nAlfred Ca\u00f1amero, Director<\/p>\n<h3>Programa<\/h3>\n<p>Dando la Bienvenida<br \/>\nNga I wie (Tradicional de Nueva Zelanda. Arm. Alfred Ca\u00f1amero)<\/p>\n<p>A la naturaleza que todo nos lo da<br \/>\nGreensleeves (Tradicional inglesa. Arm. John Byrt)<br \/>\nSzakura (Tradicional japonesa)<br \/>\nShenandoah (Tradicional americana. Arm. James Erb) \u00a0<span style=\"background-color: #182068;\"><span style=\"color: #ffffff;\">\u00a0 VIDEO \u00a0<\/span><\/span><\/p>\n<p>Al juego y al baile<br \/>\nSur le pont d\u2019Avignon (Tradicional francesa. Arm. Heinz Lau)<br \/>\nDubing, dubang, dubong (Leonard Bernstein)<br \/>\nBullerengue (Tradicional colombiana. Arm. Jos\u00e9 A. Rinc\u00f3n)<\/p>\n<p>Al amor<br \/>\nNinna-nanna (Tradicional de Trentino. Arm. Sandro Benelli)<br \/>\nAmor mariner (Manuel Oltra)<br \/>\nCaramba (Otilio Gal\u00edndez. Arm. Alberto Grau)\u00a0 <span style=\"background-color: #182068;\"><span style=\"color: #ffffff;\">\u00a0\u00a0AUDIO \u00a0<\/span><\/span><br \/>\nOnly you (Flying Pickets. Arm. Daniel Mestre)<\/p>\n<p>A los sue\u00f1os y recuerdos<br \/>\nMoon river (Henri Mancini. Arm. Alain Langr\u00e9e)<br \/>\nOver the Rainbow (Harold Arlen)<br \/>\nEn mi viejo San Juan (Bolero puertorrique\u00f1o. No\u00e9l Estrada. Arm. Angel Mattos)<\/p>\n<p>A todos los credos<br \/>\nRide the Chariot (Negro Spiritual. Arm. Henry Smit)<br \/>\nSi San Pedro se muriera (Alberto Grau. Arm. Alfred Ca\u00f1amero)<br \/>\nFestejos de Navidad (Herbert Bittrich)<\/p>\n<hr \/>\n<p style=\"text-align: justify;\">Las canciones de este concierto se interpretaron sobre un hilo argumental basado en un cuento escrito por Estrella Oporto.<\/p>\n<p style=\"text-align: justify;\">El cuento \u201cUN BARRIL DE CANCIONES\u201d<\/p>\n<p style=\"text-align: justify;\">Mi primer recuerdo fue al nacer. Las olas me tra\u00edan confundidos con la melod\u00eda de su vaiven, c\u00e1nticos que desped\u00edan alegremente un barco. Mientras, mi madre sonre\u00eda acun\u00e1ndome en sus brazos.<br \/>\nNga i wie<\/p>\n<p style=\"text-align: justify;\">Mi padre se iba; se ten\u00eda que marchar, pero volver\u00eda, quiz\u00e1s pronto nos llevar\u00eda con \u00e9l. Recuerdo como el viento balanceaba las copas de las palmeras, mientras mi madre segu\u00eda meci\u00e9ndome al dulce ritmo de los improvisados sonajeros de d\u00e1tiles.<br \/>\nGreensleeves<\/p>\n<p style=\"text-align: justify;\">El barco se perdi\u00f3 en el horizonte. Era como si una gran ola invisible se lo hubiera tragado. Entonces, mi madre se volvi\u00f3 y una risa limpia y luminosa llen\u00f3 su cara. Ten\u00eda vida; ten\u00eda vida entre sus brazos. Me lodio todo: El n\u00edtido azul del cielo, el recurrente rumor del mar, el verde limpio de las copas de los \u00e1rboles, el fresco roc\u00edo de la ma\u00f1ana y las perfumadas flores de los cerezos.<br \/>\nSzakura<\/p>\n<p style=\"text-align: justify;\">Pasaron los d\u00edas\u2026 y los a\u00f1os, hasta que una ma\u00f1ana parti\u00f3 de nuevo el barco, esta vez llev\u00e1ndome a bordo. Ya no era ese ni\u00f1o que miraba el mundo desde los consoladores brazos de su madre; me hab\u00eda convertido en un joven fuerte y atrevido dispuesto a la b\u00fasqueda de la raz\u00f3n, a la b\u00fasqueda de un nuevo camino. Mi padre, presum\u00eda orgulloso ante sus camaradas mientras pasaba su brazo sobre mis hombros y repet\u00eda: \u00c9ste es mi chico; \u00e9ste es mi chico<br \/>\nDubing dubang<\/p>\n<p style=\"text-align: justify;\">Embriagado por aquella nueva vida, y mientras un nuevo mundo se iba desplegando ante mis asombrados ojos, se me fueron borrando poco a poco de mi memoria, aquellos recuerdos de infancia. El rostro amoroso de mi madre; el alma de aquellas primeras canciones; los colores y olores de mi isla. Era como si el barco y el mar se hubieran convertido para m\u00ed en la \u00fanica realidad<br \/>\nBullerengue<\/p>\n<p style=\"text-align: justify;\">Un d\u00eda, sorprend\u00ed a mi padre mirando el retrato de la que me pareci\u00f3 la mujer m\u00e1s hermosa. Era mi madre; y vi como sus ojos se llenaban de l\u00e1grimas. Nunca; nunca como entonces sent\u00ed su p\u00e9rdida.<br \/>\nAmor mariner<\/p>\n<p style=\"text-align: justify;\">Todo se hab\u00eda borrado de mi mente. Mi rostro, hab\u00eda adquirido una extra\u00f1a dureza; y mi voz, hab\u00eda perdido el dulce tono infantil; pero mi padre, mi padre recordaba por los dos.<br \/>\nEn mi viejo San Juan<\/p>\n<p style=\"text-align: justify;\">Fue cuando desembarcamos, en un pueblo en fiestas. El sol brillaba en los rostros felices de los bailarines, que daban vueltas y vueltas en la plaza, invit\u00e1ndonos a su baile; sonri\u00e9ndonos, anim\u00e1ndonos. Una graciosa muchacha, se solt\u00f3 de la cadena para coger mi mano, y de pronto me encontr\u00e9 inmerso en el v\u00e9rtigo de la fiesta.<br \/>\nSur le pont d\u2019Avignon<\/p>\n<p style=\"text-align: justify;\">Recorrimos las calles que daban a la plaza, riendo y gritando; bailando y saltando. Poco a poco, el bullicio se fue apagando, como el graznido de gaviotas que se alejan, y nos encontramos solos. Agotados, pero a la vez embriagados en el esp\u00edritu; bebiendo y hablando de cosas sin m\u00e1s sentido que el de vencer al silencio. El tiempo transcurr\u00eda como llevado por una ligera brisa; los ecos del canto, se fueron apagando igual que el resplandor de las hogueras, y el leve rumor de los besos. Cuando de nuevo abr\u00ed los ojos, descubr\u00ed una nueva y extra\u00f1a soledad: Ella no estaba. La llam\u00e9; la busqu\u00e9\u2026 pero se hab\u00eda ido; y ahora, el vac\u00edo recorr\u00eda mi alma.<br \/>\nOnly you<\/p>\n<p style=\"text-align: justify;\">O Shenandoah<\/p>\n<p style=\"text-align: justify;\">De vuelta al barco, me encontr\u00e9 con mi padre. Por primera vez, me di cuenta que su pelo se hab\u00eda vuelto gris. Ya no era negro como lo recordaba de aquella ma\u00f1ana en que desembarc\u00f3 en la isla, para llevarme con \u00e9l. En los d\u00edas que siguieron, not\u00e9 que hab\u00eda cambiado. Ya no cantaba aquellas canciones alegres de marineros, que en otro tiempo me hab\u00eda hecho aprender a bailar a saltos en la cubierta. Ahora, fijaba la vista en el horizonte; me hablaba de su pasado, o cantaba melanc\u00f3licas baladas, llenas de nombres lejanos. Todo lo hab\u00eda tenido, y todo lo hab\u00eda perdido; para \u00e9l, ya no hab\u00eda ning\u00fan lugar al que volver\u2026 ning\u00fan lugar al que volver. Comprend\u00ed aquella verdad como el mar te ense\u00f1a siempre sus reglas. Sin embargo, a\u00fan me ten\u00eda a m\u00ed. Intent\u00e9 llenar su coraz\u00f3n con todo el cari\u00f1o del que fui capaz. Al final aprend\u00ed que no era bueno estar siempre lejos de todas partes.<br \/>\nRide the Chariot<\/p>\n<p style=\"text-align: justify;\">Tras la muerte de mi padre, decid\u00ed desembarcar en el primer puerto que tocamos. Los tripulantes del barco, se despidieron de m\u00ed con pena; pues tantos a\u00f1os juntos, hab\u00edan dejado rastro en sus vidas. A\u00fan era joven; pod\u00eda tener una vida menos sola y pesada; m\u00e1s estable; tal vez m\u00e1s feliz. La ciudad se ve\u00eda bulliciosa y animada como las que hab\u00eda visitado en mis viajes y nada me preocupaba ni me importaba<br \/>\nSi San Pedro se muriera<\/p>\n<p style=\"text-align: justify;\">Busqu\u00e9 trabajo; y en su rutina, ocup\u00e9 horas y mente. El silencio dej\u00f3 de pesarme como una losa; ya no necesitaba o\u00edr el eco de mi voz. Aprend\u00ed a disfrutar de las horas, como el barco aprende a dejarse llevar por el viento. Y fue entonces\u2026 fue entonces cuando conoc\u00ed el amor<br \/>\nCaramba<\/p>\n<p style=\"text-align: justify;\">Cuando estaba con ella, mi esp\u00edritu bailaba dentro de m\u00ed; cuando no, mi alma, como una nave mal gobernada, se iba a la deriva. Aprend\u00ed a hablarle, a escucharla. Aprend\u00ed los silencios. Aprend\u00ed las pausas del pulso, como mueren las olas en la playa. Aprend\u00ed a no escucharme tanto a m\u00ed mismo. Exist\u00eda realmente un lugar para m\u00ed; y como fruto, la m\u00e1s preciosa ni\u00f1a.<br \/>\nOver the Rainbow<\/p>\n<p style=\"text-align: justify;\">Cuando la vi por primera vez, pude recordar. A trav\u00e9s de sus ojos, reconoc\u00ed el color, el olor, el sonido, el tacto de la \u201cvida\u201d. Cuando mi mujer, dulcemente la dorm\u00eda con una nana, record\u00e9 con todo detalle el rostro de mi madre y el sabor de mis l\u00e1grimas de hu\u00e9rfano.<br \/>\nNinna nanna<\/p>\n<p style=\"text-align: justify;\">Hab\u00eda recuperado de nuevo todo lo que un d\u00eda perd\u00ed. Mi memoria, ya no era un libro en blanco; mis manos, ya no estaban vac\u00edas. Por fin, hab\u00eda dejado atr\u00e1s caminos sin salida y la soledad de mi alma<br \/>\nMoon river<\/p>\n<p style=\"text-align: justify;\">Rebusqu\u00e9 en mi vieja bolsa se marinero, y encontr\u00e9 las huellas de mis viajes. Era ahora cuando pod\u00eda contarlas a mis amigos junto a la hoguera; unirme a sus bailes, a sus trabajos, y ense\u00f1arles as\u00ed lo mucho que hab\u00eda aprendido; pero sobre todo, convertirlo todo en palabras y que su secreta armon\u00eda, como si fuera un \u00e1rbol de navidad, se convirtiera en el tesoro que pod\u00eda dejar a mis seres queridos.<br \/>\nFestejos de Navidad<\/p>\n","protected":false},"excerpt":{"rendered":"<p>Coro de la Sociedad Musical de Sevilla Francisco P\u00e9rez, Rapsoda Director Alfred Ca\u00f1amero Conciertos 11 de junio de 2006 Sala Joaqu\u00edn Turina, Fundaci\u00f3n El Monte Coro de la Sociedad Musical de Sevilla Francisco P\u00e9rez, Rapsoda Alfred Ca\u00f1amero, Director Programa Dando la Bienvenida Nga I wie (Tradicional de Nueva Zelanda. Arm. Alfred Ca\u00f1amero) A la naturaleza [&hellip;]<\/p>\n","protected":false},"author":1,"featured_media":5988,"parent":35,"menu_order":2,"comment_status":"closed","ping_status":"open","template":"page-3-2","meta":{"_price":"","_stock":"","_tribe_ticket_header":"","_tribe_default_ticket_provider":"TEC\\Tickets\\Commerce\\Module","_tribe_ticket_capacity":"0","_ticket_start_date":"","_ticket_end_date":"","_tribe_ticket_show_description":"","_tribe_ticket_show_not_going":false,"_tribe_ticket_use_global_stock":"","_tribe_ticket_global_stock_level":"","_global_stock_mode":"","_global_stock_cap":"","_tribe_rsvp_for_event":"","_tribe_ticket_going_count":"","_tribe_ticket_not_going_count":"","_tribe_tickets_list":"[]","_tribe_ticket_has_attendee_info_fields":false,"footnotes":"","_tec_slr_enabled":"","_tec_slr_layout":""},"class_list":["post-69","page","type-page","status-publish","has-post-thumbnail","hentry"],"aioseo_notices":[],"ticketed":false,"_links":{"self":[{"href":"https:\/\/smdesevilla.com\/principal\/wp-json\/wp\/v2\/pages\/69","targetHints":{"allow":["GET"]}}],"collection":[{"href":"https:\/\/smdesevilla.com\/principal\/wp-json\/wp\/v2\/pages"}],"about":[{"href":"https:\/\/smdesevilla.com\/principal\/wp-json\/wp\/v2\/types\/page"}],"author":[{"embeddable":true,"href":"https:\/\/smdesevilla.com\/principal\/wp-json\/wp\/v2\/users\/1"}],"replies":[{"embeddable":true,"href":"https:\/\/smdesevilla.com\/principal\/wp-json\/wp\/v2\/comments?post=69"}],"version-history":[{"count":1,"href":"https:\/\/smdesevilla.com\/principal\/wp-json\/wp\/v2\/pages\/69\/revisions"}],"predecessor-version":[{"id":12978,"href":"https:\/\/smdesevilla.com\/principal\/wp-json\/wp\/v2\/pages\/69\/revisions\/12978"}],"up":[{"embeddable":true,"href":"https:\/\/smdesevilla.com\/principal\/wp-json\/wp\/v2\/pages\/35"}],"wp:featuredmedia":[{"embeddable":true,"href":"https:\/\/smdesevilla.com\/principal\/wp-json\/wp\/v2\/media\/5988"}],"wp:attachment":[{"href":"https:\/\/smdesevilla.com\/principal\/wp-json\/wp\/v2\/media?parent=69"}],"curies":[{"name":"wp","href":"https:\/\/api.w.org\/{rel}","templated":true}]}}