{"id":686,"date":"2009-07-30T00:58:28","date_gmt":"2009-07-29T23:58:28","guid":{"rendered":"http:\/\/smdesevilla.com\/principal\/?page_id=686"},"modified":"2026-03-16T22:06:54","modified_gmt":"2026-03-16T21:06:54","slug":"2009-2010","status":"publish","type":"page","link":"https:\/\/smdesevilla.com\/principal\/trayectori\/2009-2010\/","title":{"rendered":"2009-2010"},"content":{"rendered":"<h3><a href=\"?page_id=941\" target=\"_self\">La m\u00fasica barroca para coro conservada en los libros de la Catedral de Sevilla<\/a><\/h3>\n<p>Coro de la Sociedad Musical de Sevilla<br \/>\nMiguel \u00c1ngel Garc\u00eda, \u00f3rgano<br \/>\nLixsania Fern\u00e1ndez, viola da gamba<br \/>\nM\u00aa Carmen Jim\u00e9nez Molina, tiorba<br \/>\nLuis Castillo, baj\u00f3n<\/p>\n<p>Israel S\u00e1nchez L\u00f3pez, director<\/p>\n<p>Conciertos 6 y 13 de febrero, 6, 7 y 21 de marzo de 2010<\/p>\n<p>Iglesia de Nuestra Se\u00f1ora de Gracia, Gelves (Sevilla)<br \/>\nPalacio de Congresos, La L\u00ednea de la Concepci\u00f3n (C\u00e1diz)<br \/>\nIglesia de Santiago, Utrera (Sevilla)<br \/>\nParroquia Mayor de Santa Cruz, \u00c9cija (Sevilla)<br \/>\nFeMAS 2010 \u00b7 Monasterio de San Clemente (Sevilla)<\/p>\n<h3><a href=\"?page_id=953\" target=\"_self\">Dos conceptos de Barroco musical en la segunda mitad del siglo XVII: Espa\u00f1a e Inglaterra<\/a><\/h3>\n<p>Coro de la Sociedad Musical de Sevilla<br \/>\nDiego Molina Cascales, trompeta I<br \/>\nAlberto Merino Pineda, trompeta II<br \/>\nFrancisco Espejo Mor\u00f3n, tromb\u00f3n I<br \/>\nAndr\u00e9s Ferreiro Garc\u00eda, tromb\u00f3n II<br \/>\nMar\u00eda Elena Guerrero Garc\u00eda, timbales<\/p>\n<p>Israel S\u00e1nchez L\u00f3pez, director<\/p>\n<p>Conciertos 13 y 20 de junio de 2010<\/p>\n<p>Sala Joaqu\u00edn Turina \u00b7 Centro cultural Cajasol (Sevilla)<br \/>\nIglesia de Santa Mar\u00eda de la Paz, Hermandad de la Mortaja (Sevilla)<\/p>\n","protected":false},"excerpt":{"rendered":"<p>La m\u00fasica barroca para coro conservada en los libros de la Catedral de Sevilla Coro de la Sociedad Musical de Sevilla Miguel \u00c1ngel Garc\u00eda, \u00f3rgano Lixsania Fern\u00e1ndez, viola da gamba M\u00aa Carmen Jim\u00e9nez Molina, tiorba Luis Castillo, baj\u00f3n Israel S\u00e1nchez L\u00f3pez, director Conciertos 6 y 13 de febrero, 6, 7 y 21 de marzo de [&hellip;]<\/p>\n","protected":false},"author":1,"featured_media":6197,"parent":33,"menu_order":10,"comment_status":"closed","ping_status":"open","template":"page-3-2","meta":{"_price":"","_stock":"","_tribe_ticket_header":"","_tribe_default_ticket_provider":"","_tribe_ticket_capacity":"0","_ticket_start_date":"","_ticket_end_date":"","_tribe_ticket_show_description":"","_tribe_ticket_show_not_going":false,"_tribe_ticket_use_global_stock":"","_tribe_ticket_global_stock_level":"","_global_stock_mode":"","_global_stock_cap":"","_tribe_rsvp_for_event":"","_tribe_ticket_going_count":"","_tribe_ticket_not_going_count":"","_tribe_tickets_list":"[]","_tribe_ticket_has_attendee_info_fields":false,"footnotes":"","_tec_slr_enabled":"","_tec_slr_layout":""},"class_list":["post-686","page","type-page","status-publish","has-post-thumbnail","hentry"],"aioseo_notices":[],"ticketed":false,"_links":{"self":[{"href":"https:\/\/smdesevilla.com\/principal\/wp-json\/wp\/v2\/pages\/686","targetHints":{"allow":["GET"]}}],"collection":[{"href":"https:\/\/smdesevilla.com\/principal\/wp-json\/wp\/v2\/pages"}],"about":[{"href":"https:\/\/smdesevilla.com\/principal\/wp-json\/wp\/v2\/types\/page"}],"author":[{"embeddable":true,"href":"https:\/\/smdesevilla.com\/principal\/wp-json\/wp\/v2\/users\/1"}],"replies":[{"embeddable":true,"href":"https:\/\/smdesevilla.com\/principal\/wp-json\/wp\/v2\/comments?post=686"}],"version-history":[{"count":1,"href":"https:\/\/smdesevilla.com\/principal\/wp-json\/wp\/v2\/pages\/686\/revisions"}],"predecessor-version":[{"id":14335,"href":"https:\/\/smdesevilla.com\/principal\/wp-json\/wp\/v2\/pages\/686\/revisions\/14335"}],"up":[{"embeddable":true,"href":"https:\/\/smdesevilla.com\/principal\/wp-json\/wp\/v2\/pages\/33"}],"wp:featuredmedia":[{"embeddable":true,"href":"https:\/\/smdesevilla.com\/principal\/wp-json\/wp\/v2\/media\/6197"}],"wp:attachment":[{"href":"https:\/\/smdesevilla.com\/principal\/wp-json\/wp\/v2\/media?parent=686"}],"curies":[{"name":"wp","href":"https:\/\/api.w.org\/{rel}","templated":true}]}}