{"id":680,"date":"2009-07-30T00:45:03","date_gmt":"2009-07-29T23:45:03","guid":{"rendered":"http:\/\/smdesevilla.com\/principal\/?page_id=680"},"modified":"2026-03-16T22:06:54","modified_gmt":"2026-03-16T21:06:54","slug":"janequin","status":"publish","type":"page","link":"https:\/\/smdesevilla.com\/principal\/trayectori\/2008-2\/janequin\/","title":{"rendered":"Janequin"},"content":{"rendered":"<p>Coro de la Sociedad Musical de Sevilla<br \/>\nDirector G\u00e9rard Talbot<\/p>\n<h3>Conciertos<\/h3>\n<p>6 de junio de 2009<br \/>\nIglesia de Santa Marina<br \/>\n7 de junio de 2009<br \/>\nIglesia de la Caridad<br \/>\n10 de junio de 2009<br \/>\nC\u00edrculo Mercantil e Industrial<br \/>\n21 de junio de 2009<br \/>\nTeatro de la Maestranza \u00b7 Sala Manuel Garc\u00eda<br \/>\n26 de noviembre de 2009<br \/>\nIglesia de la Anunciaci\u00f3n<\/p>\n<h3>Programa<\/h3>\n<p>Cl\u00e9ment JANEQUIN (1485-1558)<\/p>\n<p>Le chant des oyseaux<br \/>\nLa Bataille de Marignan <span style=\"background-color: #182068;\"><span style=\"color: #ffffff;\">\u00a0VIDEO\u00a0<\/span><\/span><br \/>\nCe mois de mai<br \/>\nLa meusniere de Vernon<br \/>\nVa rossignol <span style=\"background-color: #182068;\"><span style=\"color: #ffffff;\">\u00a0AUDIO\u00a0<\/span><\/span><br \/>\nCe petit dieu qui vole<br \/>\nToutes les nuictz<br \/>\nMais que ce fust secr\u00e9tement<br \/>\nSi tu as veu que pour ton feu<br \/>\nIl estoit une fillette<br \/>\nPetite nymphe folastre<\/p>\n<p>AN\u00d3NIMO<\/p>\n<p>Tourdion<\/p>\n<p>Thoinot ARBEAU (1520-1595)<\/p>\n<p>Belle qui tiens ma vie<\/p>\n<p>Pierre PASSEREAU (c. 1500-c. 1560)<\/p>\n<p>Il est bel et bon<\/p>\n<p>Guillaume COSTELEY (1539-1606)<\/p>\n<p>Las, je n&#8217;irai plus<br \/>\nQuand le berger vit la berg\u00e9re<\/p>\n<p>Roland de LASSUS (1532-1594)<\/p>\n<p>Mon coeur se recommande \u00e0 vous<\/p>\n<p>&nbsp;<\/p>\n<hr \/>\n<h3>Notas al Programa<\/h3>\n<p>G\u00e9rard Talbot<\/p>\n<p>El poeta Antoine de Ba\u00eff escrib\u00eda estos versos:<br \/>\n\u201cSoit que repr\u00e9senter les vacarmes, il ose,<br \/>\n<em>\u201cYa sea porque se atreve a representar el jaleo,<\/em><br \/>\nSoit qu\u2019il joue en ses chants le caquet f\u00e9minin,<br \/>\n<em>ya porque juega en sus canciones con la ch\u00e1chara femenina,<\/em><br \/>\nSoit que des oysillons les voix il repr\u00e9sente,<br \/>\n<em>Ya porque imite las voces de los pajarillos,<\/em><br \/>\nL&#8217;excellent Janequin en tout qu&#8217;il chante<br \/>\n<em>del excelente Janequin, en todo lo que canta<\/em><br \/>\nN&#8217;a rien mortel, mais il est tout divin\u201d<br \/>\n<em>no hay nada mortal, sin embargo, \u00e9l es plenamente divino\u201d<\/em><\/p>\n<p>&nbsp;<\/p>\n<p style=\"text-align: justify;\">Cl\u00e9ment Janequin, compositor emblem\u00e1tico del renacimiento franc\u00e9s, naci\u00f3 en Ch\u00e2tellerault aproximadamente en 1485. All\u00ed entra al servicio del padre de Pierre de Ronsard (1), el famoso poeta; en 1525 es nombrado can\u00f3nigo de St. Emilion, en la regi\u00f3n de Burdeos, y luego cura de St. Michel de Rieufret. Despu\u00e9s, en 1534, es Maestro de m\u00fasica en la catedral de Angers hasta 1549, fecha de su traslado a Par\u00eds como chantre ordinario de la corte del Rey. Era un gran humanista, le\u00eda a Erasmo y a Lutero, y a los 70 a\u00f1os decide matricularse como estudiante en la universidad de Par\u00eds.<\/p>\n<p style=\"text-align: justify;\">Este compositor de provincia, maestro de la polifon\u00eda, ha conocido una gloria internacional no tanto por sus composiciones religiosas (dos misas y un motete, 150 salmos y canciones espirituales) como por sus 250 canciones profanas. Su m\u00fasica fue editada en vida, en Venecia, Roma, Lyon y Par\u00eds.<\/p>\n<p style=\"text-align: justify;\">Tanto \u00e9l como Claudin de Sermisy est\u00e1n considerados como los mas grandes representantes de la chanson parisienne. \u00c9sta est\u00e1 escrita sobre poemas cortos, y Janequin compone sobre textos de algunos poetas afectos a la corte real, como Clement Marot (2) e incluso sobre poemas del mismo rey Fran\u00e7ois I (3). Pocas semanas antes de su muerte en la pobreza en 1558 es nombrado compositor ordinario del Rey.<\/p>\n<p style=\"text-align: justify;\">En el programa que presentamos hoy tenemos todo un abanico de sentimientos y descubriremos todas las diversas facetas del m\u00fasico: amoroso, m\u00edstico, r\u00fastico, descriptivo, expresivo y juguet\u00f3n.<\/p>\n<p style=\"text-align: justify;\">Janequin es sobre todo conocido como compositor de canciones que se distinguen por su tama\u00f1o -anormalmente largo- y porque utilizan con fines descriptivos pasajes enteros de onomatopeyas, como por ejemplo en Le chant des oiseaux y La bataille de Marignan. Le chant des oiseaux (El canto de los p\u00e1jaros) est\u00e1 concebida como una canci\u00f3n con estrofas, cuyas coplas presentan cada una un ave distinta, usando efectos variados para obtener la imitaci\u00f3n m\u00e1s rica posible de los gorjeos correspondientes.<\/p>\n<p style=\"text-align: justify;\">La bataille de Marignan (La batalla de Marignan), ha conocido un \u00e9xito universal; ha sido imitada y ha ocasionado numerosos arreglos de todo tipo. De esta misma obra existe tambi\u00e9n una versi\u00f3n a 6 voces. Del mismo Janequin existe una Missa de la bataille, pero de autenticidad no comprobada (se podr\u00eda tratar de un arreglo de cualquier compositor de la \u00e9poca) y hasta el compositor sevillano Francisco Guerrero (1528-1599) compuso una Missa de la batalla.<\/p>\n<p style=\"text-align: justify;\">Es un gran fresco que nos invita primero a escuchar la historia del rey Fran\u00e7ois I, despu\u00e9s nos ofrece un cuadro sonoro del alboroto de la batalla donde se escucha hasta el galope de los caballos, para terminar con los gritos de victoria de los franceses y los gritos de \u201ctodo esta perdido\u201d de los suizos.<\/p>\n<p style=\"text-align: justify;\">Janequin sabe tambi\u00e9n describir perfectamente todos los sentimientos y estados de \u00e1nimo.<\/p>\n<p style=\"text-align: justify;\">Al lado de estos grandes frescos pintorescos, que son como los antepasados de la m\u00fasica program\u00e1tica, se encuentra el universo cort\u00e9s de los epigramas amorosos, el universo de las fiestas y juegos populares que se expresan en la chanson rustique y la danza paisana (Ce moys de may, La meusniere de Vernon), as\u00ed como toda la fauna rabelaisiana4 en los epigramas narrativos.<\/p>\n<p style=\"text-align: justify;\">A veces el universo popular se introduce en una canci\u00f3n amorosa, como en Va rossignol, donde a la mitad de la canci\u00f3n, la m\u00fasica se anima de repente con susurros de alas y gorjeos de p\u00e1jaros gracias a la magia de la polifon\u00eda, alternando el discurso con la onomatopeya.<\/p>\n<p style=\"text-align: justify;\">Pero Janequin es sobre todo un creador en el campo del ritmo: es all\u00ed donde encuentra sus modos habituales de expresi\u00f3n a\u00f1adiendo una prosodia impecable. En Ce petit Dieu qui vole, adem\u00e1s de un invenci\u00f3n r\u00edtmica muy elaborada, la repetici\u00f3n de la palabra vole produce el mismo efecto de susurros de alas.<\/p>\n<p style=\"text-align: justify;\">Sin embargo, por el contrario sabe tambi\u00e9n encontrar conmovedores acentos o de un intenso lirismo para describir las profundas penas de la vida o la tierna poes\u00eda de un p\u00e1jaro mensajero del amor (Va rossignol).<\/p>\n<p style=\"text-align: justify;\">El cuidado tan particular que da a la expresi\u00f3n dram\u00e1tica del texto, hasta el punto de romper los moldes tradicionales de la canci\u00f3n polif\u00f3nica, se expresa en la contemplaci\u00f3n amorosa de Toutes les nuits, de la enigm\u00e1tica Mais que ce fust secr\u00e8tement o de la m\u00edstica Si tu as veu que pour ton feu, impregnada de un fuerte sentimiento de recogimiento religioso.<\/p>\n<p style=\"text-align: justify;\">Por otra parte, Janequin es un maestro incomparable para poner en escena situaciones hilarantes o picantonas como en Il estoit une fillette.<\/p>\n<p style=\"text-align: justify;\">Sus canciones pueden considerarse como un peque\u00f1o teatro en miniatura, escenas de la vida, evocando con un franco sabor los personajes de las farces -comedias; de alguna forma parientes de las chirigotas de nuestra \u00e9poca- la manera directa y sin complicaci\u00f3n con la cual los contempor\u00e1neos de Janequin consideraban las cosas del amor.<\/p>\n<p style=\"text-align: justify;\">Se comprende que el amor de Janequin por el verbo le haya acercado a Ronsard, el m\u00e1s grande poeta del renacimiento franc\u00e9s. Janequin es uno de los cuatro m\u00fasicos que colabora con el suppl\u00e9ment musical des amours de Cassandre. Sobre el poema de Ronsard Petite nymphe folastre, Janequin compone una m\u00fasica refinada, afable, amorosa y galante.<\/p>\n<p style=\"text-align: justify;\">Pero sobre todo la comparaci\u00f3n con el gran Rabelais es la m\u00e1s evidente y se puede considerar a Janequin como alter ego musical del escritor, por su cultura, esp\u00edritu y tambi\u00e9n por la b\u00fasqueda constante de la mejor adecuaci\u00f3n entre sonoridades y r\u00edtmicas verbales y musicales.<\/p>\n<p style=\"text-align: justify;\">En la \u00e9poca de Janequin, la ejecuci\u00f3n de sus canciones, muchas veces por un peque\u00f1o grupo de amigos o familiares, era a cappella o acompa\u00f1ada por algunos instrumentos. El genero de la canci\u00f3n y de la danza ten\u00edan una estrecha relaci\u00f3n y han evolucionado de la misma forma. Adem\u00e1s de las danzas, los instrumentistas pod\u00edan acompa\u00f1ar al canto doblando su parte o incluso tocar las canciones de forma puramente instrumental; en este caso los m\u00fasicos se permit\u00edan mucha improvisaci\u00f3n, llamada disminuci\u00f3n.<\/p>\n<p style=\"text-align: justify;\">Algunas piezas reciben arreglos instrumentales por compositores franceses y extranjeros (Nicolas Gombert, Claude Le Jeune o Philippe Verdelot).<\/p>\n<p style=\"text-align: justify;\">Hasta nuestra \u00e9poca la m\u00fasica de Janequin ha inspirado a muchos compositores, como a Debussy en sus Trois chansons de France, Jehan Alain y sus Variaciones para \u00f3rgano sobre un tema de Janequin o el homenaje de la mano de Henri Dutilleux en sus Citations.<\/p>\n<p style=\"text-align: justify;\">Todo en su obra conserva una extrema sutileza dotada de una maravillosa concisi\u00f3n como si en un g\u00e9nero tan corto cualquier pretensi\u00f3n estuviera fuera de lugar.<\/p>\n<p style=\"text-align: justify;\">Para concluir se puede decir que Janequin ha realizado mejor que nadie este ideal de un arte a la vez extremadamente refinado y al alcance de todos.<\/p>\n<p style=\"text-align: justify;\">Para completar este programa, presentamos tambi\u00e9n algunas piezas de contempor\u00e1neos de Janequin:<\/p>\n<p style=\"text-align: justify;\">El Tourdion, de autor an\u00f3nimo, es una danza de pareja r\u00e1pida, ligeramente saltada, de moda\u00a0 a principios del siglo XVI. Este Tourdion, publicado por Pierre Attaignant (5) en 1530 es tambi\u00e9n una canci\u00f3n de taberna. Thoinot Arbeau da la primera descripci\u00f3n completa del Tourdion en su Orch\u00e9sographie publicada en 1589.<\/p>\n<p style=\"text-align: justify;\">Thoinot Arbeau (1520-1595), es sobre todo famoso por la mencionada Orch\u00e9sographie, traducida al ingl\u00e9s, alem\u00e1n, espa\u00f1ol y&#8230;\u00a1japon\u00e9s!. Es la m\u00e1s completa antolog\u00eda de danzas de la \u00e9poca, indicando con precisi\u00f3n los pasos que se deben ejecutar en cada comp\u00e1s de las partituras. Su pavana Belle qui tiens ma vie es una canci\u00f3n de amor galante cuya melod\u00eda ha traspasado los siglos.<\/p>\n<p style=\"text-align: justify;\">Pierre Passereau (c. 1500 &#8211; c. 1560) fue cura en Par\u00eds, y su popularidad es seguramente debida a sus canciones con ritmo arrebatador y de lenguaje muy popular. Su Il est bel et bon se ha hecho famoso en todo el mundo. Y la prueba de su popularidad es que el mismo Rabelais cita su nombre en la lista de m\u00fasicos de Le quart livre.<\/p>\n<p style=\"text-align: justify;\">De Guillaume Costeley (1539-1606), organista, m\u00fasico refinad\u00edsimo y autor de una atrevida canci\u00f3n con tercios de tono, dos canciones pastorales: Las, je n\u2019irai plus y Quand le berger vit la berg\u00e8re.<\/p>\n<p style=\"text-align: justify;\">Roland de Lassus (1532- 1594), celeb\u00e9rrimo compositor cuya voz era tan excepcional que fue tres veces objeto de tentativa de rapto, escribi\u00f3 canciones en la linea de Janequin pero tambi\u00e9n numeros\u00edsimas obras religiosas (700 motetes, 50 misas y 30 magnificat). El texto en su obra siempre es el motor de la inspiraci\u00f3n como en Mon coeur se recommande \u00e0 vous, delicad\u00edsima canci\u00f3n de fervor amoroso.<\/p>\n<p style=\"text-align: justify;\">1 Pierre de Ronsard (1524-1585), conocido como \u201cel pr\u00edncipe de los poetas de Francia\u201d, poeta del amor y autor de \u201cOdas\u201d, \u201cLos amores de Cassandra\u201d&#8230;<br \/>\n2 Cl\u00e9ment Marot (1486-1544), poeta franc\u00e9s protegido por Fran\u00e7ois I, poeta cortesano y sat\u00edrico.<br \/>\n3 Fran\u00e7ois I (1494-1547), rey de Francia, llamado \u201cpadre y protector de las letras\u201d, el \u201crey caballero\u201d o el \u201crey guerrero\u201d, mecenas de los artistas, se interes\u00f3 entre otros por Leonardo da Vinci o Benvenuto Cellini. Es un edificador incansable de los m\u00e1s bellos castillos de la Loire y de los alrededores de Par\u00eds. La victoria en la batalla de Marignan le otorga fama y reconocimiento.<br \/>\n4 Fran\u00e7ois Rabelais (1494-1553), escritor, m\u00e9dico y humanista franc\u00e9s, autor de Gargant\u00faa y Pantagruel (son dos libros distintos) donde detr\u00e1s de un prodigioso don para la invenci\u00f3n verbal se podr\u00eda ocultar un saber profundo oculto de valor inestimable. El gran maestro ocultista Eliphas L\u00e9vi consideraba a Rabelais como su maestro y hace muchas referencias a \u00e9l en su obra.<br \/>\n5 Pierre Attaignant (1494?-1551?), compositor y laudista, fue el primer impresor de m\u00fasica de Francia y el editor de Janequin.<\/p>\n","protected":false},"excerpt":{"rendered":"<p>Coro de la Sociedad Musical de Sevilla Director G\u00e9rard Talbot Conciertos 6 de junio de 2009 Iglesia de Santa Marina 7 de junio de 2009 Iglesia de la Caridad 10 de junio de 2009 C\u00edrculo Mercantil e Industrial 21 de junio de 2009 Teatro de la Maestranza \u00b7 Sala Manuel Garc\u00eda 26 de noviembre de [&hellip;]<\/p>\n","protected":false},"author":1,"featured_media":6011,"parent":38,"menu_order":3,"comment_status":"closed","ping_status":"open","template":"page-3-2","meta":{"_price":"","_stock":"","_tribe_ticket_header":"","_tribe_default_ticket_provider":"TEC\\Tickets\\Commerce\\Module","_tribe_ticket_capacity":"0","_ticket_start_date":"","_ticket_end_date":"","_tribe_ticket_show_description":"","_tribe_ticket_show_not_going":false,"_tribe_ticket_use_global_stock":"","_tribe_ticket_global_stock_level":"","_global_stock_mode":"","_global_stock_cap":"","_tribe_rsvp_for_event":"","_tribe_ticket_going_count":"","_tribe_ticket_not_going_count":"","_tribe_tickets_list":"[]","_tribe_ticket_has_attendee_info_fields":false,"footnotes":"","_tec_slr_enabled":"","_tec_slr_layout":""},"class_list":["post-680","page","type-page","status-publish","has-post-thumbnail","hentry"],"aioseo_notices":[],"ticketed":false,"_links":{"self":[{"href":"https:\/\/smdesevilla.com\/principal\/wp-json\/wp\/v2\/pages\/680","targetHints":{"allow":["GET"]}}],"collection":[{"href":"https:\/\/smdesevilla.com\/principal\/wp-json\/wp\/v2\/pages"}],"about":[{"href":"https:\/\/smdesevilla.com\/principal\/wp-json\/wp\/v2\/types\/page"}],"author":[{"embeddable":true,"href":"https:\/\/smdesevilla.com\/principal\/wp-json\/wp\/v2\/users\/1"}],"replies":[{"embeddable":true,"href":"https:\/\/smdesevilla.com\/principal\/wp-json\/wp\/v2\/comments?post=680"}],"version-history":[{"count":1,"href":"https:\/\/smdesevilla.com\/principal\/wp-json\/wp\/v2\/pages\/680\/revisions"}],"predecessor-version":[{"id":12872,"href":"https:\/\/smdesevilla.com\/principal\/wp-json\/wp\/v2\/pages\/680\/revisions\/12872"}],"up":[{"embeddable":true,"href":"https:\/\/smdesevilla.com\/principal\/wp-json\/wp\/v2\/pages\/38"}],"wp:featuredmedia":[{"embeddable":true,"href":"https:\/\/smdesevilla.com\/principal\/wp-json\/wp\/v2\/media\/6011"}],"wp:attachment":[{"href":"https:\/\/smdesevilla.com\/principal\/wp-json\/wp\/v2\/media?parent=680"}],"curies":[{"name":"wp","href":"https:\/\/api.w.org\/{rel}","templated":true}]}}