{"id":62,"date":"2008-06-23T01:41:30","date_gmt":"2008-06-22T23:41:30","guid":{"rendered":"http:\/\/localhost\/wordpress\/?page_id=139"},"modified":"2026-03-16T22:06:53","modified_gmt":"2026-03-16T21:06:53","slug":"mendelssohn","status":"publish","type":"page","link":"https:\/\/smdesevilla.com\/principal\/trayectori\/temporada-2004\/mendelssohn\/","title":{"rendered":"Mendelssohn"},"content":{"rendered":"<p>Coro de la Sociedad Musical de Sevilla<br \/>\nDirector Alfred Ca\u00f1amero<\/p>\n<h3>CONCIERTOS DE PRESENTACI\u00d3N<\/h3>\n<p>2 y 3 de Abril de 2004<br \/>\nIglesia del Colegio del Sagrado Coraz\u00f3n<\/p>\n<h3>PROGRAMA<\/h3>\n<p>FELIX MENDELSSOHN-BARTHOLDY (1808-1847)<br \/>\n\u00abEhre sei Gott in der H\u00f6he\u00bb (Gloria)<br \/>\npara doble coro mixto con solistas\u00a0<span style=\"background-color: #182068;\"><span style=\"color: #ffffff;\">\u00a0 AUDIO \u00a0<\/span><\/span><\/p>\n<p>CARL GL\u00c4SER (1747-1797)<br \/>\n\u00abIch hoffe darauf, dass du so gn\u00e4dig bist\u00bb<\/p>\n<p>ALBERT BECKER (1834-1899)<br \/>\n\u00abHerr, erbarme dich\u00bb<\/p>\n<p>ERNST FRIEDRICH RICHTER (1808-1879)<br \/>\n\u00abMein Gott, warum hast du mich verlassen\u00bb<\/p>\n<p>FELIX MENDELSSOHN-BARTHOLDY (1808-1847)<br \/>\nDer 43. Psalm \u00abRichte mich, Gott\u00bb op. 78, 2<br \/>\nPara coro mixto a ocho voces<\/p>\n<p>Sechs Spr\u00fcche op. 79<br \/>\nPara coro mixto a ocho voces<br \/>\nWeihnachten\u00a0\u00a0<span style=\"background-color: #182068;\"><span style=\"color: #ffffff;\">\u00a0 VIDEO\u00a0 \u00a0<\/span><\/span><br \/>\nAm Neujahrstage<br \/>\nAm Himmelfahrstage<br \/>\nIn der Passionszeit<br \/>\nIm Advent<br \/>\nAm Karfreitage<\/p>\n<p>Magnificat \u00abMein Herz erhebet Gott\u00bb op. 69, 3<br \/>\nPara coro mixto a cuatro voces<\/p>\n<p>&nbsp;<\/p>\n<hr \/>\n<p>&nbsp;<\/p>\n<h3>NOTAS AL PROGRAMA<\/h3>\n<p>EL ROMANTICISMO CORAL DE FELIX MENDELSSOHN-BARTHOLDY Y SU ENTORNO<br \/>\nM\u00aa Isabel Osuna Lucena<br \/>\nUniversidad de Sevilla<\/p>\n<p style=\"text-align: justify;\">El concierto que hoy se interpreta tiene un doble atractivo ya que la Sociedad Musical de Sevilla, a la que damos la m\u00e1s sincera bienvenida, presenta la primera producci\u00f3n de su actividad coral y adem\u00e1s lo hace ofreciendo un programa inusual y pr\u00e1cticamente desconocido en Sevilla.<\/p>\n<p style=\"text-align: justify;\">Se trata de un coherente trabajo centrado en la m\u00fasica sacra protestante en el que se refleja la evoluci\u00f3n de los himnos y corales luteranos, enmarcados en una est\u00e9tica conocida como romanticismo clasicista, caracter\u00edstica con la que se suele definir la opera omnia del compositor Felix Mendelssohn-Bartholdy, que es el aut\u00e9ntico eje del concierto.<\/p>\n<p style=\"text-align: justify;\">De Carl Gl\u00e4ser s\u00f3lo apuntaremos que naci\u00f3 en Ehrenfriedersdorf en 1747 y muri\u00f3 en WeiBenfels en 1797. Fue cantor y profesor del Seminario y public\u00f3 algunas de sus obras de m\u00fasica religiosa. El salmo Ich hoffe darauf, dass du so gn\u00e4dig bist (Yo, sabiendo que me quer\u00e9is\u2026) refleja la expresi\u00f3n de una oraci\u00f3n cantada. Por tanto su escritura es sobria y, salvo un peque\u00f1o fugado en la parte central, la textura es homof\u00f3nica, manifestando el esp\u00edritu austero de la tradicional m\u00fasica luterana.<\/p>\n<p style=\"text-align: justify;\">En la misma l\u00ednea hemos de comentar la obra de A. Becker Herr, erbarme dich! (Se\u00f1or ten piedad) tambi\u00e9n escrita con textura homof\u00f3nica y un marcado clasicismo que hunde sus ra\u00edces en la polifon\u00eda renacentista (podemos observar un innegable paralelismo, l\u00f3gicamente salvando las distancias arm\u00f3nicas, con el motete Peccantem me quotidie de Crist\u00f3bal de Morales).<\/p>\n<p style=\"text-align: justify;\">Albert Becker fue un importante compositor de m\u00fasica eclesi\u00e1stica, miembro de una larga saga de directores de m\u00fasica religiosa que se remonta a 1600. Naci\u00f3 en Quedlinburg en 1834 y muri\u00f3 en Berl\u00edn en 1899, donde hab\u00eda sido profesor del Conservatorio Scharwenka y director de m\u00fasica de su Catedral desde 1881. Entre sus alumnos m\u00e1s conocidos podemos citar a Jean Sibelius.<br \/>\nY, por otro lado, tambi\u00e9n se nos muestra claramente el academicismo propio de la m\u00fasica protestante evolucionada en la obra Mein Gott, warum hast du mich verlassen (Dios m\u00edo, por qu\u00e9 me has abandonado) de E. Richter, aunque ya con una profundidad marcadamente rom\u00e1ntica que enlaza con el esp\u00edritu musical de su gran amigo F. Mendelssohn-Bartholdy.<\/p>\n<p style=\"text-align: justify;\">Fue Ernst Friedrich Eduard Richter un excelente m\u00fasico y te\u00f3rico alem\u00e1n que naci\u00f3 en Grosschonau en Sajonia el 24 de octubre de 1808.<\/p>\n<p style=\"text-align: justify;\">Curs\u00f3 estudios musicales primero en Zittu y posteriormente en Leipzig donde alcanz\u00f3 gran reputaci\u00f3n hasta el punto de que en 1843 fue nombrado profesor de Armon\u00eda y Contrapunto del Conservatorio de esta ciudad que, en torno a esa fecha, hab\u00eda sido fundado por Mendelssohn. A la muerte de Hauptmann el 3 de enero de 1868, fue nombrado cantor de la Thomasschule, oficio que mantuvo hasta su muerte el 9 de abril de 1879.<\/p>\n<p style=\"text-align: justify;\">Lo m\u00e1s conocido de su obra han sido sus tres trabajos te\u00f3ricos: \u00abLehrbuch der Harmonie\u00bb, \u00abLehre von Contrapunkt\u00bb y \u00abLehre von der Fuge\u00bb; valiosos libros de texto muy populares sobre todo entre los estudiantes brit\u00e1nicos, a trav\u00e9s de la traducci\u00f3n que de ellos hizo Franklin Taylor.<\/p>\n<p style=\"text-align: justify;\">Finalmente nos centramos en la figura de Felix Mendelssohn-Bartholdy, generalmente calificado como rom\u00e1ntico clasicista.<\/p>\n<p style=\"text-align: justify;\">Como premisa v\u00e1lida para todos los tiempos y todos los estilos, el clasicismo representa la experiencia, el dominio de los medios de expresi\u00f3n en cuanto a t\u00e9cnica y forma, un concepto definido del mundo y la vida, proclamado como s\u00edntesis de unos valores art\u00edsticos. Por su parte el romanticismo es siempre un planteamiento juvenil, una divisa, un anhelo orientado hacia el futuro. Felix Mendelssohn-Bartholdy es ambas cosas.<\/p>\n<p style=\"text-align: justify;\">Nieto del gran fil\u00f3sofo jud\u00edo Mois\u00e9s Mendelssohn, fue esmeradamente educado en un ambiente intelectual amplio, refinado y exquisito lo que le permiti\u00f3 destacar tanto en la m\u00fasica como en la ling\u00fc\u00edstica como en la pintura, siendo la m\u00fasica el medio expresivo de su preferencia, destacando desde ni\u00f1o por su genialidad y madurez indiscutibles. Vivi\u00f3 entre 1809 y 1847, llevando una vida intensa tanto por la calidad y cantidad de su obra como por la encomiable labor de mostrar la m\u00fasica de los otros. A \u00e9l se debe la recuperaci\u00f3n hist\u00f3rica de la m\u00fasica de Juan Sebasti\u00e1n Bach, a instancias de su maestro Zelter. Viaj\u00f3 por toda Europa y su autoridad fue requerida por numeros\u00edsimos compositores e intelectuales de todo tipo.<\/p>\n<p style=\"text-align: justify;\">Con respecto a la dicotom\u00eda de las corrientes est\u00e9ticas del Romanticismo, Mendelssohn-Bartholdy se muestra conciliador y equidistante tanto de la est\u00e9tica de la forma como de la est\u00e9tica del sentimiento. En efecto, aunque siempre se mantuvo fiel a su concepto del arte como expresi\u00f3n del sentimiento, nunca permiti\u00f3 que el sentimentalismo excesivo enturbiase una composici\u00f3n equilibrada, impecable, y a la vez imaginativa y rebosante de colorido.<\/p>\n<p style=\"text-align: justify;\">Su m\u00fasica contiene esa cualidad intangible que llamamos poes\u00eda, siempre joven, inmersa en un universo que es la fiel expresi\u00f3n de la vida interior de su autor. Su m\u00fasica supone la fusi\u00f3n de lo fant\u00e1stico y lo preciso, del sue\u00f1o y la lucidez, aut\u00e9ntico exponente de la verdadera s\u00edntesis cultural de estilo, valores y pensamiento que signific\u00f3 la sensibilidad europea del siglo XIX.<\/p>\n<p style=\"text-align: justify;\">Aunque mucho m\u00e1s programada y conocida su m\u00fasica instrumental, Felix Mendelssohn-Bartholdy nos muestra en el presente concierto una m\u00fasica coral h\u00e1bil, elegante, profunda y rica en matices que conducen hacia una plenitud sonora cercana a la plasticidad.<\/p>\n<p style=\"text-align: justify;\">Resulta significativo que los dos compositores de la \u00e9poca rom\u00e1ntica que mejor conoc\u00edan la escritura espec\u00edfica para coros (Mendelssohn-Bartholdy y Brahms) hayan sido precisamente los dos que mejor conoc\u00edan la m\u00fasica del pasado y que con mayor intensidad se resist\u00edan a las tendencias extremas del Romanticismo.<\/p>\n<p style=\"text-align: justify;\">Su buen gusto refleja una plenitud sonora fruto de una sincera convicci\u00f3n religiosa, sin caer en el arrebato m\u00edstico, que ya en hab\u00eda expresado en el prologo de su Sinfon\u00eda n\u00ba 2, \u201cHimno de Alabanza\u201d con una cita de Lutero \u2026\u201danhelo ver todas las artes, especialmente la m\u00fasica, al servicio de Aqu\u00e9l de quien provienen y que las ha creado\u201d.<\/p>\n","protected":false},"excerpt":{"rendered":"<p>Coro de la Sociedad Musical de Sevilla Director Alfred Ca\u00f1amero CONCIERTOS DE PRESENTACI\u00d3N 2 y 3 de Abril de 2004 Iglesia del Colegio del Sagrado Coraz\u00f3n PROGRAMA FELIX MENDELSSOHN-BARTHOLDY (1808-1847) \u00abEhre sei Gott in der H\u00f6he\u00bb (Gloria) para doble coro mixto con solistas\u00a0\u00a0 AUDIO \u00a0 CARL GL\u00c4SER (1747-1797) \u00abIch hoffe darauf, dass du so gn\u00e4dig [&hellip;]<\/p>\n","protected":false},"author":1,"featured_media":5968,"parent":61,"menu_order":0,"comment_status":"closed","ping_status":"open","template":"page-3-2","meta":{"_price":"","_stock":"","_tribe_ticket_header":"","_tribe_default_ticket_provider":"TEC\\Tickets\\Commerce\\Module","_tribe_ticket_capacity":"0","_ticket_start_date":"","_ticket_end_date":"","_tribe_ticket_show_description":"","_tribe_ticket_show_not_going":false,"_tribe_ticket_use_global_stock":"","_tribe_ticket_global_stock_level":"","_global_stock_mode":"","_global_stock_cap":"","_tribe_rsvp_for_event":"","_tribe_ticket_going_count":"","_tribe_ticket_not_going_count":"","_tribe_tickets_list":"[]","_tribe_ticket_has_attendee_info_fields":false,"footnotes":"","_tec_slr_enabled":"","_tec_slr_layout":""},"class_list":["post-62","page","type-page","status-publish","has-post-thumbnail","hentry"],"aioseo_notices":[],"ticketed":false,"_links":{"self":[{"href":"https:\/\/smdesevilla.com\/principal\/wp-json\/wp\/v2\/pages\/62","targetHints":{"allow":["GET"]}}],"collection":[{"href":"https:\/\/smdesevilla.com\/principal\/wp-json\/wp\/v2\/pages"}],"about":[{"href":"https:\/\/smdesevilla.com\/principal\/wp-json\/wp\/v2\/types\/page"}],"author":[{"embeddable":true,"href":"https:\/\/smdesevilla.com\/principal\/wp-json\/wp\/v2\/users\/1"}],"replies":[{"embeddable":true,"href":"https:\/\/smdesevilla.com\/principal\/wp-json\/wp\/v2\/comments?post=62"}],"version-history":[{"count":1,"href":"https:\/\/smdesevilla.com\/principal\/wp-json\/wp\/v2\/pages\/62\/revisions"}],"predecessor-version":[{"id":12889,"href":"https:\/\/smdesevilla.com\/principal\/wp-json\/wp\/v2\/pages\/62\/revisions\/12889"}],"up":[{"embeddable":true,"href":"https:\/\/smdesevilla.com\/principal\/wp-json\/wp\/v2\/pages\/61"}],"wp:featuredmedia":[{"embeddable":true,"href":"https:\/\/smdesevilla.com\/principal\/wp-json\/wp\/v2\/media\/5968"}],"wp:attachment":[{"href":"https:\/\/smdesevilla.com\/principal\/wp-json\/wp\/v2\/media?parent=62"}],"curies":[{"name":"wp","href":"https:\/\/api.w.org\/{rel}","templated":true}]}}