{"id":6139,"date":"2014-10-25T20:38:37","date_gmt":"2014-10-25T19:38:37","guid":{"rendered":"http:\/\/smdesevilla.com\/principal\/?page_id=6139"},"modified":"2014-10-26T14:09:34","modified_gmt":"2014-10-26T13:09:34","slug":"seleccion-de-audio-y-video","status":"publish","type":"page","link":"https:\/\/smdesevilla.com\/principal\/seleccion-de-audio-y-video\/","title":{"rendered":"Selecci\u00f3n de audio y v\u00eddeo"},"content":{"rendered":"<p style=\"text-align:right;padding-right:25px;padding-top:25px;\">SELECCI\u00d3N DE AUDIO Y V\u00cdDEO<\/p>\n<table width=\"100%\">\n<tbody>\n<tr>\n<td style=\"text-align: right;\" width=\"30%\">Cl\u00e9ment Janequin (1485-1558)<\/td>\n<td width=\"70%\"><a href=\"http:\/\/smdesevilla.com\/principal\/trayectori\/2008-2\/janequin\/\" target=\"_blank\">La Bataille de Marignan<\/a><\/td>\n<\/tr>\n<tr>\n<td><\/td>\n<td><a href=\"http:\/\/smdesevilla.com\/principal\/trayectori\/2008-2\/janequin\/\" target=\"_blank\">Va rossignol<\/a><\/td>\n<\/tr>\n<tr>\n<td style=\"text-align: right;\">Tom\u00e1s Luis de Victoria (1549-1611)<\/td>\n<td><a href=\"http:\/\/smdesevilla.com\/principal\/trayectori\/temporada-2004\/kodalymoralesguerrerovictoria\/\" target=\"_blank\">Nigra sum sed formosa<\/a><\/td>\n<\/tr>\n<tr>\n<td><\/td>\n<td><a href=\"http:\/\/smdesevilla.com\/principal\/trayectori\/2010-2011\/pro-defunctis\/\" target=\"_blank\">Oficio de Difuntos (1603): Taedet animam meam<\/a><\/td>\n<\/tr>\n<tr>\n<td><\/td>\n<td><a href=\"http:\/\/smdesevilla.com\/principal\/trayectori\/2013-2014\/5725-2\/\" target=\"_blank\">Responsorios de Tinieblas: Amicus meus\/Judas mercator pessimus<\/a><\/td>\n<\/tr>\n<tr>\n<td><\/td>\n<td><a href=\"http:\/\/smdesevilla.com\/principal\/trayectori\/2013-2014\/5725-2\/\" target=\"_blank\">Responsorios de Tinieblas: Tamquam ad latronem<\/a><\/td>\n<\/tr>\n<tr>\n<td style=\"text-align: right;\">Henry Purcell (1659-1695)<\/td>\n<td><a href=\"http:\/\/smdesevilla.com\/principal\/trayectori\/2009-2010\/cathedral\/\" target=\"_blank\">M\u00fasica para los Funerales de la Reina Mary<\/a><\/td>\n<\/tr>\n<tr>\n<td style=\"text-align: right;\">Diego Jos\u00e9 de Salazar (1659-1709)<\/td>\n<td><a href=\"http:\/\/smdesevilla.com\/principal\/trayectori\/2009-2010\/la-musica-barroca-para-coro-conservada-en-los-libros-de-la-catedral-de-sevilla\/\" target=\"_blank\">In ferventis olei (motete a San Juan)<\/a><\/td>\n<\/tr>\n<tr>\n<td style=\"text-align: right;\">Francisco de Santiago (1578-1644)<\/td>\n<td><a href=\"http:\/\/smdesevilla.com\/principal\/trayectori\/2009-2010\/la-musica-barroca-para-coro-conservada-en-los-libros-de-la-catedral-de-sevilla\/\" target=\"_blank\">Himno para la fiesta de la corona de espinas<\/a><\/td>\n<\/tr>\n<tr>\n<td style=\"text-align: right;\">Alonso Xu\u00e1rez (1640 &#8211; 1696)<\/td>\n<td><a href=\"http:\/\/smdesevilla.com\/principal\/trayectori\/2009-2010\/cathedral\/\" target=\"_blank\">Transeunte Domino (ant\u00edfona)<\/a><\/td>\n<\/tr>\n<tr>\n<td style=\"text-align: right;\">Wolfgang Amadeus Mozart (1756-1791)<\/td>\n<td><a href=\"http:\/\/smdesevilla.com\/principal\/trayectori\/2004-2\/gran-sinfonia-en-el-xviii\/\" target=\"_blank\">Misericordias Domini KV 222 (205\u00aa) para Coro a 4 voces mixtas, cuerdas y continuo<\/a><\/td>\n<\/tr>\n<tr>\n<td style=\"text-align: right;\">Johannes Brahms (1833-1897)<\/td>\n<td><a href=\"http:\/\/smdesevilla.com\/principal\/trayectori\/2005-2\/brahms\/\" target=\"_blank\">F\u00fcnf ges\u00e4nge Op. 104 F\u00fcr gemischten Chor a capella: Im Herbst<\/a><\/td>\n<\/tr>\n<tr>\n<td><\/td>\n<td><a href=\"http:\/\/smdesevilla.com\/principal\/trayectori\/2005-2\/brahms\/\" target=\"_blank\">Zwei motetten Op. 74 F\u00fcr gemischten Chor a capella: Warum ist das Licht gegeben dem M\u00fchseligen?<\/a><\/td>\n<\/tr>\n<tr>\n<td style=\"text-align: right;\">Anton Bruckner (1824-1896)<\/td>\n<td><a href=\"http:\/\/smdesevilla.com\/principal\/trayectori\/2007-2\/bruckner\/\" target=\"_blank\">Gradual: Christus factus est pro nobis<\/a><\/td>\n<\/tr>\n<tr>\n<td><\/td>\n<td><a href=\"http:\/\/smdesevilla.com\/principal\/trayectori\/2007-2\/bruckner\/\" target=\"_blank\">Gradual: Os justi meditabitur<\/a><\/td>\n<\/tr>\n<tr>\n<td style=\"text-align: right;\">Edward Elgar (1857-1934)<\/td>\n<td><a href=\"http:\/\/smdesevilla.com\/principal\/trayectori\/2006-2\/el-camino-del-romanticismo-en-gran-bretana\/\" target=\"_blank\">Serenade Op.73, n\u00ba 2<\/a><\/td>\n<\/tr>\n<tr>\n<td><\/td>\n<td><a href=\"http:\/\/smdesevilla.com\/principal\/trayectori\/2006-2\/el-camino-del-romanticismo-en-gran-bretana\/\" target=\"_blank\">The shower Op. 71 n\u00ba 1<\/a><\/td>\n<\/tr>\n<tr>\n<td style=\"text-align: right;\">Felix Mendelssohn (1808-1847)<\/td>\n<td><a href=\"http:\/\/smdesevilla.com\/principal\/trayectori\/temporada-2004\/mendelssohn\/\" target=\"_blank\">\u201cEhre sei Gott in der H\u00f6he\u201d (Gloria) para doble coro mixto con solistas<\/a><\/td>\n<\/tr>\n<tr>\n<td><\/td>\n<td><a href=\"http:\/\/smdesevilla.com\/principal\/trayectori\/2004-2\/conciertos-de-otono\/\" target=\"_blank\">Der 43. Psalm \u201cRichte mich, Gott\u201d op. 78,2 Para coro mixto a ocho voces<\/a><\/td>\n<\/tr>\n<tr>\n<td><\/td>\n<td><a href=\"http:\/\/smdesevilla.com\/principal\/trayectori\/temporada-2004\/mendelssohn\/\" target=\"_blank\">Sechs Spr\u00fcche op. 79: Weihnachten<\/a><\/td>\n<\/tr>\n<tr>\n<td style=\"text-align: right;\">Max Reger (1873-1916)<\/td>\n<td><a href=\"http:\/\/smdesevilla.com\/principal\/trayectori\/2007-2\/el-postrromanticismo-aleman\/\">Geistliche Ges\u00e4nge Op.138: Unser lieben Frauen Traum<\/a><\/td>\n<\/tr>\n<tr>\n<td style=\"text-align: right;\">Josef Gabriel Rheinberger (1839-1901)<\/td>\n<td><a href=\"http:\/\/smdesevilla.com\/principal\/trayectori\/2007-2\/el-postrromanticismo-aleman\/\">Missa Brevis in G (Missa Sta.Crucis), Op.151<\/a><\/td>\n<\/tr>\n<tr>\n<td style=\"text-align: right;\">Franz Schubert (1797-1828)<\/td>\n<td><a href=\"http:\/\/smdesevilla.com\/principal\/trayectori\/2006-2\/el-piano-y-la-voz\/\">Gott im Ungewitter Op. Post. 112, 1-D 985<\/a><\/td>\n<\/tr>\n<tr>\n<td style=\"text-align: right;\">Robert Schumann (1810-1856)<\/td>\n<td><a href=\"http:\/\/smdesevilla.com\/principal\/trayectori\/2006-2\/el-piano-y-la-voz\/\">Zigeunerleben Op. 29 n\u00ba 3<\/a><\/td>\n<\/tr>\n<tr>\n<td style=\"text-align: right;\">Benjam\u00edn Britten (1913-1976)<\/td>\n<td><a href=\"http:\/\/smdesevilla.com\/principal\/trayectori\/2006-2\/los-gozos-de-la-navidad\/\">A Ceremony of Carols Op. 28: As dew in Aprille<\/a><\/td>\n<\/tr>\n<tr>\n<td><\/td>\n<td><a href=\"http:\/\/smdesevilla.com\/principal\/trayectori\/2006-2\/los-gozos-de-la-navidad\/\">A Ceremony of Carols Op. 28: Balulalow<\/a><\/td>\n<\/tr>\n<tr>\n<td><\/td>\n<td><a href=\"http:\/\/smdesevilla.com\/principal\/trayectori\/2006-2\/los-gozos-de-la-navidad\/\">A Ceremony of Carols Op. 28: Spring Carol<\/a><\/td>\n<\/tr>\n<tr>\n<td><\/td>\n<td><a href=\"http:\/\/smdesevilla.com\/principal\/trayectori\/2006-2\/los-gozos-de-la-navidad\/\">A Ceremony of Carols Op. 28: This little Babe<\/a><\/td>\n<\/tr>\n<tr>\n<td style=\"text-align: right;\">Claude Debussy (1862-1918)<\/td>\n<td><a href=\"http:\/\/smdesevilla.com\/principal\/trayectori\/2005-2\/musica-coral-del-siglo-xx\/\">Tres Canciones de Charles D\u2019Orl\u00ebans: Dieu! Qu\u2019il la fait bon regarder<\/a><\/td>\n<\/tr>\n<tr>\n<td><\/td>\n<td><a href=\"http:\/\/smdesevilla.com\/principal\/trayectori\/2004-2\/musica-coral-francesa-del-siglo-xx\/\">Tres Canciones de Charles D\u2019Orl\u00ebans: Yver, vous n\u2019estes qu\u2019un villain<\/a><\/td>\n<\/tr>\n<tr>\n<td style=\"text-align: right;\">Maurice Durufl\u00e9 (1902-1986)<\/td>\n<td><a href=\"http:\/\/smdesevilla.com\/principal\/trayectori\/2004-2\/musica-coral-francesa-del-siglo-xx\/\">Cuatro Motetes sobre temas gregorianos op. 10: Ubi Caritas<\/a><\/td>\n<\/tr>\n<tr>\n<td style=\"text-align: right;\">Yannis Konstantinidis (1903-1984)<\/td>\n<td><a href=\"http:\/\/smdesevilla.com\/principal\/trayectori\/2011-2012\/mediterraneo\/\">Ocho canciones del Dodecaneso: Mar, \u00e1rbol y monta\u00f1as<\/a><\/td>\n<\/tr>\n<tr>\n<td style=\"text-align: right;\">Einojuhani Rautavaara (1928)<\/td>\n<td><a href=\"http:\/\/smdesevilla.com\/principal\/trayectori\/2005-2\/musica-coral-del-siglo-xx\/\">Suite Lorca: El grito<\/a><\/td>\n<\/tr>\n<tr>\n<td style=\"text-align: right;\">Israel S\u00e1nchez L\u00f3pez (1975)<\/td>\n<td><a href=\"http:\/\/smdesevilla.com\/principal\/trayectori\/2011-2012\/mediterraneo\/\">Cuatro canciones sobre textos de Antonio Machado: Los sue\u00f1os<\/a><\/td>\n<\/tr>\n<tr>\n<td style=\"text-align: right;\">Otilio Gal\u00edndez (1935-2009)<\/td>\n<td><a href=\"http:\/\/smdesevilla.com\/principal\/trayectori\/2005-2\/un-barril-de-canciones\/\">Caramba\u00a0(Arr. Alberto Grau)<\/a><\/td>\n<\/tr>\n<tr>\n<td style=\"text-align: right;\">Tradicional<\/td>\n<td><a href=\"http:\/\/smdesevilla.com\/principal\/trayectori\/2005-2\/un-barril-de-canciones\/\">Shenandoah\u00a0(Arm. James Erb)<\/a><\/td>\n<\/tr>\n<\/tbody>\n<\/table>\n","protected":false},"excerpt":{"rendered":"<p>SELECCI\u00d3N DE AUDIO Y V\u00cdDEO Cl\u00e9ment Janequin (1485-1558) La Bataille de Marignan Va rossignol Tom\u00e1s Luis de Victoria (1549-1611) Nigra sum sed formosa Oficio de Difuntos (1603): Taedet animam meam Responsorios de Tinieblas: Amicus meus\/Judas mercator pessimus Responsorios de Tinieblas: Tamquam ad latronem Henry Purcell (1659-1695) M\u00fasica para los Funerales de la Reina Mary Diego [&hellip;]<\/p>\n","protected":false},"author":1,"featured_media":0,"parent":0,"menu_order":0,"comment_status":"closed","ping_status":"open","template":"page-templates\/full-width.php","meta":{"_price":"","_stock":"","_tribe_ticket_header":"","_tribe_default_ticket_provider":"","_tribe_ticket_capacity":"0","_ticket_start_date":"","_ticket_end_date":"","_tribe_ticket_show_description":"","_tribe_ticket_show_not_going":false,"_tribe_ticket_use_global_stock":"","_tribe_ticket_global_stock_level":"","_global_stock_mode":"","_global_stock_cap":"","_tribe_rsvp_for_event":"","_tribe_ticket_going_count":"","_tribe_ticket_not_going_count":"","_tribe_tickets_list":"[]","_tribe_ticket_has_attendee_info_fields":false,"footnotes":"","_tec_slr_enabled":"","_tec_slr_layout":""},"class_list":["post-6139","page","type-page","status-publish","hentry"],"aioseo_notices":[],"ticketed":false,"_links":{"self":[{"href":"https:\/\/smdesevilla.com\/principal\/wp-json\/wp\/v2\/pages\/6139","targetHints":{"allow":["GET"]}}],"collection":[{"href":"https:\/\/smdesevilla.com\/principal\/wp-json\/wp\/v2\/pages"}],"about":[{"href":"https:\/\/smdesevilla.com\/principal\/wp-json\/wp\/v2\/types\/page"}],"author":[{"embeddable":true,"href":"https:\/\/smdesevilla.com\/principal\/wp-json\/wp\/v2\/users\/1"}],"replies":[{"embeddable":true,"href":"https:\/\/smdesevilla.com\/principal\/wp-json\/wp\/v2\/comments?post=6139"}],"version-history":[{"count":0,"href":"https:\/\/smdesevilla.com\/principal\/wp-json\/wp\/v2\/pages\/6139\/revisions"}],"wp:attachment":[{"href":"https:\/\/smdesevilla.com\/principal\/wp-json\/wp\/v2\/media?parent=6139"}],"curies":[{"name":"wp","href":"https:\/\/api.w.org\/{rel}","templated":true}]}}