{"id":5895,"date":"2014-10-04T11:46:30","date_gmt":"2014-10-04T10:46:30","guid":{"rendered":"http:\/\/smdesevilla.com\/principal\/?page_id=5895"},"modified":"2026-03-16T22:06:56","modified_gmt":"2026-03-16T21:06:56","slug":"2014-2015","status":"publish","type":"page","link":"https:\/\/smdesevilla.com\/principal\/trayectori\/2014-2015\/","title":{"rendered":"2014-2015"},"content":{"rendered":"<h3><a href=\"?page_id=5897\" target=\"_self\" rel=\"noopener\">CLONE<\/a><\/h3>\n<p>Cynthia Luque \u00b7 Actriz<\/p>\n<p><em>Dolce Rima<\/em><br \/>\nJulieta Vi\u00f1as \u00b7 Viola da gamba<br \/>\nPaula Brieva \u00b7 Tiorba<\/p>\n<p>Coro de la Sociedad Musical de Sevilla<\/p>\n<p>Direcci\u00f3n<br \/>\nGabriel D\u00edaz Cuesta<\/p>\n<p style=\"text-align: justify;\">Conciertos<\/p>\n<p style=\"text-align: justify;\">Jueves 30 de octubre de 2014<br \/>\nTeatro de Capitan\u00eda General<br \/>\nPlaza de Espa\u00f1a<\/p>\n<h3><a href=\"?page_id=5919\" target=\"_self\" rel=\"noopener\">EL MES\u00cdAS PARTICIPATIVO<\/a><\/h3>\n<p>REAL ORQUESTA SINF\u00d3NICA DE SEVILLA<br \/>\nCORO THE AGE OF ENLIGHTENMENT<\/p>\n<p>Sophie Bevan, <em>soprano<br \/>\n<\/em>Catherine Wyn-Rogers, <em>mezzo<br \/>\n<\/em>Mois\u00e9s Mar\u00edn Garc\u00eda, <em>tenor<br \/>\n<\/em>Ashley Riches, <em>bar\u00edtono<\/em><\/p>\n<p>COROS DE SEVILLA, C\u00c1DIZ Y HUELVA<br \/>\nSociedad Musical de Sevilla<\/p>\n<p>Robert Howarth, director<\/p>\n<p>Conciertos<\/p>\n<p>18 y 19 de diciembre de 2014<br \/>\nTeatro de la Maestranza de Sevilla<\/p>\n<h3><a href=\"?page_id=7644\" target=\"_self\" rel=\"noopener\">SCARLATTI \u00b7 STABAT MATER<\/a><\/h3>\n<p>Cristina Bay\u00f3n <em>Soprano<\/em><br \/>\nIsrael Moreno <em>Tenor<\/em><br \/>\nPatricia Gonz\u00e1lez <em>\u00d3rgano<\/em><br \/>\nCoro de la Sociedad Musical de Sevilla<\/p>\n<p>Coro de la Sociedad Musical de Sevilla<br \/>\nGabriel D\u00edaz, Director<\/p>\n<p>Conciertos<\/p>\n<p>14 de marzo de 2015 \u00b7 Convento Madre de Dios (Carmona)<br \/>\n15 de marzo de 2015 \u00b7 Iglesia de San Alberto<\/p>\n<h3><a href=\"?page_id=7651\" target=\"_self\" rel=\"noopener\">O QUAM GLORIOSUM<\/a><\/h3>\n<p>Coro de la Sociedad Musical de Sevilla<br \/>\nIsrael Moreno, director<\/p>\n<p>Conciertos<\/p>\n<p>Jueves 5 de marzo de 2015<br \/>\nCentro C\u00edvico \u00abTejar del Mellizo\u00bb<\/p>\n<h3><a href=\"?page_id=7653\" target=\"_self\" rel=\"noopener\">KRISTNASKO<\/a><\/h3>\n<p>Coro de la Sociedad Musical de Sevilla<br \/>\nGabriel D\u00edaz, director<\/p>\n<p>Concierto D\u00eda de la M\u00fasica<\/p>\n<p>Domingo 21 de junio de 2015<br \/>\nSala Joaqu\u00edn Turina<\/p>\n","protected":false},"excerpt":{"rendered":"<p>CLONE Cynthia Luque \u00b7 Actriz Dolce Rima Julieta Vi\u00f1as \u00b7 Viola da gamba Paula Brieva \u00b7 Tiorba Coro de la Sociedad Musical de Sevilla Direcci\u00f3n Gabriel D\u00edaz Cuesta Conciertos Jueves 30 de octubre de 2014 Teatro de Capitan\u00eda General Plaza de Espa\u00f1a EL MES\u00cdAS PARTICIPATIVO REAL ORQUESTA SINF\u00d3NICA DE SEVILLA CORO THE AGE OF ENLIGHTENMENT [&hellip;]<\/p>\n","protected":false},"author":1,"featured_media":6190,"parent":33,"menu_order":1000,"comment_status":"closed","ping_status":"open","template":"page-3-2","meta":{"_price":"","_stock":"","_tribe_ticket_header":"","_tribe_default_ticket_provider":"TEC\\Tickets\\Commerce\\Module","_tribe_ticket_capacity":"0","_ticket_start_date":"","_ticket_end_date":"","_tribe_ticket_show_description":"","_tribe_ticket_show_not_going":false,"_tribe_ticket_use_global_stock":"","_tribe_ticket_global_stock_level":"","_global_stock_mode":"","_global_stock_cap":"","_tribe_rsvp_for_event":"","_tribe_ticket_going_count":"","_tribe_ticket_not_going_count":"","_tribe_tickets_list":"[]","_tribe_ticket_has_attendee_info_fields":false,"footnotes":"","_tec_slr_enabled":"","_tec_slr_layout":""},"class_list":["post-5895","page","type-page","status-publish","has-post-thumbnail","hentry"],"aioseo_notices":[],"ticketed":false,"_links":{"self":[{"href":"https:\/\/smdesevilla.com\/principal\/wp-json\/wp\/v2\/pages\/5895","targetHints":{"allow":["GET"]}}],"collection":[{"href":"https:\/\/smdesevilla.com\/principal\/wp-json\/wp\/v2\/pages"}],"about":[{"href":"https:\/\/smdesevilla.com\/principal\/wp-json\/wp\/v2\/types\/page"}],"author":[{"embeddable":true,"href":"https:\/\/smdesevilla.com\/principal\/wp-json\/wp\/v2\/users\/1"}],"replies":[{"embeddable":true,"href":"https:\/\/smdesevilla.com\/principal\/wp-json\/wp\/v2\/comments?post=5895"}],"version-history":[{"count":2,"href":"https:\/\/smdesevilla.com\/principal\/wp-json\/wp\/v2\/pages\/5895\/revisions"}],"predecessor-version":[{"id":13058,"href":"https:\/\/smdesevilla.com\/principal\/wp-json\/wp\/v2\/pages\/5895\/revisions\/13058"}],"up":[{"embeddable":true,"href":"https:\/\/smdesevilla.com\/principal\/wp-json\/wp\/v2\/pages\/33"}],"wp:featuredmedia":[{"embeddable":true,"href":"https:\/\/smdesevilla.com\/principal\/wp-json\/wp\/v2\/media\/6190"}],"wp:attachment":[{"href":"https:\/\/smdesevilla.com\/principal\/wp-json\/wp\/v2\/media?parent=5895"}],"curies":[{"name":"wp","href":"https:\/\/api.w.org\/{rel}","templated":true}]}}