{"id":5739,"date":"2014-01-31T11:49:34","date_gmt":"2014-01-31T10:49:34","guid":{"rendered":"http:\/\/smdesevilla.com\/principal\/?page_id=5739"},"modified":"2026-03-16T22:06:56","modified_gmt":"2026-03-16T21:06:56","slug":"taller-con-martin-schmidt","status":"publish","type":"page","link":"https:\/\/smdesevilla.com\/principal\/trayectori\/2011-2012\/taller-con-martin-schmidt\/","title":{"rendered":"Taller con Martin Schmidt"},"content":{"rendered":"<p>2 \u00b7 3 de junio de 2012<br \/>\n16 \u00b7 17 de junio de 2012<\/p>\n<p>Centro C\u00edvico \u201cTejar del Mellizo\u201d<\/p>\n<p>Con el presente taller, la Sociedad Musical de Sevilla prosigue sus actividades formativas y did\u00e1cticas de car\u00e1cter abierto, como continuaci\u00f3n a los Ciclos de Conferencias (cursos de libre configuraci\u00f3n de la Universidad de Sevilla) de 2010 y 2011, a los Cursos de Direcci\u00f3n Coral realizados en los a\u00f1os 2004 y 2006 y al Ciclo de Talleres iniciado el pasado a\u00f1o, con el dedicado por Alonso G\u00f3mez Gallego a la m\u00fa-sica del siglo XX y el de Mayo de 2012, con Jorge Enrique Garc\u00eda, dedicado a Francisco Guerrero.<\/p>\n<p>En esta ocasi\u00f3n, la propuesta se centra en el estudio de tres autores clave del barroco alem\u00e1n: Sch\u00fctz, Buxtehude y Bach, a partir de dos motetes y una cantata.<\/p>\n<p>El taller fue dirigido por el maestro Martin Schmidt, director de coro y orquesta.<\/p>\n<p><strong>REPERTORIO<\/strong><\/p>\n<p>Johann Sebastian Bach<br \/>\n(1685-1750)<\/p>\n<p>Jesu, meine Freude Motete BWV 227<\/p>\n<p>Dietrich Buxtehude<br \/>\n(1637-1707)<\/p>\n<p>Alles, was ihr tut mit Worten oder mit Werken Cantata BUXW 4<\/p>\n<p>Heinrich Sch\u00fctz<br \/>\n(1585-1672)<\/p>\n<p>Meine Seele erhebt den Herren Motete SWV 426<\/p>\n<hr \/>\n<p>&nbsp;<\/p>\n<p><strong>Martin Schmidt<\/strong><br \/>\nDirector del taller<\/p>\n<p>Martin Schmidt recibi\u00f3 su formaci\u00f3n musical en los conservatorios superiores de Freiburg y Frankfurt am Main (Alemania) estudiando las materias de pedagog\u00eda musical, m\u00fasica lit\u00fargica y direcci\u00f3n de orquesta y coral. Impulsos esenciales para su formaci\u00f3n musical, los recibi\u00f3 durante cursos complementarios con Sergiu Celibidache, Eric Ericson y Nikolaus Harnoncourt.<\/p>\n<p>Adem\u00e1s de su direcci\u00f3n de diversos coros, Martin Schmidt llam\u00f3 la atenci\u00f3n sobre todo con el coro y la orquesta de c\u00e1mara de Essen-Werden, fundados por \u00e9l en 1979, dando conciertos en Alemania y en el extranjero. El vasto repertorio de ese con-junto comprende obras a cappella como tambi\u00e9n de oratorios de casi todos los g\u00e9neros y estilos, desde el renacimiento hasta la \u00e9poca actual. Desde 1991 hasta 1994 dirigi\u00f3 el Coro de la ciudad de Bochum y desde 1993 hasta 2010 el Neuer Basler Kammerchor.<\/p>\n<p>Empez\u00f3 su actividad pedag\u00f3gica en 1977 como profesor encargado de direcci\u00f3n coral en el Conservatorio Superior de Friburgo. El a\u00f1o siguiente fue nombrado profesor del conservatorio superior Folkwang de Essen. Desde 1981 es profesor de direcci\u00f3n coral en el Conservatorio Superior del Estado de Karlsruhe y director de los coros universitarios.<\/p>\n<p>Giras de conciertos, estancias como director invitado e invitaciones a festivales internacionales le han llevado a numerosos pa\u00edses de Europa y ultramar.<\/p>\n<p>En Espa\u00f1a, Martin Schmidt imparte cursos de direcci\u00f3n desde hace muchos a\u00f1os, como por ejemplo regularmente en el Festival de M\u00fasica Antigua de Daroca, y ha dado conciertos como director invitado con el Orfe\u00f3 Catal\u00e0 de Barcelona y el Coro de la Comunidad de Madrid, entre otros.<\/p>\n","protected":false},"excerpt":{"rendered":"<p>2 \u00b7 3 de junio de 2012 16 \u00b7 17 de junio de 2012 Centro C\u00edvico \u201cTejar del Mellizo\u201d Con el presente taller, la Sociedad Musical de Sevilla prosigue sus actividades formativas y did\u00e1cticas de car\u00e1cter abierto, como continuaci\u00f3n a los Ciclos de Conferencias (cursos de libre configuraci\u00f3n de la Universidad de Sevilla) de 2010 [&hellip;]<\/p>\n","protected":false},"author":1,"featured_media":5740,"parent":5676,"menu_order":200,"comment_status":"closed","ping_status":"open","template":"page-3-2","meta":{"_price":"","_stock":"","_tribe_ticket_header":"","_tribe_default_ticket_provider":"","_tribe_ticket_capacity":"0","_ticket_start_date":"","_ticket_end_date":"","_tribe_ticket_show_description":"","_tribe_ticket_show_not_going":false,"_tribe_ticket_use_global_stock":"","_tribe_ticket_global_stock_level":"","_global_stock_mode":"","_global_stock_cap":"","_tribe_rsvp_for_event":"","_tribe_ticket_going_count":"","_tribe_ticket_not_going_count":"","_tribe_tickets_list":"[]","_tribe_ticket_has_attendee_info_fields":false,"footnotes":"","_tec_slr_enabled":"","_tec_slr_layout":""},"class_list":["post-5739","page","type-page","status-publish","has-post-thumbnail","hentry"],"aioseo_notices":[],"ticketed":false,"_links":{"self":[{"href":"https:\/\/smdesevilla.com\/principal\/wp-json\/wp\/v2\/pages\/5739","targetHints":{"allow":["GET"]}}],"collection":[{"href":"https:\/\/smdesevilla.com\/principal\/wp-json\/wp\/v2\/pages"}],"about":[{"href":"https:\/\/smdesevilla.com\/principal\/wp-json\/wp\/v2\/types\/page"}],"author":[{"embeddable":true,"href":"https:\/\/smdesevilla.com\/principal\/wp-json\/wp\/v2\/users\/1"}],"replies":[{"embeddable":true,"href":"https:\/\/smdesevilla.com\/principal\/wp-json\/wp\/v2\/comments?post=5739"}],"version-history":[{"count":1,"href":"https:\/\/smdesevilla.com\/principal\/wp-json\/wp\/v2\/pages\/5739\/revisions"}],"predecessor-version":[{"id":14341,"href":"https:\/\/smdesevilla.com\/principal\/wp-json\/wp\/v2\/pages\/5739\/revisions\/14341"}],"up":[{"embeddable":true,"href":"https:\/\/smdesevilla.com\/principal\/wp-json\/wp\/v2\/pages\/5676"}],"wp:featuredmedia":[{"embeddable":true,"href":"https:\/\/smdesevilla.com\/principal\/wp-json\/wp\/v2\/media\/5740"}],"wp:attachment":[{"href":"https:\/\/smdesevilla.com\/principal\/wp-json\/wp\/v2\/media?parent=5739"}],"curies":[{"name":"wp","href":"https:\/\/api.w.org\/{rel}","templated":true}]}}