{"id":5735,"date":"2014-01-31T11:41:30","date_gmt":"2014-01-31T10:41:30","guid":{"rendered":"http:\/\/smdesevilla.com\/principal\/?page_id=5735"},"modified":"2026-03-16T22:06:55","modified_gmt":"2026-03-16T21:06:55","slug":"5735-2","status":"publish","type":"page","link":"https:\/\/smdesevilla.com\/principal\/trayectori\/2011-2012\/5735-2\/","title":{"rendered":"Taller con Jorge Garc\u00eda"},"content":{"rendered":"<p>5 \u00b7 6 de mayo de 2012<br \/>\n12 \u00b7 13 de mayo de 2012<\/p>\n<p>Centro C\u00edvico \u00abTejar del Mellizo\u00bb<\/p>\n<p>Con el presente taller, la Sociedad Musical de Sevilla prosigue sus actividades formativas y did\u00e1cticas de car\u00e1cter abierto, como continuaci\u00f3n a los Ciclos de Conferencias (cursos de libre configuraci\u00f3n de la Universidad de Sevilla) de 2010 y 2011, a los Cursos de Direcci\u00f3n Coral realizados en los a\u00f1os 2004 y 2006 y al Ciclo de Talleres iniciado el pasado a\u00f1o, con el dedicado por Alonso G\u00f3mez Gallego a la m\u00fasica del siglo XX.<\/p>\n<p>En esta ocasi\u00f3n, la propuesta se centra en el estudio de la polifon\u00eda de Francisco Guerrero, a partir de varios de sus motetes y villanescas dedicadas a la Virgen Mar\u00eda. Para ello contamos en esta ocasi\u00f3n con la participaci\u00f3n del maestro gaditano Jorge Enrique Garc\u00eda Ortega, cantante y director de la Capilla de M\u00fasica de la Catedral de C\u00e1diz.<\/p>\n<p><strong>REPERTORIO<\/strong><\/p>\n<p>Francisco Guerrero (1528-1599)<\/p>\n<p>Ave Maria <em>Motete<\/em><\/p>\n<p>Esclare\u00e7ida Madre <em>Villanesca<\/em><\/p>\n<p>Alma Redemptoris Mater <em>Motete<\/em><\/p>\n<p>Sanctissima Maria <em>Villanesca<\/em><\/p>\n<p>Ave Virgo Sanctissima <em>Motete<\/em><\/p>\n<p>La gracia y los ojos bellos <em>Villanesca<\/em><\/p>\n<p>Regina caeli laetare <em>Motete<\/em><\/p>\n<hr \/>\n<p>&nbsp;<\/p>\n<p><strong>Jorge Enrique Garc\u00eda Ortega<\/strong><br \/>\nDirector del taller<\/p>\n<p>Nacido en C\u00e1diz en 1981, empieza a cantar de ni\u00f1o en la Escolan\u00eda municipal \u00abA\u00f1il\u00bb bajo la direcci\u00f3n del music\u00f3logo Marcelino D\u00edez.<\/p>\n<p>A la edad de 9 a\u00f1os comienza sus estudios Musicales en el Real Conservatorio profesional \u201cManuel de Falla\u201d de su ciudad natal. En 2001 se traslada a Paris becado por la Diputaci\u00f3n de C\u00e1diz, donde obtiene el \u00abDiplome de Etudes musicales\u00bb por la \u00c9cole Nationale de Musique, Danse et Art Dramatique \u00abMarcel Dupre\u00bb de Meudon (Par\u00eds) estudiando con Carole Bajac e iniciandose en el canto Hist\u00f3rico con el tenor americano Howard Crook. Ha estudiado en la Academia de M\u00fasica Antigua de la Universidad de Salamanca con David Mason y Richard Levitt, con quien ha proseguido sus estudios en Basilea. Ha sido miembro del Coro barroco de Andaluc\u00eda bajo la direcci\u00f3n de Llu\u00eds Vilamaj\u00f3, recibiendo formaci\u00f3n vocal de Carlos Mena, Lambert Climent y Jos\u00e9 Hern\u00e1ndez.<\/p>\n<p>Dedicado principalmente a la M\u00fasica Antigua trabaja regularmente como solista y en formaciones vocales como Collegium Vocale Gent bajo la direcci\u00f3n de Philippe Herreweghe, Vozes de Al Ayre espa\u00f1ol bajo la direcci\u00f3n de Eduardo L\u00f3pez Banzo, Nova Lux ensemble, etc. y con otros directores como Monica Huggett, Christoph Coin y Diego Fasolis. Ha grabado con Collegium vocale Gent la 9\u00aa sinfon\u00eda de Beethoven para el sello Pentatone (Amberes, 2009) y la Pasi\u00f3n seg\u00fan San Mateo, en directo, para la cadena Nacional alemana 3sat en el auditorium de K\u00f6ln (Alemania, 2010) bajo la direcci\u00f3n de Philippe Herreweghe. Tambi\u00e9n ha grabado con el Coro barroco de Andaluc\u00eda y Orquesta barroca de Sevilla bajo la direcci\u00f3n de Diego Fasolis el CD \u00abSerpiente venenosa\u00bb. Como solista y director de la Capilla de m\u00fasica de la Catedral de C\u00e1diz-Conjunto vocal e instrumental Virelay ha grabado el primer volumen de la colecci\u00f3n \u00abArchivo musical de la Catedral de C\u00e1diz\u00bb, reconstruyendo la pr\u00e1ctica lit\u00fargica del Corpus Christi gaditano en el s.XVIII con m\u00fasica del Maestro Juan Domingo Vidal.<\/p>\n<p>Es profesor de canto en la Academia Musicry de Jerez de la Frontera (centro asociado de Guildhall, Londres) y ha impartido cursos de t\u00e9cnica vocal y Canto coral invitado por la Universidad de C\u00f3rdoba y el Conservatorio profesional \u00abPaco de Luc\u00eda\u00bb de Algeciras.<\/p>\n<p>En el campo de la musicolog\u00eda trabaja en la recuperaci\u00f3n del patrimonio musical gaditano realizando transcripciones de m\u00fasica del siglo XVIII de la Seo gaditana para la capilla catedralicia, poniendo esas obras de nuevo en marcha en el culto, y ocasionalmente para el CBA, muchos de estos trabajos se han presentado en festivales como el de \u00dabeda y Baeza y el Festival de m\u00fasica espa\u00f1ola de C\u00e1diz cristalizando en la citada colecci\u00f3n \u00abArchivo musical de la Catedral de C\u00e1diz\u00bb cuyo segundo volumen se presentar\u00e1 en noviembre, en el FMEC de este mismo a\u00f1o.<\/p>\n","protected":false},"excerpt":{"rendered":"<p>5 \u00b7 6 de mayo de 2012 12 \u00b7 13 de mayo de 2012 Centro C\u00edvico \u00abTejar del Mellizo\u00bb Con el presente taller, la Sociedad Musical de Sevilla prosigue sus actividades formativas y did\u00e1cticas de car\u00e1cter abierto, como continuaci\u00f3n a los Ciclos de Conferencias (cursos de libre configuraci\u00f3n de la Universidad de Sevilla) de 2010 [&hellip;]<\/p>\n","protected":false},"author":1,"featured_media":5736,"parent":5676,"menu_order":100,"comment_status":"closed","ping_status":"open","template":"page-3-2","meta":{"_price":"","_stock":"","_tribe_ticket_header":"","_tribe_default_ticket_provider":"","_tribe_ticket_capacity":"0","_ticket_start_date":"","_ticket_end_date":"","_tribe_ticket_show_description":"","_tribe_ticket_show_not_going":false,"_tribe_ticket_use_global_stock":"","_tribe_ticket_global_stock_level":"","_global_stock_mode":"","_global_stock_cap":"","_tribe_rsvp_for_event":"","_tribe_ticket_going_count":"","_tribe_ticket_not_going_count":"","_tribe_tickets_list":"[]","_tribe_ticket_has_attendee_info_fields":false,"footnotes":"","_tec_slr_enabled":"","_tec_slr_layout":""},"class_list":["post-5735","page","type-page","status-publish","has-post-thumbnail","hentry"],"aioseo_notices":[],"ticketed":false,"_links":{"self":[{"href":"https:\/\/smdesevilla.com\/principal\/wp-json\/wp\/v2\/pages\/5735","targetHints":{"allow":["GET"]}}],"collection":[{"href":"https:\/\/smdesevilla.com\/principal\/wp-json\/wp\/v2\/pages"}],"about":[{"href":"https:\/\/smdesevilla.com\/principal\/wp-json\/wp\/v2\/types\/page"}],"author":[{"embeddable":true,"href":"https:\/\/smdesevilla.com\/principal\/wp-json\/wp\/v2\/users\/1"}],"replies":[{"embeddable":true,"href":"https:\/\/smdesevilla.com\/principal\/wp-json\/wp\/v2\/comments?post=5735"}],"version-history":[{"count":1,"href":"https:\/\/smdesevilla.com\/principal\/wp-json\/wp\/v2\/pages\/5735\/revisions"}],"predecessor-version":[{"id":14340,"href":"https:\/\/smdesevilla.com\/principal\/wp-json\/wp\/v2\/pages\/5735\/revisions\/14340"}],"up":[{"embeddable":true,"href":"https:\/\/smdesevilla.com\/principal\/wp-json\/wp\/v2\/pages\/5676"}],"wp:featuredmedia":[{"embeddable":true,"href":"https:\/\/smdesevilla.com\/principal\/wp-json\/wp\/v2\/media\/5736"}],"wp:attachment":[{"href":"https:\/\/smdesevilla.com\/principal\/wp-json\/wp\/v2\/media?parent=5735"}],"curies":[{"name":"wp","href":"https:\/\/api.w.org\/{rel}","templated":true}]}}