{"id":5732,"date":"2014-01-31T11:07:11","date_gmt":"2014-01-31T10:07:11","guid":{"rendered":"http:\/\/smdesevilla.com\/principal\/?page_id=5732"},"modified":"2026-03-16T22:06:55","modified_gmt":"2026-03-16T21:06:55","slug":"taller-con-alonso-gomez-gallego","status":"publish","type":"page","link":"https:\/\/smdesevilla.com\/principal\/trayectori\/2010-2011\/taller-con-alonso-gomez-gallego\/","title":{"rendered":"Taller con Alonso G\u00f3mez Gallego"},"content":{"rendered":"<p>14 y 15 de mayo de 2011<br \/>\n21 y 22 de mayo de 2011<\/p>\n<p>Convento de Santa Clara<\/p>\n<p>Con el presente taller, la Sociedad Musical de Sevilla prosigue sus actividades formativas y did\u00e1cticas de car\u00e1cter abierto, como continuaci\u00f3n a los Ciclos de Conferencias (cursos de libre configuraci\u00f3n de la Universidad de Sevilla) de 2010 y 2011 y a los Cursos de Direcci\u00f3n Coral realizados en los a\u00f1os 2004 y 2006.<\/p>\n<p>En esta ocasi\u00f3n, la propuesta se centra en el estudio de la polifon\u00eda del norte y centro de europa de los siglos XX y XXI mediante el formato de taller de canto coral. Para ello contamos en esta ocasi\u00f3n con la inestimable participaci\u00f3n del maestro Alonso G\u00f3mez Gallego, experimentado director pacense de reconocido prestigio y profesor del Conservatorio Superior de M\u00fasica de Badajoz. Cuenta en su haber con numerosos galardones a nivel nacional y experiencia internacional, adem\u00e1s de desarrollar labores de investigaci\u00f3n musicl\u00f3gica para la Universidad de Extremadura.<\/p>\n<p><strong>REPERTORIO<\/strong><\/p>\n<p><em>Oremus<\/em><br \/>\n<em>Surrexit Christus<\/em><br \/>\nUrmas Sisask (1960-)<\/p>\n<p><em>Ave Maris Stella<\/em><br \/>\nTrond Kverno (1945-)<\/p>\n<p><em>Laudate<\/em><br \/>\nKnut Nystedt (1915-)<\/p>\n<p><em>Solfeggio<\/em><br \/>\nArvo P\u00e4rt (1935-)<\/p>\n<p><em>Pater Noster<\/em><br \/>\nIgor Stravinsky (1882-1971)<\/p>\n<p><em>Parce Domine<\/em><br \/>\nFeliks Nowowiejski (1877-1946)<\/p>\n<p><em>Kyrie<\/em><br \/>\nLeonidas Abaris (1955-)<\/p>\n<p><em>Libera me<\/em><br \/>\nLajos Bardos (1899-1986)<\/p>\n<hr \/>\n<p><strong>Alonso G\u00f3mez Gallego | <\/strong>Director del taller<\/p>\n<p>Profesor de piano bajo la tutela de Esteban S\u00e1nchez y Profesor Superior de Direcci\u00f3n Coral con el Catedr\u00e1tico de Conservatorio Superior de M\u00fasica de Sevilla Ricardo Rodr\u00edguez. Finaliza sus estudios con Matr\u00edcula de Honor.<\/p>\n<p>En su ya larga carrera como director de coro ha trabajado con todo tipo de agrupaciones vocales (no profesionales, semi-profesionales y profesionales). Ha dirigido conciertos en Alemania, Irlanda y Portugal as\u00ed como en innumerables lugares de la geograf\u00eda nacional. Bajo su direcci\u00f3n existen registros de conciertos \u00edntegramente retransmitidos por TVE, canal cl\u00e1sico internacional, as\u00ed como grabaciones discogr\u00e1ficas de tirada internacional.<\/p>\n<p>Dirige desde finales de 2005 el Coro del Conservatorio Superior de M\u00fasica de Badajoz, siendo fundador y actual director del Coro Amadeus de Puebla de la Calzada, agrupaci\u00f3n esta \u00faltima con la que obtuvo el Gran Premio Nacional de Canto Coral en diciembre de 2005.<\/p>\n<p>Ha recibido numerosos premios y reconocimientos. En concurso ha ganado hasta en 6 ocasiones cert\u00e1menes del circuito nacional coral con el Coro Amadeus y uno m\u00e1s con el Coro del Conservatorio Superior de M\u00fasica de Badajoz. Obtuvo el Diploma de Oro del Festival Infantil de Habaneras de Torrevieja, otorgado en el a\u00f1o 2004 al frente de la Escolan\u00eda del Conservatorio de Badajoz que ya dirig\u00eda desde 2001.<\/p>\n<p>Actualmente ejerce en el Conservatorio Profesional de M\u00fasica \u00abJuan V\u00e1zquez\u00bb de Badajoz colaborando a su vez con el grupo de investigaci\u00f3n de la Universidad de Extremadura La Recuperaci\u00f3n de la M\u00fasica Hist\u00f3rica en Centros religiosos de Extremadura (PRI09A044) desde 2009.<\/p>\n<p>Hoy por hoy dedica su tiempo libre al estudio, promoci\u00f3n y difusi\u00f3n de la m\u00fasica vocal extreme\u00f1a, labor que desarrolla desde el Instituto Extreme\u00f1o de Canto y Direcci\u00f3n Coral del que es presidente y fundador; trabajando y desarrollando desde el a\u00f1o 2003 lo que hoy se conoce como Plan de acci\u00f3n Extremadura y su m\u00fasica.<\/p>\n<p>&nbsp;<\/p>\n","protected":false},"excerpt":{"rendered":"<p>14 y 15 de mayo de 2011 21 y 22 de mayo de 2011 Convento de Santa Clara Con el presente taller, la Sociedad Musical de Sevilla prosigue sus actividades formativas y did\u00e1cticas de car\u00e1cter abierto, como continuaci\u00f3n a los Ciclos de Conferencias (cursos de libre configuraci\u00f3n de la Universidad de Sevilla) de 2010 y [&hellip;]<\/p>\n","protected":false},"author":1,"featured_media":5733,"parent":974,"menu_order":100,"comment_status":"closed","ping_status":"open","template":"page-3-2","meta":{"_price":"","_stock":"","_tribe_ticket_header":"","_tribe_default_ticket_provider":"TEC\\Tickets\\Commerce\\Module","_tribe_ticket_capacity":"0","_ticket_start_date":"","_ticket_end_date":"","_tribe_ticket_show_description":"","_tribe_ticket_show_not_going":false,"_tribe_ticket_use_global_stock":"","_tribe_ticket_global_stock_level":"","_global_stock_mode":"","_global_stock_cap":"","_tribe_rsvp_for_event":"","_tribe_ticket_going_count":"","_tribe_ticket_not_going_count":"","_tribe_tickets_list":"[]","_tribe_ticket_has_attendee_info_fields":false,"footnotes":"","_tec_slr_enabled":"","_tec_slr_layout":""},"class_list":["post-5732","page","type-page","status-publish","has-post-thumbnail","hentry"],"aioseo_notices":[],"ticketed":false,"_links":{"self":[{"href":"https:\/\/smdesevilla.com\/principal\/wp-json\/wp\/v2\/pages\/5732","targetHints":{"allow":["GET"]}}],"collection":[{"href":"https:\/\/smdesevilla.com\/principal\/wp-json\/wp\/v2\/pages"}],"about":[{"href":"https:\/\/smdesevilla.com\/principal\/wp-json\/wp\/v2\/types\/page"}],"author":[{"embeddable":true,"href":"https:\/\/smdesevilla.com\/principal\/wp-json\/wp\/v2\/users\/1"}],"replies":[{"embeddable":true,"href":"https:\/\/smdesevilla.com\/principal\/wp-json\/wp\/v2\/comments?post=5732"}],"version-history":[{"count":2,"href":"https:\/\/smdesevilla.com\/principal\/wp-json\/wp\/v2\/pages\/5732\/revisions"}],"predecessor-version":[{"id":12997,"href":"https:\/\/smdesevilla.com\/principal\/wp-json\/wp\/v2\/pages\/5732\/revisions\/12997"}],"up":[{"embeddable":true,"href":"https:\/\/smdesevilla.com\/principal\/wp-json\/wp\/v2\/pages\/974"}],"wp:featuredmedia":[{"embeddable":true,"href":"https:\/\/smdesevilla.com\/principal\/wp-json\/wp\/v2\/media\/5733"}],"wp:attachment":[{"href":"https:\/\/smdesevilla.com\/principal\/wp-json\/wp\/v2\/media?parent=5732"}],"curies":[{"name":"wp","href":"https:\/\/api.w.org\/{rel}","templated":true}]}}