{"id":53,"date":"2008-06-05T19:15:23","date_gmt":"2008-06-05T17:15:23","guid":{"rendered":"http:\/\/localhost\/wordpress\/?page_id=82"},"modified":"2014-10-05T23:16:21","modified_gmt":"2014-10-05T22:16:21","slug":"entidades-y-patrocinios","status":"publish","type":"page","link":"https:\/\/smdesevilla.com\/principal\/colaboradores\/entidades-y-patrocinios\/","title":{"rendered":"Entidades colaboradoras y patrocinadores"},"content":{"rendered":"<hr \/>\n<div class=\"left\">\n<p style=\"text-align: left;\"><img decoding=\"async\" class=\"alignnone size-full wp-image-98\" src=\"\/principal\/wp-content\/uploads\/2008\/08\/ver-grupo-neg-color.jpg\" alt=\"\" width=\"130\" \/><a href=\"\/principal\/wp-content\/uploads\/2008\/08\/ver-grupo-neg-color.jpg\"><\/a><\/p>\n<p style=\"text-align: left;\"><img decoding=\"async\" class=\"alignnone size-full wp-image-98\" src=\"\/principal\/wp-content\/uploads\/2008\/08\/pc.gif\" alt=\"\" width=\"130\" \/><a href=\"\/principal\/wp-content\/uploads\/2008\/08\/ver-grupo-neg-color.jpg\"><\/a><\/p>\n<p style=\"text-align: left;\"><img decoding=\"async\" class=\"alignnone size-full wp-image-98\" src=\"\/principal\/wp-content\/uploads\/2008\/08\/icas.gif\" alt=\"\" width=\"130\" \/><a href=\"\/principal\/wp-content\/uploads\/2008\/08\/ver-grupo-neg-color.jpg\"><\/a><\/p>\n<p style=\"text-align: left;\"><img decoding=\"async\" class=\"alignnone size-full wp-image-98\" src=\"\/principal\/wp-content\/uploads\/2008\/08\/junta.gif\" alt=\"\" width=\"130\" \/><a href=\"\/principal\/wp-content\/uploads\/2008\/08\/ver-grupo-neg-color.jpg\"><\/a><\/p>\n<p style=\"text-align: left;\"><img decoding=\"async\" class=\"alignnone size-full wp-image-98\" src=\"\/principal\/wp-content\/uploads\/2008\/08\/us.gif\" alt=\"\" width=\"130\" \/><a href=\"\/principal\/wp-content\/uploads\/2008\/08\/ver-grupo-neg-color.jpg\"><\/a><\/p>\n<p style=\"text-align: left;\"><img decoding=\"async\" class=\"alignnone size-full wp-image-98\" src=\"\/principal\/wp-content\/uploads\/2008\/08\/endesa.gif\" alt=\"\" width=\"130\" \/><a href=\"\/principal\/wp-content\/uploads\/2008\/08\/ver-grupo-neg-color.jpg\"><\/a><\/p>\n<p style=\"text-align: left;\"><img decoding=\"async\" class=\"alignnone size-full wp-image-98\" src=\"\/principal\/wp-content\/uploads\/2008\/08\/lacaixa.gif\" alt=\"\" width=\"130\" \/><a href=\"\/principal\/wp-content\/uploads\/2008\/08\/ver-grupo-neg-color.jpg\"><\/a><\/p>\n<\/div>\n<div class=\"right\">\n<\/p>\n<h3>INSTITUCIONES P\u00daBLICAS<\/h3>\n<p>Ayuntamiento de Sevilla<br \/>\n<em>\u00c1rea de Participaci\u00f3n Ciudadana<br \/>\nICAS-Instituto de la Cultura y las Artes<\/em><br \/>\nCentro Andaluz de Teatro<br \/>\nCentro C\u00edvico \u201cTejar del Mellizo\u201d<br \/>\nConservatorio Profesional de M\u00fasica \u201cCrist\u00f3bal de Morales\u201d<br \/>\nEsc\u00e9nica<br \/>\nEscuela Superior de Ingenieros<br \/>\nIES Triana<br \/>\nJunta de Andaluc\u00eda<br \/>\n<em>Consejer\u00eda de Cultura<\/em><br \/>\nUniversidad de Sevilla<\/p>\n<h3>ENTIDADES Y EMPRESAS PRIVADAS<\/h3>\n<p>Adolfo Ben\u00edtez Gallego, Economista-auditor-censor<br \/>\nAsociaci\u00f3n de AA.AA. de Ingenieros \u201cAntonio de Ulloa\u201d<br \/>\nCaja Madrid<br \/>\nCapilla de la Virgen de Montserrat<br \/>\nColegio del Protectorado de la Infancia<br \/>\nFundaci\u00f3n Cajasol-Obra Social<br \/>\nFundaci\u00f3n \u00abLa Caixa\u00bb-Obra Social<br \/>\nIdetecnia<br \/>\nIglesia del Colegio de las Esclavas<br \/>\nIglesia de Santa Marina<br \/>\nIglesia de la Caridad<br \/>\nIglesia de la Magdalena<br \/>\nIglesia de San Buenaventura<br \/>\nIglesia de San Juan de la Palma<br \/>\nIglesia de San Mart\u00edn<br \/>\nMailing Andaluc\u00eda<br \/>\nSevillana Endesa\n<\/p><\/div>\n","protected":false},"excerpt":{"rendered":"<p>INSTITUCIONES P\u00daBLICAS Ayuntamiento de Sevilla \u00c1rea de Participaci\u00f3n Ciudadana ICAS-Instituto de la Cultura y las Artes Centro Andaluz de Teatro Centro C\u00edvico \u201cTejar del Mellizo\u201d Conservatorio Profesional de M\u00fasica \u201cCrist\u00f3bal de Morales\u201d Esc\u00e9nica Escuela Superior de Ingenieros IES Triana Junta de Andaluc\u00eda Consejer\u00eda de Cultura Universidad de Sevilla ENTIDADES Y EMPRESAS PRIVADAS Adolfo Ben\u00edtez Gallego, [&hellip;]<\/p>\n","protected":false},"author":1,"featured_media":0,"parent":44,"menu_order":4,"comment_status":"closed","ping_status":"open","template":"","meta":{"_price":"","_stock":"","_tribe_ticket_header":"","_tribe_default_ticket_provider":"","_tribe_ticket_capacity":"0","_ticket_start_date":"","_ticket_end_date":"","_tribe_ticket_show_description":"","_tribe_ticket_show_not_going":false,"_tribe_ticket_use_global_stock":"","_tribe_ticket_global_stock_level":"","_global_stock_mode":"","_global_stock_cap":"","_tribe_rsvp_for_event":"","_tribe_ticket_going_count":"","_tribe_ticket_not_going_count":"","_tribe_tickets_list":"[]","_tribe_ticket_has_attendee_info_fields":false,"footnotes":"","_tec_slr_enabled":"","_tec_slr_layout":""},"class_list":["post-53","page","type-page","status-publish","hentry"],"aioseo_notices":[],"ticketed":false,"_links":{"self":[{"href":"https:\/\/smdesevilla.com\/principal\/wp-json\/wp\/v2\/pages\/53","targetHints":{"allow":["GET"]}}],"collection":[{"href":"https:\/\/smdesevilla.com\/principal\/wp-json\/wp\/v2\/pages"}],"about":[{"href":"https:\/\/smdesevilla.com\/principal\/wp-json\/wp\/v2\/types\/page"}],"author":[{"embeddable":true,"href":"https:\/\/smdesevilla.com\/principal\/wp-json\/wp\/v2\/users\/1"}],"replies":[{"embeddable":true,"href":"https:\/\/smdesevilla.com\/principal\/wp-json\/wp\/v2\/comments?post=53"}],"version-history":[{"count":0,"href":"https:\/\/smdesevilla.com\/principal\/wp-json\/wp\/v2\/pages\/53\/revisions"}],"up":[{"embeddable":true,"href":"https:\/\/smdesevilla.com\/principal\/wp-json\/wp\/v2\/pages\/44"}],"wp:attachment":[{"href":"https:\/\/smdesevilla.com\/principal\/wp-json\/wp\/v2\/media?parent=53"}],"curies":[{"name":"wp","href":"https:\/\/api.w.org\/{rel}","templated":true}]}}