{"id":37,"date":"2008-06-05T18:28:39","date_gmt":"2008-06-05T16:28:39","guid":{"rendered":"http:\/\/localhost\/wordpress\/?page_id=65"},"modified":"2026-03-16T22:06:54","modified_gmt":"2026-03-16T21:06:54","slug":"2007-2","status":"publish","type":"page","link":"https:\/\/smdesevilla.com\/principal\/trayectori\/2007-2\/","title":{"rendered":"2007-2008"},"content":{"rendered":"<h3><a href=\"?page_id=73\" target=\"_self\">El Postromanticismo alem\u00e1n:<br \/>\nla b\u00fasqueda de nuevos lenguajes<\/a><\/h3>\n<p>Conciertos 12 de noviembre y 16 de diciembre de 2007<br \/>\nIglesia de la Caridad<br \/>\nFundaci\u00f3n El Monte (Sala Joaqu\u00edn Turina)<\/p>\n<h3><a href=\"?page_id=74\" target=\"_self\">El Mes\u00edas participativo<\/a><\/h3>\n<p>Georg Friedrich Ha\u00ebndel<br \/>\nEl Mes\u00edas HWV 51<\/p>\n<p>Concierto 10 de diciembre de 2007<br \/>\nProducci\u00f3n en colaboraci\u00f3n con la Fundaci\u00f3n La Caixa<br \/>\nCoro del Ateneo<br \/>\nCoro Manuel de Falla<br \/>\nCoro de la Sociedad Musical de Sevilla<br \/>\nOrquesta Barroca de Sevilla<br \/>\nCoro Arsys Bourgogne<br \/>\nDirecci\u00f3n Pierre Cao<\/p>\n<h3><a href=\"?page_id=75\" target=\"_self\">Bruckner<\/a><\/h3>\n<p>Director Invitado ISRAEL S\u00c1NCHEZ L\u00d3PEZ<br \/>\nConciertos 14 y 15 de junio de 2008<br \/>\nFundaci\u00f3n El Monte (Sala Joaqu\u00edn Turina)<br \/>\nIglesia de San Mart\u00edn<\/p>\n","protected":false},"excerpt":{"rendered":"<p>El Postromanticismo alem\u00e1n: la b\u00fasqueda de nuevos lenguajes Conciertos 12 de noviembre y 16 de diciembre de 2007 Iglesia de la Caridad Fundaci\u00f3n El Monte (Sala Joaqu\u00edn Turina) El Mes\u00edas participativo Georg Friedrich Ha\u00ebndel El Mes\u00edas HWV 51 Concierto 10 de diciembre de 2007 Producci\u00f3n en colaboraci\u00f3n con la Fundaci\u00f3n La Caixa Coro del Ateneo [&hellip;]<\/p>\n","protected":false},"author":1,"featured_media":6195,"parent":33,"menu_order":5,"comment_status":"closed","ping_status":"open","template":"page-3-2","meta":{"_price":"","_stock":"","_tribe_ticket_header":"","_tribe_default_ticket_provider":"","_tribe_ticket_capacity":"0","_ticket_start_date":"","_ticket_end_date":"","_tribe_ticket_show_description":"","_tribe_ticket_show_not_going":false,"_tribe_ticket_use_global_stock":"","_tribe_ticket_global_stock_level":"","_global_stock_mode":"","_global_stock_cap":"","_tribe_rsvp_for_event":"","_tribe_ticket_going_count":"","_tribe_ticket_not_going_count":"","_tribe_tickets_list":"[]","_tribe_ticket_has_attendee_info_fields":false,"footnotes":"","_tec_slr_enabled":"","_tec_slr_layout":""},"class_list":["post-37","page","type-page","status-publish","has-post-thumbnail","hentry"],"aioseo_notices":[],"ticketed":false,"_links":{"self":[{"href":"https:\/\/smdesevilla.com\/principal\/wp-json\/wp\/v2\/pages\/37","targetHints":{"allow":["GET"]}}],"collection":[{"href":"https:\/\/smdesevilla.com\/principal\/wp-json\/wp\/v2\/pages"}],"about":[{"href":"https:\/\/smdesevilla.com\/principal\/wp-json\/wp\/v2\/types\/page"}],"author":[{"embeddable":true,"href":"https:\/\/smdesevilla.com\/principal\/wp-json\/wp\/v2\/users\/1"}],"replies":[{"embeddable":true,"href":"https:\/\/smdesevilla.com\/principal\/wp-json\/wp\/v2\/comments?post=37"}],"version-history":[{"count":1,"href":"https:\/\/smdesevilla.com\/principal\/wp-json\/wp\/v2\/pages\/37\/revisions"}],"predecessor-version":[{"id":14333,"href":"https:\/\/smdesevilla.com\/principal\/wp-json\/wp\/v2\/pages\/37\/revisions\/14333"}],"up":[{"embeddable":true,"href":"https:\/\/smdesevilla.com\/principal\/wp-json\/wp\/v2\/pages\/33"}],"wp:featuredmedia":[{"embeddable":true,"href":"https:\/\/smdesevilla.com\/principal\/wp-json\/wp\/v2\/media\/6195"}],"wp:attachment":[{"href":"https:\/\/smdesevilla.com\/principal\/wp-json\/wp\/v2\/media?parent=37"}],"curies":[{"name":"wp","href":"https:\/\/api.w.org\/{rel}","templated":true}]}}