{"id":13100,"date":"2024-08-09T13:42:01","date_gmt":"2024-08-09T11:42:01","guid":{"rendered":"https:\/\/smdesevilla.com\/principal\/?page_id=13100"},"modified":"2026-03-16T22:06:58","modified_gmt":"2026-03-16T21:06:58","slug":"el-mesias-participativo-2016","status":"publish","type":"page","link":"https:\/\/smdesevilla.com\/principal\/trayectori\/2017-2018\/el-mesias-participativo-2016\/","title":{"rendered":"El Mes\u00edas Participativo 2017"},"content":{"rendered":"<p>19 y 20 de diciembre de 2017<br \/>\nTeatro de la Maestranza<strong><br \/>\n<\/strong><\/p>\n<div>\n<p>Real Orquesta Sinf\u00f3nica de Sevilla<\/p>\n<p>Coro de la Comunidad de Madrid<\/p>\n<p>Asociaci\u00f3n Musical de la iglesia de San Alberto<br \/>\nCoral San Felipe Neri<br \/>\nCamerata Vocal Concertante (Huelva)<br \/>\nCoro \u00c1ngel de Urcelay<br \/>\nCoro Aretiena<br \/>\nCoro Ars Vivendi de Sevilla<br \/>\nCoro de C\u00e1mara An Die Musik<br \/>\nCoro de la Universidad de Huelva<br \/>\nCoro del Ateneo de Sevilla<br \/>\nCoro Manuel de Falla del Conservatorio Superior de M\u00fasica de Sevilla<br \/>\nCoro Polif\u00f3nico Orippo<br \/>\nOrfe\u00f3n Portuense de El Puerto de Santa Mar\u00eda (C\u00e1diz)<br \/>\nOrfe\u00f3n Virgen de la Escalera de Rota (C\u00e1diz)<br \/>\nCoro de la Sociedad Musical de Sevilla<\/p>\n<p>N\u00faria Rial, <em>soprano<br \/>\n<\/em>Matthias Rexroth, <em>contratenor<br \/>\n<\/em>David Alegret, <em>tenor<br \/>\n<\/em>Enric Mart\u00ednez-Castignani, <em>bajo<\/em><\/p>\n<p>Joolz Gale, director<\/p>\n<\/div>\n","protected":false},"excerpt":{"rendered":"<p>19 y 20 de diciembre de 2017 Teatro de la Maestranza Real Orquesta Sinf\u00f3nica de Sevilla Coro de la Comunidad de Madrid Asociaci\u00f3n Musical de la iglesia de San Alberto Coral San Felipe Neri Camerata Vocal Concertante (Huelva) Coro \u00c1ngel de Urcelay Coro Aretiena Coro Ars Vivendi de Sevilla Coro de C\u00e1mara An Die Musik [&hellip;]<\/p>\n","protected":false},"author":1,"featured_media":13101,"parent":11608,"menu_order":0,"comment_status":"closed","ping_status":"closed","template":"page-3-2","meta":{"_price":"","_stock":"","_tribe_ticket_header":"","_tribe_default_ticket_provider":"TEC\\Tickets\\Commerce\\Module","_tribe_ticket_capacity":"0","_ticket_start_date":"","_ticket_end_date":"","_tribe_ticket_show_description":"","_tribe_ticket_show_not_going":false,"_tribe_ticket_use_global_stock":"","_tribe_ticket_global_stock_level":"","_global_stock_mode":"","_global_stock_cap":"","_tribe_rsvp_for_event":"","_tribe_ticket_going_count":"","_tribe_ticket_not_going_count":"","_tribe_tickets_list":"[]","_tribe_ticket_has_attendee_info_fields":false,"footnotes":"","_tec_slr_enabled":"","_tec_slr_layout":""},"class_list":["post-13100","page","type-page","status-publish","has-post-thumbnail","hentry"],"aioseo_notices":[],"ticketed":false,"_links":{"self":[{"href":"https:\/\/smdesevilla.com\/principal\/wp-json\/wp\/v2\/pages\/13100","targetHints":{"allow":["GET"]}}],"collection":[{"href":"https:\/\/smdesevilla.com\/principal\/wp-json\/wp\/v2\/pages"}],"about":[{"href":"https:\/\/smdesevilla.com\/principal\/wp-json\/wp\/v2\/types\/page"}],"author":[{"embeddable":true,"href":"https:\/\/smdesevilla.com\/principal\/wp-json\/wp\/v2\/users\/1"}],"replies":[{"embeddable":true,"href":"https:\/\/smdesevilla.com\/principal\/wp-json\/wp\/v2\/comments?post=13100"}],"version-history":[{"count":3,"href":"https:\/\/smdesevilla.com\/principal\/wp-json\/wp\/v2\/pages\/13100\/revisions"}],"predecessor-version":[{"id":13104,"href":"https:\/\/smdesevilla.com\/principal\/wp-json\/wp\/v2\/pages\/13100\/revisions\/13104"}],"up":[{"embeddable":true,"href":"https:\/\/smdesevilla.com\/principal\/wp-json\/wp\/v2\/pages\/11608"}],"wp:featuredmedia":[{"embeddable":true,"href":"https:\/\/smdesevilla.com\/principal\/wp-json\/wp\/v2\/media\/13101"}],"wp:attachment":[{"href":"https:\/\/smdesevilla.com\/principal\/wp-json\/wp\/v2\/media?parent=13100"}],"curies":[{"name":"wp","href":"https:\/\/api.w.org\/{rel}","templated":true}]}}