{"id":11653,"date":"2022-11-29T12:10:57","date_gmt":"2022-11-29T11:10:57","guid":{"rendered":"https:\/\/smdesevilla.com\/principal\/?p=11653"},"modified":"2026-03-16T22:06:59","modified_gmt":"2026-03-16T21:06:59","slug":"spes-et-gaudium-2","status":"publish","type":"page","link":"https:\/\/smdesevilla.com\/principal\/trayectori\/2021-2022\/spes-et-gaudium-2\/","title":{"rendered":"SPES ET GAVDIVM"},"content":{"rendered":"<h3>ESPERANZA Y ALEGR\u00cdA \u00b7 CONCIERTOS DE NAVIDAD 2021<\/h3>\n<p>Coro de la Sociedad Musical de Sevilla<br \/>\nBart Vandewege, <em>director<\/em><\/p>\n<p>S\u00e1bado 18 de diciembre a las 20.30 horas<br \/>\nParroquia de San Carlos Borromeo<br \/>\nC\/ Pedro Salinas 1<\/p>\n<p>Domingo 19 de diciembre a las 18 horas<br \/>\nIglesia de San Alberto (PP. Filipenses)<br \/>\nC\/ Estrella 2<\/p>\n<h3>PROGRAMA<\/h3>\n<p>Ya diciembre \u00b7 <em>Tradicional<\/em><br \/>\nEs nas\u00e7ido \u00b7 <em>Pedro de Cristo (ca. 1550 &#8211; 1618)<\/em><br \/>\nMagi viderunt stellam \u00b7 <em>Tom\u00e1s Luis de Victoria (ca. 1548 &#8211; 1611)<\/em><br \/>\nApuestan zagales dos \u00b7 <em>Francisco Guerrero (1528 &#8211; 1599)<\/em><br \/>\nDios Itla\u00e7onantzine \u00b7 <em>Hernando Franco (1532 &#8211; 1585)<\/em><br \/>\nEso rigor e repente \u00b7 <em>Gaspar Fern\u00e1ndez (1565 &#8211; 1629)<\/em><br \/>\nHodie Christus natus est \u00b7 <em>Canto llano<\/em><br \/>\nA los maitines era \u00b7 <em>An\u00f3nimo<\/em><br \/>\nQuam pulchri sunt \u00b7 <em>Tom\u00e1s Luis de Victoria (ca. 1548 &#8211; 1611)<\/em><br \/>\nHombres, Victoria, Victoria \u00b7 <em>Francisco Guerrero (1528 &#8211; 1599)<\/em><br \/>\nLos campanilleros \u00b7 <em>(Tradicional andaluz)<\/em><br \/>\nVerbum caro factum est \u00b7 <em>Mateo Flecha el Viejo (1481 &#8211; 1553)<\/em><br \/>\nNi\u00f1o Dios d\u2019amor herido \u00b7 <em>Francisco Guerrero (1528 &#8211; 1599)<\/em><br \/>\nUna pandereta suena \u00b7 <em>Tradicional<\/em><br \/>\nA un ni\u00f1o llorando al yelo \u00b7 <em>Francisco Guerrero (1528 &#8211; 1599)<\/em><\/p>\n<hr \/>\n<figure class=\"wp-block-image\"><\/figure>\n<h3><strong>BART VANDEWEGE \u00b7 director<\/strong><\/h3>\n<p><a href=\"http:\/\/smdesevilla.com\/principal\/wp-content\/uploads\/BV3.jpg\" rel=\"attachment wp-att-7765\"><img loading=\"lazy\" decoding=\"async\" class=\"alignleft size-full wp-image-7765\" src=\"http:\/\/smdesevilla.com\/principal\/wp-content\/uploads\/BV3.jpg\" alt=\"BV3\" width=\"2473\" height=\"1689\" srcset=\"https:\/\/smdesevilla.com\/principal\/wp-content\/uploads\/BV3.jpg 2473w, https:\/\/smdesevilla.com\/principal\/wp-content\/uploads\/BV3-300x205.jpg 300w, https:\/\/smdesevilla.com\/principal\/wp-content\/uploads\/BV3-768x525.jpg 768w, https:\/\/smdesevilla.com\/principal\/wp-content\/uploads\/BV3-1536x1049.jpg 1536w, https:\/\/smdesevilla.com\/principal\/wp-content\/uploads\/BV3-2048x1399.jpg 2048w, https:\/\/smdesevilla.com\/principal\/wp-content\/uploads\/BV3-600x410.jpg 600w\" sizes=\"auto, (max-width: 2473px) 100vw, 2473px\" \/><\/a><\/p>\n<p>&nbsp;<\/p>\n<p>Como m\u00fasico vers\u00e1til que es, Bart Vandewege estudi\u00f3 tanto teor\u00eda musical (armon\u00eda, contrapunto, composici\u00f3n) como flauta travesera, canto y piano en distintos conservatorios de B\u00e9lgica. Movido por su enorme curiosidad, se especializ\u00f3 adem\u00e1s en m\u00fasica antigua, m\u00fasica contempor\u00e1nea y jazz.<\/p>\n<p>Con anterioridad hab\u00eda recibido clases de artes pl\u00e1sticas y escritura, disciplinas que le han servido como herramienta de inspiraci\u00f3n en la composici\u00f3n de piezas musicales para teatro, cine y danza, debido a su capacidad de crear sinestesias.<\/p>\n<p>Canta como bajo en conjuntos como Collegium Vocale Gent (Philippe Herreweghe), Amsterdam Baroque Choir (Ton Koopman), Huelgas Ensemble (Paul van Nevel), Bach Collegium Japan (Masaaki Suzuki), Il Gardellino (Marcel Ponseele), Plus Ultra (Michael Noone), La Petite Bande (Sigiswald Kuijken), Concerto K\u00f6ln, Il Giardino Armonico, Freiburger Barockorchester, bajo las \u00f3rdenes de directores como Gustav Leonhardt, Ren\u00e9 Jacobs, Thomas Hengelbrock, Robert King, Jos Van Immerseel, Alan Curtis, Roy Goodman, Christopher Hogwood, Peter Rundel, Skip Semp\u00e9, Peter Phillips y Marcus Creed, actividad que le ha llevado en gira por Europa, Estados Unidos y Asia. Asimismo, ha tomado parte en numerosas grabaciones discogr\u00e1ficas.<\/p>\n<p>Bart Vandewege compone principalmente para teatro, cine y danza, por encargo de diferentes compa\u00f1\u00edas europeas de teatro as\u00ed como de directores cinematogr\u00e1ficos, la Radio Televisi\u00f3n Belga (VRT), Les Ballets C de la B, Ars Animaci\u00f3n Espa\u00f1a\/Mexico &#8211; Film Animation Studio, entre otros.<\/p>\n<p>En sus composiciones muestra preferencia por una t\u00e9cnica inspirada en el contrapunto de los polifonistas flamencos de los siglos XVI y XVII, pero aplicada al lenguaje sonoro actual y elaborada a base de varias l\u00edneas horizontales superpuestas a modo de l\u00e1minas. Su estilo polifac\u00e9tico var\u00eda en funci\u00f3n del proyecto y de la persona que realiza el encargo, pero sus melod\u00edas-en-las-melod\u00edas, as\u00ed frecuentemente llamadas por los diletantes, son caracter\u00edsticas.<\/p>\n<p>Trabaja regularmente como director invitado y ha realizado diversas grabaciones de obras olvidadas de compositores que van desde F\u00e9tis y Lemmens hasta las del compositor americano Elliott Carter. Como asistente, ha dirigido adem\u00e1s La Chapelle Royale, el Vlaams Radio Koor, Collegium Vocale Gent, Il Gardellino y Amsterdam Baroque Choir. En 2008 fue nombrado director art\u00edstico del coro Vozes de Al Ayre Espa\u00f1ol.<\/p>\n<p>Tambi\u00e9n es director art\u00edstico del conjunto La Hispanoflamenca, especializado en la polifon\u00eda de los siglos XVI y XVII de los Pa\u00edses Bajos y la Pen\u00ednsula Ib\u00e9rica. Gustav Leonhardt, Monica Huggett y Enrico Onofri han sido directores invitados de La Hispanoflamenca.<\/p>\n<p>Bart Vandewege ha sido hasta 2004 programador de Radio3 \/ Klara (VRT Bruselas) y desarrolla una intensa actividad como productor en grabaciones sonoras, pudiendo destacar entre ellas las realizadas recientemente con m\u00fasica de Mauricio Kagel y Crist\u00f3bal Halffter.<\/p>\n<p>Su plural destreza como m\u00fasico resulta ventajosa en la supervisi\u00f3n art\u00edstica de las grabaciones, siendo su objetivo el obtener lo mejor de los int\u00e9rpretes en un tiempo limitado, permitiendo a la vez que se expresen con libertad.<\/p>\n<hr \/>\n","protected":false},"excerpt":{"rendered":"<p>ESPERANZA Y ALEGR\u00cdA \u00b7 CONCIERTOS DE NAVIDAD 2021 Coro de la Sociedad Musical de Sevilla Bart Vandewege, director S\u00e1bado 18 de diciembre a las 20.30 horas Parroquia de San Carlos Borromeo C\/ Pedro Salinas 1 Domingo 19 de diciembre a las 18 horas Iglesia de San Alberto (PP. Filipenses) C\/ Estrella 2 PROGRAMA Ya diciembre [&hellip;]<\/p>\n","protected":false},"author":1,"featured_media":11240,"parent":11622,"menu_order":1,"comment_status":"closed","ping_status":"closed","template":"page-3-2","meta":{"_price":"","_stock":"","_tribe_ticket_header":"11172","_tribe_default_ticket_provider":"Tribe__Tickets_Plus__Commerce__WooCommerce__Main","_tribe_ticket_capacity":"","_ticket_start_date":"","_ticket_end_date":"","_tribe_ticket_show_description":"","_tribe_ticket_show_not_going":false,"_tribe_ticket_use_global_stock":"","_tribe_ticket_global_stock_level":"","_global_stock_mode":"","_global_stock_cap":"","_tribe_rsvp_for_event":"","_tribe_ticket_going_count":"","_tribe_ticket_not_going_count":"","_tribe_tickets_list":"[]","_tribe_ticket_has_attendee_info_fields":false,"footnotes":"","_tec_slr_enabled":"","_tec_slr_layout":""},"class_list":["post-11653","page","type-page","status-publish","has-post-thumbnail","hentry"],"aioseo_notices":[],"ticketed":false,"_links":{"self":[{"href":"https:\/\/smdesevilla.com\/principal\/wp-json\/wp\/v2\/pages\/11653","targetHints":{"allow":["GET"]}}],"collection":[{"href":"https:\/\/smdesevilla.com\/principal\/wp-json\/wp\/v2\/pages"}],"about":[{"href":"https:\/\/smdesevilla.com\/principal\/wp-json\/wp\/v2\/types\/page"}],"author":[{"embeddable":true,"href":"https:\/\/smdesevilla.com\/principal\/wp-json\/wp\/v2\/users\/1"}],"replies":[{"embeddable":true,"href":"https:\/\/smdesevilla.com\/principal\/wp-json\/wp\/v2\/comments?post=11653"}],"version-history":[{"count":3,"href":"https:\/\/smdesevilla.com\/principal\/wp-json\/wp\/v2\/pages\/11653\/revisions"}],"predecessor-version":[{"id":13088,"href":"https:\/\/smdesevilla.com\/principal\/wp-json\/wp\/v2\/pages\/11653\/revisions\/13088"}],"up":[{"embeddable":true,"href":"https:\/\/smdesevilla.com\/principal\/wp-json\/wp\/v2\/pages\/11622"}],"wp:featuredmedia":[{"embeddable":true,"href":"https:\/\/smdesevilla.com\/principal\/wp-json\/wp\/v2\/media\/11240"}],"wp:attachment":[{"href":"https:\/\/smdesevilla.com\/principal\/wp-json\/wp\/v2\/media?parent=11653"}],"curies":[{"name":"wp","href":"https:\/\/api.w.org\/{rel}","templated":true}]}}