{"id":11651,"date":"2022-11-29T12:02:40","date_gmt":"2022-11-29T11:02:40","guid":{"rendered":"https:\/\/smdesevilla.com\/principal\/?p=11651"},"modified":"2026-03-16T22:06:59","modified_gmt":"2026-03-16T21:06:59","slug":"matthauspassion-2","status":"publish","type":"page","link":"https:\/\/smdesevilla.com\/principal\/trayectori\/2019-2020\/matthauspassion-2\/","title":{"rendered":"MATTH\u00c4US\u2014PASSION"},"content":{"rendered":"<h3>CONCIERTOS<\/h3>\r\nS\u00e1bado 7 de marzo de 2020 \u00b7 20:30 h.\r\nParroquia de San Carlos Borromeo\r\nC\/ Pedro Salinas, 1\r\n\r\nDomingo 8 de marzo de 2020 \u00b7 20:30 h.\r\nEspacio Turina\r\nC\/ Lara\u00f1a, 4\r\n\r\n<strong>Heinrich Sch\u00fctz | Johann Sebastian Bach\r\n<\/strong><strong>MATTH\u00c4US\u2014PASSION: eine nicht-historische <del>re<\/del>konstruktion<\/strong>\r\n\r\nCoro de la Sociedad Musical de Sevilla\r\n\r\nStephan G\u00e4hler \u00b7 Tenor\r\nDavid Lagares \u00b7 Bajo\r\n\r\nJos\u00e9 Luis Sosa \u00b7 Violone\r\nAn\u00edbal Soriano \u00b7 Tiorba\r\nChano Robles \u00b7 \u00d3rgano\r\n\r\nBART VANDEWEGE \u00b7 DIRECTOR\r\n\r\n&nbsp;\r\n\r\n<hr \/>\r\n\r\n<a href=\"http:\/\/smdesevilla.com\/principal\/wp-content\/uploads\/BV3.jpg\" rel=\"attachment wp-att-7765\"><img loading=\"lazy\" decoding=\"async\" class=\"alignleft wp-image-7765\" style=\"float: left; padding-right: 30px;\" src=\"http:\/\/smdesevilla.com\/principal\/wp-content\/uploads\/BV3.jpg\" alt=\"BV3\" width=\"832\" height=\"568\" srcset=\"https:\/\/smdesevilla.com\/principal\/wp-content\/uploads\/BV3.jpg 2473w, https:\/\/smdesevilla.com\/principal\/wp-content\/uploads\/BV3-300x205.jpg 300w, https:\/\/smdesevilla.com\/principal\/wp-content\/uploads\/BV3-768x525.jpg 768w, https:\/\/smdesevilla.com\/principal\/wp-content\/uploads\/BV3-1536x1049.jpg 1536w, https:\/\/smdesevilla.com\/principal\/wp-content\/uploads\/BV3-2048x1399.jpg 2048w, https:\/\/smdesevilla.com\/principal\/wp-content\/uploads\/BV3-600x410.jpg 600w\" sizes=\"auto, (max-width: 832px) 100vw, 832px\" \/><\/a>Como m\u00fasico vers\u00e1til que es, <strong>Bart Vandewege<\/strong> estudi\u00f3 tanto teor\u00eda musical (armon\u00eda, contrapunto, composici\u00f3n) como flauta travesera, canto y piano en distintos conservatorios de B\u00e9lgica. Movido por su enorme curiosidad, se especializ\u00f3 adem\u00e1s en m\u00fasica antigua, m\u00fasica contempor\u00e1nea y jazz.\r\n\r\nCon anterioridad hab\u00eda recibido clases de artes pl\u00e1sticas y escritura, disciplinas que le han servido como herramienta de inspiraci\u00f3n en la composici\u00f3n de piezas musicales para teatro, cine y danza, debido a su capacidad de crear sinestesias.\r\n\r\nCanta como bajo en conjuntos como Collegium Vocale Gent (Philippe Herreweghe), Amsterdam Baroque Choir (Ton Koopman), Huelgas Ensemble (Paul van Nevel), Bach Collegium Japan (Masaaki Suzuki), Il Gardellino (Marcel Ponseele), Plus Ultra (Michael Noone), La Petite Bande (Sigiswald Kuijken), Concerto K\u00f6ln, Il Giardino Armonico, Freiburger Barockorchester, bajo las \u00f3rdenes de directores como Gustav Leonhardt, Ren\u00e9 Jacobs, Thomas Hengelbrock, Robert King, Jos Van Immerseel, Alan Curtis, Roy Goodman, Christopher Hogwood, Peter Rundel, Skip Semp\u00e9, Peter Phillips y Marcus Creed, actividad que le ha llevado en gira por Europa, Estados Unidos y Asia. Asimismo, ha tomado parte en numerosas grabaciones discogr\u00e1ficas.\r\n\r\nBart Vandewege compone principalmente para teatro, cine y danza, por encargo de diferentes compa\u00f1\u00edas europeas de teatro as\u00ed como de directores cinematogr\u00e1ficos, la Radio Televisi\u00f3n Belga (VRT), Les Ballets C de la B, Ars Animaci\u00f3n Espa\u00f1a\/Mexico &#8211; Film Animation Studio, entre otros.\r\n\r\nEn sus composiciones muestra preferencia por una t\u00e9cnica inspirada en el contrapunto de los polifonistas flamencos de los siglos XVI y XVII, pero aplicada al lenguaje sonoro actual y elaborada a base de varias l\u00edneas horizontales superpuestas a modo de l\u00e1minas. Su estilo polifac\u00e9tico var\u00eda en funci\u00f3n del proyecto y de la persona que realiza el encargo, pero sus melod\u00edas-en-las-melod\u00edas, as\u00ed frecuentemente llamadas por los diletantes, son caracter\u00edsticas.\r\n\r\nTrabaja regularmente como director invitado y ha realizado diversas grabaciones de obras olvidadas de compositores que van desde F\u00e9tis y Lemmens hasta las del compositor americano Elliott Carter. Como asistente, ha dirigido adem\u00e1s La Chapelle Royale, el Vlaams Radio Koor, Collegium Vocale Gent, Il Gardellino y Amsterdam Baroque Choir. En 2008 fue nombrado director art\u00edstico del coro Vozes de Al Ayre Espa\u00f1ol.\r\n\r\nTambi\u00e9n es director art\u00edstico del conjunto La Hispanoflamenca, especializado en la polifon\u00eda de los siglos XVI y XVII de los Pa\u00edses Bajos y la Pen\u00ednsula Ib\u00e9rica. Gustav Leonhardt, Monica Huggett y Enrico Onofri han sido directores invitados de La Hispanoflamenca.\r\n\r\nBart Vandewege ha sido hasta 2004 programador de Radio3 \/ Klara (VRT Bruselas) y desarrolla una intensa actividad como productor en grabaciones sonoras, pudiendo destacar entre ellas las realizadas recientemente con m\u00fasica de Mauricio Kagel y Crist\u00f3bal Halffter.\r\n\r\nSu plural destreza como m\u00fasico resulta ventajosa en la supervisi\u00f3n art\u00edstica de las grabaciones, siendo su objetivo el obtener lo mejor de los int\u00e9rpretes en un tiempo limitado, permitiendo a la vez que se expresen con libertad.\r\n\r\n<hr \/>\r\n\r\n&nbsp;\r\n<div class=\"wp-block-column\"><\/div>\r\n<!-- \/wp:post-content -->\r\n\r\n&nbsp;\r\n\r\n<!-- \/wp:columns --><!-- \/wp:freeform -->","protected":false},"excerpt":{"rendered":"<p>CONCIERTOS S\u00e1bado 7 de marzo de 2020 \u00b7 20:30 h. Parroquia de San Carlos Borromeo C\/ Pedro Salinas, 1 Domingo 8 de marzo de 2020 \u00b7 20:30 h. Espacio Turina C\/ Lara\u00f1a, 4 Heinrich Sch\u00fctz | Johann Sebastian Bach MATTH\u00c4US\u2014PASSION: eine nicht-historische rekonstruktion Coro de la Sociedad Musical de Sevilla Stephan G\u00e4hler \u00b7 Tenor David [&hellip;]<\/p>\n","protected":false},"author":1,"featured_media":8830,"parent":11618,"menu_order":0,"comment_status":"open","ping_status":"open","template":"page-3-2","meta":{"_price":"","_stock":"","_tribe_ticket_header":"","_tribe_default_ticket_provider":"TEC\\Tickets\\Commerce\\Module","_tribe_ticket_capacity":"0","_ticket_start_date":"","_ticket_end_date":"","_tribe_ticket_show_description":"","_tribe_ticket_show_not_going":false,"_tribe_ticket_use_global_stock":"","_tribe_ticket_global_stock_level":"","_global_stock_mode":"","_global_stock_cap":"","_tribe_rsvp_for_event":"","_tribe_ticket_going_count":"","_tribe_ticket_not_going_count":"","_tribe_tickets_list":"[]","_tribe_ticket_has_attendee_info_fields":false,"footnotes":"","_tec_slr_enabled":"","_tec_slr_layout":""},"class_list":["post-11651","page","type-page","status-publish","has-post-thumbnail","hentry"],"aioseo_notices":[],"ticketed":false,"_links":{"self":[{"href":"https:\/\/smdesevilla.com\/principal\/wp-json\/wp\/v2\/pages\/11651","targetHints":{"allow":["GET"]}}],"collection":[{"href":"https:\/\/smdesevilla.com\/principal\/wp-json\/wp\/v2\/pages"}],"about":[{"href":"https:\/\/smdesevilla.com\/principal\/wp-json\/wp\/v2\/types\/page"}],"author":[{"embeddable":true,"href":"https:\/\/smdesevilla.com\/principal\/wp-json\/wp\/v2\/users\/1"}],"replies":[{"embeddable":true,"href":"https:\/\/smdesevilla.com\/principal\/wp-json\/wp\/v2\/comments?post=11651"}],"version-history":[{"count":5,"href":"https:\/\/smdesevilla.com\/principal\/wp-json\/wp\/v2\/pages\/11651\/revisions"}],"predecessor-version":[{"id":13164,"href":"https:\/\/smdesevilla.com\/principal\/wp-json\/wp\/v2\/pages\/11651\/revisions\/13164"}],"up":[{"embeddable":true,"href":"https:\/\/smdesevilla.com\/principal\/wp-json\/wp\/v2\/pages\/11618"}],"wp:featuredmedia":[{"embeddable":true,"href":"https:\/\/smdesevilla.com\/principal\/wp-json\/wp\/v2\/media\/8830"}],"wp:attachment":[{"href":"https:\/\/smdesevilla.com\/principal\/wp-json\/wp\/v2\/media?parent=11651"}],"curies":[{"name":"wp","href":"https:\/\/api.w.org\/{rel}","templated":true}]}}