{"id":11641,"date":"2022-11-29T11:58:03","date_gmt":"2022-11-29T10:58:03","guid":{"rendered":"https:\/\/smdesevilla.com\/principal\/?p=11641"},"modified":"2026-03-16T22:06:58","modified_gmt":"2026-03-16T21:06:58","slug":"infinitum-2","status":"publish","type":"page","link":"https:\/\/smdesevilla.com\/principal\/trayectori\/2018-2019\/infinitum-2\/","title":{"rendered":"INFINITUM"},"content":{"rendered":"<h3>CONCIERTOS<\/h3>\r\n<!-- \/wp:post-content -->\r\n\r\n<!-- wp:paragraph -->\r\n<p>S\u00e1bado 25 de mayo de 2019 \u00b7 21.00 horas<br \/>Iglesia de San Juan de la Palma \u00b7 C\/ Feria, 2<\/p>\r\n<!-- \/wp:paragraph -->\r\n\r\n<!-- wp:paragraph -->\r\n<p>Domingo 26 de mayo de 2019 \u00b7 18.00 horas<br \/>Iglesia del Colegio Portaceli \u00b7 C\/ Eduardo Dato, 20<\/p>\r\n<!-- \/wp:paragraph -->\r\n<h3>PROGRAMA<\/h3>\r\n<p><em>Requiem a 6: Introitus<\/em>\u00a0\u00b7Manuel Cardoso (1566 \u2013 1650)<br \/><em>How they so softly rest <\/em>\u00b7 Healey Willan (1880 \u2013 1968)<br \/><em>Libera nos \u00b7 <\/em>John Sheppard (ca. 1515 \u2013 1558)<br \/><em>In pace in idipsum \u00b7 <\/em>Thomas Tallis (1505 \u2013 1585)<br \/><em>Magnificat + Nunc dimittis <\/em>\u00b7 \u0112riks E\u0161envalds (1977)<br \/><em>Nocturnes <\/em>\u00b7 <em>Morten Lauridsen <\/em>(1943)<\/p>\r\n<ol>\r\n<li><em>Sa nuit d\u2019\u00c9t\u00e9 (Rainer Maria Rilke)<\/em><\/li>\r\n<li><em>Soneto de la noche (Pablo Neruda)<\/em><\/li>\r\n<li><em>Sure on this shining night (James Agee)<\/em><\/li>\r\n<li><em>Epilogue: Voici le soir (Rilke)<\/em><\/li>\r\n<\/ol>\r\n<p><em>The seal lullaby<\/em> &amp; <em>Lux Aurumque \u00b7 <\/em>Eric Whitacre (1970)<br \/><em>Stars <\/em>\u00b7 \u0112riks E\u0161envalds (1977)<\/p>\r\n<!-- wp:heading {\"level\":3} \/-->\r\n\r\n<!-- wp:paragraph -->\r\n<p>Coro de la Sociedad Musical de Sevilla<br \/>Chano Robles Mures, <em>piano<\/em><\/p>\r\n<!-- \/wp:paragraph -->\r\n\r\n<!-- wp:paragraph -->\r\n<p>Pedro TEIXEIRA, <em>director<\/em><\/p>\r\n<hr \/><!-- \/wp:paragraph -->\r\n\r\n<!-- wp:columns -->\r\n<div class=\"wp-block-columns has-2-columns\"><!-- wp:column -->\r\n<div class=\"wp-block-column\"><!-- wp:image {\"id\":7951} -->\r\n<figure class=\"wp-block-image\"><img loading=\"lazy\" decoding=\"async\" class=\"alignleft wp-image-7951\" src=\"https:\/\/smdesevilla.com\/principal\/wp-content\/uploads\/Pedro-Teixeira-2017-1-683x1024.jpg\" alt=\"\" width=\"550\" height=\"825\" \/><\/figure>\r\n<!-- \/wp:image --><\/div>\r\n<!-- \/wp:column -->\r\n\r\n<!-- wp:column -->\r\n<div class=\"wp-block-column\"><!-- wp:paragraph -->\r\n<p><strong>Pedro Teixeira<\/strong> naci\u00f3 en Lisboa. Tiene un M\u00e1ster en direcci\u00f3n coral por la Escola Superior de M\u00fasica de Lisboa, ganando mucha de su experiencia performativa como director del Grupo Coral de Queluz (2000-12) y de Eborae Musica (1997-2013).<\/p>\r\n<!-- \/wp:paragraph -->\r\n\r\n<!-- wp:paragraph -->\r\n<p>Desde entonces, es conocido en el mundo coral por sus actuaciones perspicaces y sensibles. Pedro se ha especializado en construir y mantener el sonido nuclear, la pureza de emisi\u00f3n vocal y musicalidad de los coros con quien trabaja.<\/p>\r\n<!-- \/wp:paragraph -->\r\n\r\n<!-- wp:paragraph -->\r\n<p>De 2012 hasta 2017 ha sido el director titular del Coro de la Comunidad de Madrid, adonde adem\u00e1s de preparar obras sinf\u00f3nicas, desarroll\u00f3 el trabajo de refinamiento del sonido del coro a trav\u00e9s de un trabajo regular de empaste y afinaci\u00f3n, por intermedio de una programaci\u00f3n de conciertos de c\u00e1mara en la sala de c\u00e1mara del Auditorio Nacional de Musica (Madrid), en lo cual el labor frecuentemente <em>a cappella<\/em> es fundamental.<\/p>\r\n<!-- \/wp:paragraph -->\r\n\r\n<!-- wp:paragraph -->\r\n<p>Su inter\u00e9s constante en la m\u00fasica antigua le llev\u00f3 a formar Officium Ensemble, un grupo profesional dedicado a la investigaci\u00f3n y la interpretaci\u00f3n de la polifon\u00eda portuguesa de los siglos XVI y XVII. Desde el a\u00f1o 2000 se ha presentado ampliamente con Officium Ensemble, ganando premios a nivel internacional (incluyendo el premio de Director m\u00e1s Prometedor de Tonen 2002, de los Pa\u00edses Bajos). Adem\u00e1s de su inter\u00e9s por la m\u00fasica renacentista, Pedro se dedica a la m\u00fasica contempor\u00e1nea y, como director del Coro Ricercare en Lisboa, presenta varios estrenos mundiales por temporada.<\/p>\r\n<!-- \/wp:paragraph -->\r\n\r\n<!-- wp:paragraph -->\r\n<p>De 2011 a 2014 ha sido frecuentemente invitado por la Fundaci\u00f3n Gulbenkian para preparar programas como director de coro invitado. De los trabajos con el Coro Gulbenkian, se destacan la Missa en Si menor de Bach, Falstaff de Verdi, Solomon de Handel y Seven Last Words from the Cross, de James MacMillan.<\/p>\r\n<!-- \/wp:paragraph -->\r\n\r\n<!-- wp:paragraph -->\r\n<p>Como cantante, Pedro ha actuado por pr\u00e1cticamente toda Europa, Estados Unidos, Sudam\u00e9rica, \u00c1frica y Reino Unido, con grupos como el Coro Gulbenkian, A Cappella Portuguesa y Coro Gregoriano de Lisboa, con lo cual sigue siendo solista.<\/p>\r\n<!-- \/wp:paragraph -->\r\n\r\n<!-- wp:paragraph -->\r\n<p>Pedro es, desde 1997, el director art\u00edstico de las Jornadas Internacionales Escuela de M\u00fasica de la Catedral de \u00c9vora y imparte varias clases magistrales y clases de verano. Esto incluye Victoria 400 en Barcelona (con Peter Phillips, Ivan Moody y Jordi Abell\u00f3), y el Curso Internacional de M\u00fasica Medieval Y Renacentista de Morella, donde dirige el departamento coral.<\/p>\r\n<!-- \/wp:paragraph -->\r\n\r\n<!-- wp:paragraph -->\r\n<p>Pedro es en este momento profesor en la Escola Superior de M\u00fasica de Lisboa, as\u00ed como en la Escola Superior de Educa\u00e7\u00e3o de Lisboa.<\/p>\r\n<!-- \/wp:paragraph -->\r\n\r\n<!-- wp:paragraph -->\r\n<p>Pedro ha preparado coros profesionales en colaboraci\u00f3n con directores como John Nelson, Joana Carneiro, V\u00edctor Pablo P\u00e9rez, Riccardo Muti, Paul McCreesh, y Lawrence Foster. Destacados recientes incluyen la Creaci\u00f3n de Haydn y War Requiem de Britten en el Auditorio Nacional de M\u00fasica (Madrid), Falstaff de Verdi en la Fundaci\u00f3n Gulbenkian (Lisboa) y el R\u00e9quiem de Verdi en el Teatro Real de Madrid.<\/p>\r\n<!-- \/wp:paragraph -->\r\n\r\n<!-- wp:paragraph -->\r\n<p>Recientemente, Pedro prepar\u00f3 en diciembre 2017 el Mes\u00edas de Handel con el Coro de la Comunidad de Madrid, y dirigi\u00f3 al Coro Gulbenkian en abril 2018, en el Gran Audit\u00f3rio de la Fundaci\u00f3n Gulbenkian, en Lisboa.<\/p>\r\n<!-- \/wp:paragraph -->\r\n\r\n<!-- wp:paragraph -->\r\n<p>En agosto 2018 dirigi\u00f3 al Officium Ensemble en los festivales de m\u00fasica antigua de Utrecht (Oude Muziek) y Antu\u00e9rpia (Laus Polyphoni\u00e6), entre otros.<\/p>\r\n<!-- \/wp:paragraph --><\/div>\r\n<!-- \/wp:column --><\/div>\r\n<!-- \/wp:columns -->","protected":false},"excerpt":{"rendered":"<p>CONCIERTOS S\u00e1bado 25 de mayo de 2019 \u00b7 21.00 horasIglesia de San Juan de la Palma \u00b7 C\/ Feria, 2 Domingo 26 de mayo de 2019 \u00b7 18.00 horasIglesia del Colegio Portaceli \u00b7 C\/ Eduardo Dato, 20 PROGRAMA Requiem a 6: Introitus\u00a0\u00b7Manuel Cardoso (1566 \u2013 1650)How they so softly rest \u00b7 Healey Willan (1880 \u2013 [&hellip;]<\/p>\n","protected":false},"author":1,"featured_media":8129,"parent":11616,"menu_order":0,"comment_status":"open","ping_status":"open","template":"page-3-2","meta":{"_price":"","_stock":"","_tribe_ticket_header":"","_tribe_default_ticket_provider":"TEC\\Tickets\\Commerce\\Module","_tribe_ticket_capacity":"0","_ticket_start_date":"","_ticket_end_date":"","_tribe_ticket_show_description":"","_tribe_ticket_show_not_going":false,"_tribe_ticket_use_global_stock":"","_tribe_ticket_global_stock_level":"","_global_stock_mode":"","_global_stock_cap":"","_tribe_rsvp_for_event":"","_tribe_ticket_going_count":"","_tribe_ticket_not_going_count":"","_tribe_tickets_list":"[]","_tribe_ticket_has_attendee_info_fields":false,"footnotes":"","_tec_slr_enabled":"","_tec_slr_layout":""},"class_list":["post-11641","page","type-page","status-publish","has-post-thumbnail","hentry"],"aioseo_notices":[],"ticketed":false,"_links":{"self":[{"href":"https:\/\/smdesevilla.com\/principal\/wp-json\/wp\/v2\/pages\/11641","targetHints":{"allow":["GET"]}}],"collection":[{"href":"https:\/\/smdesevilla.com\/principal\/wp-json\/wp\/v2\/pages"}],"about":[{"href":"https:\/\/smdesevilla.com\/principal\/wp-json\/wp\/v2\/types\/page"}],"author":[{"embeddable":true,"href":"https:\/\/smdesevilla.com\/principal\/wp-json\/wp\/v2\/users\/1"}],"replies":[{"embeddable":true,"href":"https:\/\/smdesevilla.com\/principal\/wp-json\/wp\/v2\/comments?post=11641"}],"version-history":[{"count":11,"href":"https:\/\/smdesevilla.com\/principal\/wp-json\/wp\/v2\/pages\/11641\/revisions"}],"predecessor-version":[{"id":13162,"href":"https:\/\/smdesevilla.com\/principal\/wp-json\/wp\/v2\/pages\/11641\/revisions\/13162"}],"up":[{"embeddable":true,"href":"https:\/\/smdesevilla.com\/principal\/wp-json\/wp\/v2\/pages\/11616"}],"wp:featuredmedia":[{"embeddable":true,"href":"https:\/\/smdesevilla.com\/principal\/wp-json\/wp\/v2\/media\/8129"}],"wp:attachment":[{"href":"https:\/\/smdesevilla.com\/principal\/wp-json\/wp\/v2\/media?parent=11641"}],"curies":[{"name":"wp","href":"https:\/\/api.w.org\/{rel}","templated":true}]}}