{"id":11608,"date":"2022-11-29T09:36:09","date_gmt":"2022-11-29T08:36:09","guid":{"rendered":"https:\/\/smdesevilla.com\/principal\/?page_id=11608"},"modified":"2026-03-16T22:06:58","modified_gmt":"2026-03-16T21:06:58","slug":"2017-2018","status":"publish","type":"page","link":"https:\/\/smdesevilla.com\/principal\/trayectori\/2017-2018\/","title":{"rendered":"2017-2018"},"content":{"rendered":"<h3><a href=\"?page_id=13100\" target=\"_self\" rel=\"noopener\">EL MES\u00cdAS PARTICIPATIVO<\/a><\/h3>\n<p>Real Orquesta Sinf\u00f3nica de Sevilla<\/p>\n<p>Coro de la Comunidad de Madrid<\/p>\n<p>Asociaci\u00f3n Musical de la iglesia de San Alberto<br \/>\nCoral San Felipe Neri<br \/>\nCamerata Vocal Concertante (Huelva)<br \/>\nCoro \u00c1ngel de Urcelay<br \/>\nCoro Aretiena<br \/>\nCoro Ars Vivendi de Sevilla<br \/>\nCoro de C\u00e1mara An Die Musik<br \/>\nCoro de la Universidad de Huelva<br \/>\nCoro del Ateneo de Sevilla<br \/>\nCoro Manuel de Falla del Conservatorio Superior de M\u00fasica de Sevilla<br \/>\nCoro Polif\u00f3nico Orippo<br \/>\nOrfe\u00f3n Portuense de El Puerto de Santa Mar\u00eda (C\u00e1diz)<br \/>\nOrfe\u00f3n Virgen de la Escalera de Rota (C\u00e1diz)<br \/>\nCoro de la Sociedad Musical de Sevilla<\/p>\n<p>N\u00faria Rial, <em>soprano<br \/>\n<\/em>Matthias Rexroth, <em>contratenor<br \/>\n<\/em>David Alegret, <em>tenor<br \/>\n<\/em>Enric Mart\u00ednez-Castignani, <em>bajo<\/em><\/p>\n<p>Joolz Gale, director<\/p>\n<p>Conciertos<\/p>\n<p>19 y 20 de diciembre de 2017<br \/>\nTeatro de la Maestranza<\/p>\n<h3><a href=\"?page_id=11627\" target=\"_self\" rel=\"noopener\">TALLER CON BART VANDEWEGE<\/a><\/h3>\n<p>3, 4 y 5, 10, 11 y 12 de noviembre de 2017<br \/>\nCentro C\u00edvico \u00abTejar del Mellizo\u00bb<\/p>\n<h3><a href=\"?page_id=11629\" target=\"_self\" rel=\"noopener\">MOZART \u00b7 REQUIEM<\/a><\/h3>\n<p>VANDALIA<br \/>\nCoro de la Sociedad Musical de Sevilla<br \/>\nJoven Orquesta Barroca de Sevilla<br \/>\nOrquesta Barroca del CSM \u00abManuel Castillo\u00bb de Sevilla<br \/>\nSolistas de la Orquesta Barroca de Sevilla<\/p>\n<p>Martin Schmidt, director<\/p>\n<p>Conciertos<\/p>\n<p>13 de febrero de 2018 \u00b7 Teatro \u00abLope de Vega\u00bb, Sevilla<br \/>\n14 de febrero de 2018 \u00b7 Auditorio Municipal \u00abRafael de Le\u00f3n\u00bb, Tomares<\/p>\n<h3><a href=\"?page_id=7866\" target=\"_self\" rel=\"noopener\">MONTEVERDI \u00b7 V\u00cdSPERAS<\/a><\/h3>\n<p>Cristina Bay\u00f3n, <em>soprano<\/em><br \/>\nRoc\u00edo de Frutos, <em>soprano<\/em><br \/>\nGabriel D\u00edaz, <em>alto<\/em><br \/>\nFelipe Gallegos, <em>tenor<\/em><br \/>\nAndr\u00e9s Miravete, <em>tenor<\/em><br \/>\nJes\u00fas Garc\u00eda Ar\u00e9jula, <em>bar\u00edtono<\/em><br \/>\nJavier Cuevas, <em>bajo<\/em><\/p>\n<p>ONIRIA, conjunto de m\u00fasica hist\u00f3rica<\/p>\n<p>Coro de la Sociedad Musical de Sevilla<\/p>\n<p>Pedro Teixeira, director<\/p>\n<p>Conciertos<\/p>\n<p>19 de mayo de 2018 \u00b7 Parroquia de San Carlos Borromeo \u00b7 C\/ Pedro Salinas 1<br \/>\n20 de mayo de 2018 \u00b7 Casino de la Exposici\u00f3n \u00b7 Glorieta San Diego s\/n<\/p>\n","protected":false},"excerpt":{"rendered":"<p>EL MES\u00cdAS PARTICIPATIVO Real Orquesta Sinf\u00f3nica de Sevilla Coro de la Comunidad de Madrid Asociaci\u00f3n Musical de la iglesia de San Alberto Coral San Felipe Neri Camerata Vocal Concertante (Huelva) Coro \u00c1ngel de Urcelay Coro Aretiena Coro Ars Vivendi de Sevilla Coro de C\u00e1mara An Die Musik Coro de la Universidad de Huelva Coro del [&hellip;]<\/p>\n","protected":false},"author":1,"featured_media":11609,"parent":33,"menu_order":1718,"comment_status":"closed","ping_status":"closed","template":"page-3-2","meta":{"_price":"","_stock":"","_tribe_ticket_header":"","_tribe_default_ticket_provider":"TEC\\Tickets\\Commerce\\Module","_tribe_ticket_capacity":"0","_ticket_start_date":"","_ticket_end_date":"","_tribe_ticket_show_description":"","_tribe_ticket_show_not_going":false,"_tribe_ticket_use_global_stock":"","_tribe_ticket_global_stock_level":"","_global_stock_mode":"","_global_stock_cap":"","_tribe_rsvp_for_event":"","_tribe_ticket_going_count":"","_tribe_ticket_not_going_count":"","_tribe_tickets_list":"[]","_tribe_ticket_has_attendee_info_fields":false,"footnotes":"","_tec_slr_enabled":"","_tec_slr_layout":""},"class_list":["post-11608","page","type-page","status-publish","has-post-thumbnail","hentry"],"aioseo_notices":[],"ticketed":false,"_links":{"self":[{"href":"https:\/\/smdesevilla.com\/principal\/wp-json\/wp\/v2\/pages\/11608","targetHints":{"allow":["GET"]}}],"collection":[{"href":"https:\/\/smdesevilla.com\/principal\/wp-json\/wp\/v2\/pages"}],"about":[{"href":"https:\/\/smdesevilla.com\/principal\/wp-json\/wp\/v2\/types\/page"}],"author":[{"embeddable":true,"href":"https:\/\/smdesevilla.com\/principal\/wp-json\/wp\/v2\/users\/1"}],"replies":[{"embeddable":true,"href":"https:\/\/smdesevilla.com\/principal\/wp-json\/wp\/v2\/comments?post=11608"}],"version-history":[{"count":6,"href":"https:\/\/smdesevilla.com\/principal\/wp-json\/wp\/v2\/pages\/11608\/revisions"}],"predecessor-version":[{"id":13107,"href":"https:\/\/smdesevilla.com\/principal\/wp-json\/wp\/v2\/pages\/11608\/revisions\/13107"}],"up":[{"embeddable":true,"href":"https:\/\/smdesevilla.com\/principal\/wp-json\/wp\/v2\/pages\/33"}],"wp:featuredmedia":[{"embeddable":true,"href":"https:\/\/smdesevilla.com\/principal\/wp-json\/wp\/v2\/media\/11609"}],"wp:attachment":[{"href":"https:\/\/smdesevilla.com\/principal\/wp-json\/wp\/v2\/media?parent=11608"}],"curies":[{"name":"wp","href":"https:\/\/api.w.org\/{rel}","templated":true}]}}