{"id":11132,"date":"2021-03-22T19:30:21","date_gmt":"2021-03-22T18:30:21","guid":{"rendered":"https:\/\/smdesevilla.com\/principal\/?p=11132"},"modified":"2026-04-03T20:30:23","modified_gmt":"2026-04-03T18:30:23","slug":"bohemian-rhapsody-2","status":"publish","type":"page","link":"https:\/\/smdesevilla.com\/principal\/trayectori\/2020-2021\/bohemian-rhapsody-2\/","title":{"rendered":"FUERA DE PROGRAMA: <i>LUX \u00c6TERNA<\/i>"},"content":{"rendered":"<div id=\"erdyt-69f1348763bf8\" data-id=\"D1yN6uu_5ac\" class=\"erd-youtube-responsive\" style=\"display:block;position:relative;clear:both;width:100%;max-width:100%;margin-left:auto;margin-right:auto;\"><div style=\"padding-bottom:56.25%;\"><div class=\"erd-ytplay\" id=\"erdytp-D1yN6uu_5ac-69f1348763bf8\" data-vid=\"D1yN6uu_5ac\"   data-src=\"https:\/\/www.youtube.com\/embed\/D1yN6uu_5ac?loop=1&#038;autoplay=1&#038;rel=0\" data-allowfullscreen=\"true\"><img decoding=\"async\" src=\"https:\/\/i.ytimg.com\/vi\/D1yN6uu_5ac\/hqdefault.jpg\" alt=\"YouTube Video\" \/><\/div><\/div><\/div>\n<p>&nbsp;<\/p>\n<p>El 19 de marzo de 2021 el coro de la Sociedad Musical de Sevilla ha presentado la pieza <em>Lux Aeterna,<\/em> un arreglo para coro SSATB (dos sopranos, alto, tenor y bajo) y viol\u00edn <em>obbligato <\/em>que combina partes de la letra de la misa latina de difuntos, y que toma como base la m\u00fasica de la reconocida pel\u00edcula <em>La Misi\u00f3n <\/em>(1986), obra cumbre del desaparecido m\u00fasico italiano Ennio Morricone.<\/p>\n<p>Esta es la primera producci\u00f3n que presentamos en esta temporada 2021, a la que denominamos \u00abFuera de programa\u00bb, y que constar\u00e1 de tres lanzamientos con arreglos in\u00e9ditos para coro en formato virtual. En ese sentido, la elecci\u00f3n del texto de la misa de difuntos que recrea la parte coral de esta pieza es el homenaje que realizamos a todos los afectados por la pandemia de la COVID-19, que ha obligado al cierre de teatros y presentaciones culturales en todo el mundo desde hace ya un a\u00f1o.<\/p>\n<p><em>Lux Aeterna<\/em> ha contado con la participaci\u00f3n de 30 cantantes del coro, quienes grabaron sus voces con dispositivos m\u00f3viles.<\/p>\n<p>Con este nuevo montaje, la Sociedad Musical de Sevilla sigue apostando por continuar consolidando su trabajo coral con la interpretaci\u00f3n de piezas de distintas \u00e9pocas y estilos musicales, como qued\u00f3 demostrado con el audaz montaje virtual de la famosa canci\u00f3n de la banda Queen, <a href=\"https:\/\/www.youtube.com\/watch?v=xodA4ksEw9U\"><em>Bohemian Rhapsody<\/em><\/a>, en mayo del a\u00f1o pasado.<\/p>\n","protected":false},"excerpt":{"rendered":"<p>&nbsp; El 19 de marzo de 2021 el coro de la Sociedad Musical de Sevilla ha presentado la pieza Lux Aeterna, un arreglo para coro SSATB (dos sopranos, alto, tenor y bajo) y viol\u00edn obbligato que combina partes de la letra de la misa latina de difuntos, y que toma como base la m\u00fasica de [&hellip;]<\/p>\n","protected":false},"author":1,"featured_media":11136,"parent":11620,"menu_order":1,"comment_status":"open","ping_status":"closed","template":"page-3-2","meta":{"_price":"","_stock":"","_tribe_ticket_header":"","_tribe_default_ticket_provider":"TEC\\Tickets\\Commerce\\Module","_tribe_ticket_capacity":"0","_ticket_start_date":"","_ticket_end_date":"","_tribe_ticket_show_description":"","_tribe_ticket_show_not_going":false,"_tribe_ticket_use_global_stock":"","_tribe_ticket_global_stock_level":"","_global_stock_mode":"","_global_stock_cap":"","_tribe_rsvp_for_event":"","_tribe_ticket_going_count":"","_tribe_ticket_not_going_count":"","_tribe_tickets_list":"[]","_tribe_ticket_has_attendee_info_fields":false,"footnotes":"","_tec_slr_enabled":"","_tec_slr_layout":""},"class_list":["post-11132","page","type-page","status-publish","has-post-thumbnail","hentry"],"aioseo_notices":[],"ticketed":false,"_links":{"self":[{"href":"https:\/\/smdesevilla.com\/principal\/wp-json\/wp\/v2\/pages\/11132","targetHints":{"allow":["GET"]}}],"collection":[{"href":"https:\/\/smdesevilla.com\/principal\/wp-json\/wp\/v2\/pages"}],"about":[{"href":"https:\/\/smdesevilla.com\/principal\/wp-json\/wp\/v2\/types\/page"}],"author":[{"embeddable":true,"href":"https:\/\/smdesevilla.com\/principal\/wp-json\/wp\/v2\/users\/1"}],"replies":[{"embeddable":true,"href":"https:\/\/smdesevilla.com\/principal\/wp-json\/wp\/v2\/comments?post=11132"}],"version-history":[{"count":3,"href":"https:\/\/smdesevilla.com\/principal\/wp-json\/wp\/v2\/pages\/11132\/revisions"}],"predecessor-version":[{"id":11135,"href":"https:\/\/smdesevilla.com\/principal\/wp-json\/wp\/v2\/pages\/11132\/revisions\/11135"}],"up":[{"embeddable":true,"href":"https:\/\/smdesevilla.com\/principal\/wp-json\/wp\/v2\/pages\/11620"}],"wp:featuredmedia":[{"embeddable":true,"href":"https:\/\/smdesevilla.com\/principal\/wp-json\/wp\/v2\/media\/11136"}],"wp:attachment":[{"href":"https:\/\/smdesevilla.com\/principal\/wp-json\/wp\/v2\/media?parent=11132"}],"curies":[{"name":"wp","href":"https:\/\/api.w.org\/{rel}","templated":true}]}}